{"id":425,"date":"2015-09-10T19:01:40","date_gmt":"2015-09-10T17:01:40","guid":{"rendered":"https:\/\/frank-haase-design.de\/news"},"modified":"2020-04-08T09:25:59","modified_gmt":"2020-04-08T07:25:59","slug":"news","status":"publish","type":"page","link":"https:\/\/frank-haase-design.de\/en\/news\/","title":{"rendered":"News"},"content":{"rendered":"<div class=\"fusion-fullwidth fullwidth-box fusion-builder-row-1 hundred-percent-fullwidth non-hundred-percent-height-scrolling\" style=\"--awb-border-radius-top-left:0px;--awb-border-radius-top-right:0px;--awb-border-radius-bottom-right:0px;--awb-border-radius-bottom-left:0px;--awb-overflow:visible;--awb-flex-wrap:wrap;\" ><div class=\"fusion-builder-row fusion-row\"><div class=\"fusion-layout-column fusion_builder_column fusion-builder-column-0 fusion_builder_column_1_1 1_1 fusion-one-full fusion-column-first fusion-column-last\" style=\"--awb-bg-size:cover;\"><div class=\"fusion-column-wrapper fusion-flex-column-wrapper-legacy\"><div class=\"fusion-blog-shortcode fusion-blog-shortcode-1 fusion-blog-archive fusion-blog-layout-timeline-wrapper fusion-blog-no\"><div class=\"fusion-posts-container fusion-posts-container-no fusion-no-meta-info fusion-blog-rollover\" data-pages=\"0\"><div class=\"fusion-timeline-icon\"><i class=\"awb-icon-bubbles\" style=\"color:#ebeaea;\" aria-hidden=\"true\"><\/i><\/div><div class=\"fusion-blog-layout-timeline fusion-clearfix\"><div class=\"fusion-timeline-line\" style=\"border-left:1px solid #ebeaea;border-right:1px solid #ebeaea;\"><\/div><h3 class=\"fusion-timeline-date\" style=\"background-color:#ebeaea;\">January 2026<\/h3><div class=\"fusion-collapse-month\"><article id=\"blog-1-post-4910\" style=\"border-color:#ebeaea;\" class=\"fusion-post-timeline fusion-clearfix fusion-left-column post-4910 post type-post status-publish format-standard has-post-thumbnail hentry category-news-en\">\n<div class=\"fusion-post-wrapper\" style=\"background-color:rgba(255,255,255,0);\">\n\n\t\t\t<div class=\"fusion-flexslider flexslider fusion-flexslider-loading fusion-post-slideshow\" style=\"border-color:#ebeaea;\">\n\t\t<ul class=\"slides\">\n\t\t\t\n\t\t\t\t\t\t\t\t\t\t\t\t\t\t<li><div  class=\"fusion-image-wrapper\" aria-haspopup=\"true\">\n\t\t\t\t<img decoding=\"async\" width=\"600\" height=\"300\" src=\"https:\/\/frank-haase-design.de\/wp-content\/uploads\/2026\/01\/2026-01-02_Illustration-mit-KI.jpg\" class=\"attachment-full size-full wp-post-image\" alt=\"\" srcset=\"https:\/\/frank-haase-design.de\/wp-content\/uploads\/2026\/01\/2026-01-02_Illustration-mit-KI-200x100.jpg 200w, https:\/\/frank-haase-design.de\/wp-content\/uploads\/2026\/01\/2026-01-02_Illustration-mit-KI-400x200.jpg 400w, https:\/\/frank-haase-design.de\/wp-content\/uploads\/2026\/01\/2026-01-02_Illustration-mit-KI.jpg 600w\" sizes=\"(max-width: 800px) 100vw, 40vw\" \/><div class=\"fusion-rollover\">\n\t<div class=\"fusion-rollover-content\">\n\n\t\t\t\t\t\t\t\t\t\t\n\t\t\t\t\t\t\t\t\t\t\t\t\t\t\n\t\t\t\t\t\t\t\t\n\t\t\t\t\t\t\t\t\n\t\t\t\t\t\t\t\t\t\t\t\t\t\t\t\t\t\t<a class=\"fusion-rollover-gallery\" href=\"https:\/\/frank-haase-design.de\/wp-content\/uploads\/2026\/01\/2026-01-02_Illustration-mit-KI.jpg\" data-id=\"4910\" data-rel=\"iLightbox[gallery]\" data-title=\"2026-01-02_Illustration mit KI\" data-caption=\"\">\n\t\t\t\t\t\tGallery\t\t\t\t\t<\/a>\n\t\t\t\t\t\t\t\t\t\t\t\t\t\t\n\t\t\n\t\t\t\t\t\t\t\t\n\t\t\t\t\t\t\t\t\n\t\t\n\t\t\t\t\t\t<a class=\"fusion-link-wrapper\" href=\"https:\/\/frank-haase-design.de\/en\/ai-for-illustration\/\" aria-label=\"AI for Illustration\"><\/a>\n\t<\/div>\n<\/div>\n<\/div>\n<\/li>\n\t\t\t\n\t\t\t\n\t\t\t\t\t\t\t\t\t\t\t\t\t\t\t\t\t\t\t\t\t\t\t\t\t\t\t\t\t\t\t\t\t\t\t\t\t\t\t\t\t\t\t\t\t\t\t\t\t\t\t\t\t\t\t\t\t\t\t\t\t\t\t\t\t\t\t\t<\/ul>\n\t<\/div>\n\t<div class=\"fusion-post-content-wrapper\" style=\"padding:30px 25px 20px 25px;\"><div class=\"fusion-post-content post-content\"><div class=\"fusion-timeline-circle\" style=\"background-color:#ebeaea;\"><\/div><div class=\"fusion-timeline-arrow\" style=\"color:#ebeaea;\"><\/div><h2 class=\"blog-shortcode-post-title entry-title\">AI for Illustration<\/h2><div class=\"fusion-post-content-container\"><div class=\"fusion-fullwidth fullwidth-box fusion-builder-row-1-1 nonhundred-percent-fullwidth non-hundred-percent-height-scrolling\" style=\"--awb-border-radius-top-left:0px;--awb-border-radius-top-right:0px;--awb-border-radius-bottom-right:0px;--awb-border-radius-bottom-left:0px;--awb-flex-wrap:wrap;\" ><div class=\"fusion-builder-row fusion-row\"><div class=\"fusion-layout-column fusion_builder_column fusion-builder-column-1 fusion_builder_column_1_1 1_1 fusion-one-full fusion-column-first fusion-column-last\" style=\"--awb-bg-size:cover;\"><div class=\"fusion-column-wrapper fusion-flex-column-wrapper-legacy\"><div class=\"fusion-text fusion-text-1\"><p>Image-generating AI is now so advanced that I can transform my sketches into photorealistic images. This illustration of my design &#8220;D&#8217; Marmorata&#8221; is a good example of how a pencil sketch can become a highly detailed photograph.<\/p>\n<\/div><div class=\"fusion-clearfix\"><\/div><\/div><\/div><\/div><\/div>\n<\/div><\/div><\/div><div class=\"fusion-clearfix\"><\/div><\/div>\n<\/article>\n<\/div><h3 class=\"fusion-timeline-date\" style=\"background-color:#ebeaea;\">November 2025<\/h3><div class=\"fusion-collapse-month\"><article id=\"blog-1-post-4917\" style=\"border-color:#ebeaea;\" class=\"fusion-post-timeline fusion-clearfix fusion-right-column post-4917 post type-post status-publish format-standard has-post-thumbnail hentry category-news-en\">\n<div class=\"fusion-post-wrapper\" style=\"background-color:rgba(255,255,255,0);\">\n\n\t\t\t<div class=\"fusion-flexslider flexslider fusion-flexslider-loading fusion-post-slideshow\" style=\"border-color:#ebeaea;\">\n\t\t<ul class=\"slides\">\n\t\t\t\n\t\t\t\t\t\t\t\t\t\t\t\t\t\t<li><div  class=\"fusion-image-wrapper\" aria-haspopup=\"true\">\n\t\t\t\t<img decoding=\"async\" width=\"600\" height=\"300\" src=\"https:\/\/frank-haase-design.de\/wp-content\/uploads\/2026\/01\/2025-11-23_I-love-my-PETs.jpg\" class=\"attachment-full size-full wp-post-image\" alt=\"\" srcset=\"https:\/\/frank-haase-design.de\/wp-content\/uploads\/2026\/01\/2025-11-23_I-love-my-PETs-200x100.jpg 200w, https:\/\/frank-haase-design.de\/wp-content\/uploads\/2026\/01\/2025-11-23_I-love-my-PETs-400x200.jpg 400w, https:\/\/frank-haase-design.de\/wp-content\/uploads\/2026\/01\/2025-11-23_I-love-my-PETs.jpg 600w\" sizes=\"(max-width: 800px) 100vw, 40vw\" \/><div class=\"fusion-rollover\">\n\t<div class=\"fusion-rollover-content\">\n\n\t\t\t\t\t\t\t\t\t\t\n\t\t\t\t\t\t\t\t\t\t\t\t\t\t\n\t\t\t\t\t\t\t\t\n\t\t\t\t\t\t\t\t\n\t\t\t\t\t\t\t\t\t\t\t\t\t\t\t\t\t\t<a class=\"fusion-rollover-gallery\" href=\"https:\/\/frank-haase-design.de\/wp-content\/uploads\/2026\/01\/2025-11-23_I-love-my-PETs.jpg\" data-id=\"4917\" data-rel=\"iLightbox[gallery]\" data-title=\"2025-11-23_I love my PETs\" data-caption=\"\">\n\t\t\t\t\t\tGallery\t\t\t\t\t<\/a>\n\t\t\t\t\t\t\t\t\t\t\t\t\t\t\n\t\t\n\t\t\t\t\t\t\t\t\n\t\t\t\t\t\t\t\t\n\t\t\n\t\t\t\t\t\t<a class=\"fusion-link-wrapper\" href=\"https:\/\/frank-haase-design.de\/en\/exhibition-die-neuen-the-new-2\/\" aria-label=\"Exhibition \u201cDIE NEUEN 2\u201d (THE NEW 2)\"><\/a>\n\t<\/div>\n<\/div>\n<\/div>\n<\/li>\n\t\t\t\n\t\t\t\n\t\t\t\t\t\t\t\t\t\t\t\t\t\t\t\t\t\t\t\t\t\t\t\t\t\t\t\t\t\t\t\t\t\t\t\t\t\t\t\t\t\t\t\t\t\t\t\t\t\t\t\t\t\t\t\t\t\t\t\t\t\t\t\t\t\t\t\t<\/ul>\n\t<\/div>\n\t<div class=\"fusion-post-content-wrapper\" style=\"padding:30px 25px 20px 25px;\"><div class=\"fusion-post-content post-content\"><div class=\"fusion-timeline-circle\" style=\"background-color:#ebeaea;\"><\/div><div class=\"fusion-timeline-arrow\" style=\"color:#ebeaea;\"><\/div><h2 class=\"blog-shortcode-post-title entry-title\">Exhibition \u201cDIE NEUEN 2\u201d (THE NEW 2)<\/h2><div class=\"fusion-post-content-container\"><div class=\"fusion-fullwidth fullwidth-box fusion-builder-row-1-2 nonhundred-percent-fullwidth non-hundred-percent-height-scrolling\" style=\"--awb-border-radius-top-left:0px;--awb-border-radius-top-right:0px;--awb-border-radius-bottom-right:0px;--awb-border-radius-bottom-left:0px;--awb-flex-wrap:wrap;\" ><div class=\"fusion-builder-row fusion-row\"><div class=\"fusion-layout-column fusion_builder_column fusion-builder-column-2 fusion_builder_column_1_1 1_1 fusion-one-full fusion-column-first fusion-column-last\" style=\"--awb-bg-size:cover;\"><div class=\"fusion-column-wrapper fusion-flex-column-wrapper-legacy\"><div class=\"fusion-text fusion-text-2\"><p>From November 23, 2025 to January 11, 2026, the Atelierhaus Westfalenh\u00fctte in Dortmund will host an exhibition of works by the BBK Westfalen e.V. (Professional Association of Visual Artists Westphalia). The exhibition will feature 22 works by 17 artists who have joined the association in recent years. I am participating with one of my pixel portraits and my video \u201cI love my PETs\u201d.<\/p>\n<\/div><div class=\"fusion-clearfix\"><\/div><\/div><\/div><\/div><\/div>\n<\/div><\/div><\/div><div class=\"fusion-clearfix\"><\/div><\/div>\n<\/article>\n<\/div><h3 class=\"fusion-timeline-date\" style=\"background-color:#ebeaea;\">October 2025<\/h3><div class=\"fusion-collapse-month\"><article id=\"blog-1-post-4897\" style=\"border-color:#ebeaea;\" class=\"fusion-post-timeline fusion-clearfix fusion-left-column post-4897 post type-post status-publish format-standard has-post-thumbnail hentry category-news-en\">\n<div class=\"fusion-post-wrapper\" style=\"background-color:rgba(255,255,255,0);\">\n\n\t\t\t<div class=\"fusion-flexslider flexslider fusion-flexslider-loading fusion-post-slideshow\" style=\"border-color:#ebeaea;\">\n\t\t<ul class=\"slides\">\n\t\t\t\n\t\t\t\t\t\t\t\t\t\t\t\t\t\t<li><div  class=\"fusion-image-wrapper\" aria-haspopup=\"true\">\n\t\t\t\t<img decoding=\"async\" width=\"600\" height=\"300\" src=\"https:\/\/frank-haase-design.de\/wp-content\/uploads\/2026\/01\/2025-10-29_Gemeinsame-Lesung-mit-Guenter-Rueckert.jpg\" class=\"attachment-full size-full wp-post-image\" alt=\"\" srcset=\"https:\/\/frank-haase-design.de\/wp-content\/uploads\/2026\/01\/2025-10-29_Gemeinsame-Lesung-mit-Guenter-Rueckert-200x100.jpg 200w, https:\/\/frank-haase-design.de\/wp-content\/uploads\/2026\/01\/2025-10-29_Gemeinsame-Lesung-mit-Guenter-Rueckert-400x200.jpg 400w, https:\/\/frank-haase-design.de\/wp-content\/uploads\/2026\/01\/2025-10-29_Gemeinsame-Lesung-mit-Guenter-Rueckert.jpg 600w\" sizes=\"(max-width: 800px) 100vw, 40vw\" \/><div class=\"fusion-rollover\">\n\t<div class=\"fusion-rollover-content\">\n\n\t\t\t\t\t\t\t\t\t\t\n\t\t\t\t\t\t\t\t\t\t\t\t\t\t\n\t\t\t\t\t\t\t\t\n\t\t\t\t\t\t\t\t\n\t\t\t\t\t\t\t\t\t\t\t\t\t\t\t\t\t\t<a class=\"fusion-rollover-gallery\" href=\"https:\/\/frank-haase-design.de\/wp-content\/uploads\/2026\/01\/2025-10-29_Gemeinsame-Lesung-mit-Guenter-Rueckert.jpg\" data-id=\"4897\" data-rel=\"iLightbox[gallery]\" data-title=\"2025-10-29_Gemeinsame Lesung mit G\u00fcnter R\u00fcckert\" data-caption=\"\">\n\t\t\t\t\t\tGallery\t\t\t\t\t<\/a>\n\t\t\t\t\t\t\t\t\t\t\t\t\t\t\n\t\t\n\t\t\t\t\t\t\t\t\n\t\t\t\t\t\t\t\t\n\t\t\n\t\t\t\t\t\t<a class=\"fusion-link-wrapper\" href=\"https:\/\/frank-haase-design.de\/en\/reading-with-guenter-rueckert-and-frank-haase\/\" aria-label=\"Reading with G\u00fcnter R\u00fcckert and Frank Haase\"><\/a>\n\t<\/div>\n<\/div>\n<\/div>\n<\/li>\n\t\t\t\n\t\t\t\n\t\t\t\t\t\t\t\t\t\t\t\t\t\t\t\t\t\t\t\t\t\t\t\t\t\t\t\t\t\t\t\t\t\t\t\t\t\t\t\t\t\t\t\t\t\t\t\t\t\t\t\t\t\t\t\t\t\t\t\t\t\t\t\t\t\t\t\t<\/ul>\n\t<\/div>\n\t<div class=\"fusion-post-content-wrapper\" style=\"padding:30px 25px 20px 25px;\"><div class=\"fusion-post-content post-content\"><div class=\"fusion-timeline-circle\" style=\"background-color:#ebeaea;\"><\/div><div class=\"fusion-timeline-arrow\" style=\"color:#ebeaea;\"><\/div><h2 class=\"blog-shortcode-post-title entry-title\">Reading with G\u00fcnter R\u00fcckert and Frank Haase<\/h2><div class=\"fusion-post-content-container\"><div class=\"fusion-fullwidth fullwidth-box fusion-builder-row-1-3 nonhundred-percent-fullwidth non-hundred-percent-height-scrolling\" style=\"--awb-border-radius-top-left:0px;--awb-border-radius-top-right:0px;--awb-border-radius-bottom-right:0px;--awb-border-radius-bottom-left:0px;--awb-flex-wrap:wrap;\" ><div class=\"fusion-builder-row fusion-row\"><div class=\"fusion-layout-column fusion_builder_column fusion-builder-column-3 fusion_builder_column_1_1 1_1 fusion-one-full fusion-column-first fusion-column-last\" style=\"--awb-bg-size:cover;\"><div class=\"fusion-column-wrapper fusion-flex-column-wrapper-legacy\"><div class=\"fusion-text fusion-text-3\"><p>On October 29th, a double reading took place at the Kley Gallery. G\u00fcnter R\u00fcckert read short stories from his new book &#8220;Blagen \u2013 zwischen Halde und K\u00f6ttelbecke, and I contributed some poems from my poetry collection &#8220;Lass mich Leben sp\u00fcren&#8221; (Let Me Feel Life). My very first reading \u2013 and a wonderful experience.<\/p>\n<\/div><div class=\"fusion-clearfix\"><\/div><\/div><\/div><\/div><\/div>\n<\/div><\/div><\/div><div class=\"fusion-clearfix\"><\/div><\/div>\n<\/article>\n<article id=\"blog-1-post-4903\" style=\"border-color:#ebeaea;\" class=\"fusion-post-timeline fusion-clearfix fusion-right-column post-4903 post type-post status-publish format-standard has-post-thumbnail hentry category-news-en\">\n<div class=\"fusion-post-wrapper\" style=\"background-color:rgba(255,255,255,0);\">\n\n\t\t\t<div class=\"fusion-flexslider flexslider fusion-flexslider-loading fusion-post-slideshow\" style=\"border-color:#ebeaea;\">\n\t\t<ul class=\"slides\">\n\t\t\t\n\t\t\t\t\t\t\t\t\t\t\t\t\t\t<li><div  class=\"fusion-image-wrapper\" aria-haspopup=\"true\">\n\t\t\t\t<img decoding=\"async\" width=\"600\" height=\"300\" src=\"https:\/\/frank-haase-design.de\/wp-content\/uploads\/2026\/01\/2025-10-28_Fundament-Kreiselkunstwerk.jpg\" class=\"attachment-full size-full wp-post-image\" alt=\"\" srcset=\"https:\/\/frank-haase-design.de\/wp-content\/uploads\/2026\/01\/2025-10-28_Fundament-Kreiselkunstwerk-200x100.jpg 200w, https:\/\/frank-haase-design.de\/wp-content\/uploads\/2026\/01\/2025-10-28_Fundament-Kreiselkunstwerk-400x200.jpg 400w, https:\/\/frank-haase-design.de\/wp-content\/uploads\/2026\/01\/2025-10-28_Fundament-Kreiselkunstwerk.jpg 600w\" sizes=\"(max-width: 800px) 100vw, 40vw\" \/><div class=\"fusion-rollover\">\n\t<div class=\"fusion-rollover-content\">\n\n\t\t\t\t\t\t\t\t\t\t\n\t\t\t\t\t\t\t\t\t\t\t\t\t\t\n\t\t\t\t\t\t\t\t\n\t\t\t\t\t\t\t\t\n\t\t\t\t\t\t\t\t\t\t\t\t\t\t\t\t\t\t<a class=\"fusion-rollover-gallery\" href=\"https:\/\/frank-haase-design.de\/wp-content\/uploads\/2026\/01\/2025-10-28_Fundament-Kreiselkunstwerk.jpg\" data-id=\"4903\" data-rel=\"iLightbox[gallery]\" data-title=\"2025-10-28_Fundament Kreiselkunstwerk\" data-caption=\"\">\n\t\t\t\t\t\tGallery\t\t\t\t\t<\/a>\n\t\t\t\t\t\t\t\t\t\t\t\t\t\t\n\t\t\n\t\t\t\t\t\t\t\t\n\t\t\t\t\t\t\t\t\n\t\t\n\t\t\t\t\t\t<a class=\"fusion-link-wrapper\" href=\"https:\/\/frank-haase-design.de\/en\/the-foundation-is-complete\/\" aria-label=\"The foundation is complete\"><\/a>\n\t<\/div>\n<\/div>\n<\/div>\n<\/li>\n\t\t\t\n\t\t\t\n\t\t\t\t\t\t\t\t\t\t\t\t\t\t\t\t\t\t\t\t\t\t\t\t\t\t\t\t\t\t\t\t\t\t\t\t\t\t\t\t\t\t\t\t\t\t\t\t\t\t\t\t\t\t\t\t\t\t\t\t\t\t\t\t\t\t\t\t<\/ul>\n\t<\/div>\n\t<div class=\"fusion-post-content-wrapper\" style=\"padding:30px 25px 20px 25px;\"><div class=\"fusion-post-content post-content\"><div class=\"fusion-timeline-circle\" style=\"background-color:#ebeaea;\"><\/div><div class=\"fusion-timeline-arrow\" style=\"color:#ebeaea;\"><\/div><h2 class=\"blog-shortcode-post-title entry-title\">The foundation is complete<\/h2><div class=\"fusion-post-content-container\"><div class=\"fusion-fullwidth fullwidth-box fusion-builder-row-1-4 nonhundred-percent-fullwidth non-hundred-percent-height-scrolling\" style=\"--awb-border-radius-top-left:0px;--awb-border-radius-top-right:0px;--awb-border-radius-bottom-right:0px;--awb-border-radius-bottom-left:0px;--awb-flex-wrap:wrap;\" ><div class=\"fusion-builder-row fusion-row\"><div class=\"fusion-layout-column fusion_builder_column fusion-builder-column-4 fusion_builder_column_1_1 1_1 fusion-one-full fusion-column-first fusion-column-last\" style=\"--awb-bg-size:cover;\"><div class=\"fusion-column-wrapper fusion-flex-column-wrapper-legacy\"><div class=\"fusion-text fusion-text-4\"><p>45 tons of concrete plus 4 tons of steel form the base for the roundabout artwork in Letmathe. The foundation work was completed during the autumn school holidays in North Rhine-Westphalia. The pylon with the road network map is scheduled to be erected next year.<\/p>\n<\/div><div class=\"fusion-clearfix\"><\/div><\/div><\/div><\/div><\/div>\n<\/div><\/div><\/div><div class=\"fusion-clearfix\"><\/div><\/div>\n<\/article>\n<\/div><h3 class=\"fusion-timeline-date\" style=\"background-color:#ebeaea;\">September 2025<\/h3><div class=\"fusion-collapse-month\"><article id=\"blog-1-post-4890\" style=\"border-color:#ebeaea;\" class=\"fusion-post-timeline fusion-clearfix fusion-left-column post-4890 post type-post status-publish format-standard has-post-thumbnail hentry category-news-en\">\n<div class=\"fusion-post-wrapper\" style=\"background-color:rgba(255,255,255,0);\">\n\n\t\t\t<div class=\"fusion-flexslider flexslider fusion-flexslider-loading fusion-post-slideshow\" style=\"border-color:#ebeaea;\">\n\t\t<ul class=\"slides\">\n\t\t\t\n\t\t\t\t\t\t\t\t\t\t\t\t\t\t<li><div  class=\"fusion-image-wrapper\" aria-haspopup=\"true\">\n\t\t\t\t<img decoding=\"async\" width=\"600\" height=\"300\" src=\"https:\/\/frank-haase-design.de\/wp-content\/uploads\/2026\/01\/2025-09-14_Pinsel-Pixel-und-Fragemente.jpg\" class=\"attachment-full size-full wp-post-image\" alt=\"\" srcset=\"https:\/\/frank-haase-design.de\/wp-content\/uploads\/2026\/01\/2025-09-14_Pinsel-Pixel-und-Fragemente-200x100.jpg 200w, https:\/\/frank-haase-design.de\/wp-content\/uploads\/2026\/01\/2025-09-14_Pinsel-Pixel-und-Fragemente-400x200.jpg 400w, https:\/\/frank-haase-design.de\/wp-content\/uploads\/2026\/01\/2025-09-14_Pinsel-Pixel-und-Fragemente.jpg 600w\" sizes=\"(max-width: 800px) 100vw, 40vw\" \/><div class=\"fusion-rollover\">\n\t<div class=\"fusion-rollover-content\">\n\n\t\t\t\t\t\t\t\t\t\t\n\t\t\t\t\t\t\t\t\t\t\t\t\t\t\n\t\t\t\t\t\t\t\t\n\t\t\t\t\t\t\t\t\n\t\t\t\t\t\t\t\t\t\t\t\t\t\t\t\t\t\t<a class=\"fusion-rollover-gallery\" href=\"https:\/\/frank-haase-design.de\/wp-content\/uploads\/2026\/01\/2025-09-14_Pinsel-Pixel-und-Fragemente.jpg\" data-id=\"4890\" data-rel=\"iLightbox[gallery]\" data-title=\"2025-09-14_Pinsel Pixel und Fragemente\" data-caption=\"\">\n\t\t\t\t\t\tGallery\t\t\t\t\t<\/a>\n\t\t\t\t\t\t\t\t\t\t\t\t\t\t\n\t\t\n\t\t\t\t\t\t\t\t\n\t\t\t\t\t\t\t\t\n\t\t\n\t\t\t\t\t\t<a class=\"fusion-link-wrapper\" href=\"https:\/\/frank-haase-design.de\/en\/solo-exhibition-at-galerie-kley\/\" aria-label=\"Solo Exhibition at Galerie Kley\"><\/a>\n\t<\/div>\n<\/div>\n<\/div>\n<\/li>\n\t\t\t\n\t\t\t\n\t\t\t\t\t\t\t\t\t\t\t\t\t\t\t\t\t\t\t\t\t\t\t\t\t\t\t\t\t\t\t\t\t\t\t\t\t\t\t\t\t\t\t\t\t\t\t\t\t\t\t\t\t\t\t\t\t\t\t\t\t\t\t\t\t\t\t\t<\/ul>\n\t<\/div>\n\t<div class=\"fusion-post-content-wrapper\" style=\"padding:30px 25px 20px 25px;\"><div class=\"fusion-post-content post-content\"><div class=\"fusion-timeline-circle\" style=\"background-color:#ebeaea;\"><\/div><div class=\"fusion-timeline-arrow\" style=\"color:#ebeaea;\"><\/div><h2 class=\"blog-shortcode-post-title entry-title\">Solo Exhibition at Galerie Kley<\/h2><div class=\"fusion-post-content-container\"><div class=\"fusion-fullwidth fullwidth-box fusion-builder-row-1-5 nonhundred-percent-fullwidth non-hundred-percent-height-scrolling\" style=\"--awb-border-radius-top-left:0px;--awb-border-radius-top-right:0px;--awb-border-radius-bottom-right:0px;--awb-border-radius-bottom-left:0px;--awb-flex-wrap:wrap;\" ><div class=\"fusion-builder-row fusion-row\"><div class=\"fusion-layout-column fusion_builder_column fusion-builder-column-5 fusion_builder_column_1_1 1_1 fusion-one-full fusion-column-first fusion-column-last\" style=\"--awb-bg-size:cover;\"><div class=\"fusion-column-wrapper fusion-flex-column-wrapper-legacy\"><div class=\"fusion-text fusion-text-5\"><p>My next solo show will take place at Galerie Kley in Hamm from September 14th to October 23rd. Titled \u201cPinsel, Pixel und Fragmente\u201d (Brushes, Pixels and Fragments), the exhibition will showcase a wide range of my work: shadow paintings, acrylic paintings, abstract portraits, pixel art, sculptures, ink drawings, and a kinetic artwork.<\/p>\n<\/div><div class=\"fusion-clearfix\"><\/div><\/div><\/div><\/div><\/div>\n<\/div><\/div><\/div><div class=\"fusion-clearfix\"><\/div><\/div>\n<\/article>\n<\/div><h3 class=\"fusion-timeline-date\" style=\"background-color:#ebeaea;\">June 2025<\/h3><div class=\"fusion-collapse-month\"><article id=\"blog-1-post-4882\" style=\"border-color:#ebeaea;\" class=\"fusion-post-timeline fusion-clearfix fusion-right-column post-4882 post type-post status-publish format-standard has-post-thumbnail hentry category-news-en\">\n<div class=\"fusion-post-wrapper\" style=\"background-color:rgba(255,255,255,0);\">\n\n\t\t\t<div class=\"fusion-flexslider flexslider fusion-flexslider-loading fusion-post-slideshow\" style=\"border-color:#ebeaea;\">\n\t\t<ul class=\"slides\">\n\t\t\t\n\t\t\t\t\t\t\t\t\t\t\t\t\t\t<li><div  class=\"fusion-image-wrapper\" aria-haspopup=\"true\">\n\t\t\t\t<img decoding=\"async\" width=\"600\" height=\"300\" src=\"https:\/\/frank-haase-design.de\/wp-content\/uploads\/2026\/01\/2025-06-08_Reliefbild_Taenzerin-1.jpg\" class=\"attachment-full size-full wp-post-image\" alt=\"\" srcset=\"https:\/\/frank-haase-design.de\/wp-content\/uploads\/2026\/01\/2025-06-08_Reliefbild_Taenzerin-1-200x100.jpg 200w, https:\/\/frank-haase-design.de\/wp-content\/uploads\/2026\/01\/2025-06-08_Reliefbild_Taenzerin-1-400x200.jpg 400w, https:\/\/frank-haase-design.de\/wp-content\/uploads\/2026\/01\/2025-06-08_Reliefbild_Taenzerin-1.jpg 600w\" sizes=\"(max-width: 800px) 100vw, 40vw\" \/><div class=\"fusion-rollover\">\n\t<div class=\"fusion-rollover-content\">\n\n\t\t\t\t\t\t\t\t\t\t\n\t\t\t\t\t\t\t\t\t\t\t\t\t\t\n\t\t\t\t\t\t\t\t\n\t\t\t\t\t\t\t\t\n\t\t\t\t\t\t\t\t\t\t\t\t\t\t\t\t\t\t<a class=\"fusion-rollover-gallery\" href=\"https:\/\/frank-haase-design.de\/wp-content\/uploads\/2026\/01\/2025-06-08_Reliefbild_Taenzerin-1.jpg\" data-id=\"4882\" data-rel=\"iLightbox[gallery]\" data-title=\"2025-06-08_Reliefbild_T\u00e4nzerin\" data-caption=\"\">\n\t\t\t\t\t\tGallery\t\t\t\t\t<\/a>\n\t\t\t\t\t\t\t\t\t\t\t\t\t\t\n\t\t\n\t\t\t\t\t\t\t\t\n\t\t\t\t\t\t\t\t\n\t\t\n\t\t\t\t\t\t<a class=\"fusion-link-wrapper\" href=\"https:\/\/frank-haase-design.de\/en\/new-series-of-works-relief-pictures\/\" aria-label=\"New series of works: \u201cRelief Pictures\u201d\"><\/a>\n\t<\/div>\n<\/div>\n<\/div>\n<\/li>\n\t\t\t\n\t\t\t\n\t\t\t\t\t\t\t\t\t\t\t\t\t\t\t\t\t\t\t\t\t\t\t\t\t\t\t\t\t\t\t\t\t\t\t\t\t\t\t\t\t\t\t\t\t\t\t\t\t\t\t\t\t\t\t\t\t\t\t\t\t\t\t\t\t\t\t\t<\/ul>\n\t<\/div>\n\t<div class=\"fusion-post-content-wrapper\" style=\"padding:30px 25px 20px 25px;\"><div class=\"fusion-post-content post-content\"><div class=\"fusion-timeline-circle\" style=\"background-color:#ebeaea;\"><\/div><div class=\"fusion-timeline-arrow\" style=\"color:#ebeaea;\"><\/div><h2 class=\"blog-shortcode-post-title entry-title\">New series of works: \u201cRelief Pictures\u201d<\/h2><div class=\"fusion-post-content-container\"><div class=\"fusion-fullwidth fullwidth-box fusion-builder-row-1-6 nonhundred-percent-fullwidth non-hundred-percent-height-scrolling\" style=\"--awb-border-radius-top-left:0px;--awb-border-radius-top-right:0px;--awb-border-radius-bottom-right:0px;--awb-border-radius-bottom-left:0px;--awb-flex-wrap:wrap;\" ><div class=\"fusion-builder-row fusion-row\"><div class=\"fusion-layout-column fusion_builder_column fusion-builder-column-6 fusion_builder_column_1_1 1_1 fusion-one-full fusion-column-first fusion-column-last\" style=\"--awb-bg-size:cover;\"><div class=\"fusion-column-wrapper fusion-flex-column-wrapper-legacy\"><div class=\"fusion-text fusion-text-6\"><p>My new \u201cRelief Pictures\u201d are hand-printed 3D prints. The three-dimensional sketches are applied to backgrounds with artificial shadows. This gives the motifs a similarly high degree of depth and three-dimensionality to my shadow pictures, making them appear to float freely in front of the frame.<\/p>\n<\/div><div class=\"fusion-clearfix\"><\/div><\/div><\/div><\/div><\/div>\n<\/div><\/div><\/div><div class=\"fusion-clearfix\"><\/div><\/div>\n<\/article>\n<\/div><h3 class=\"fusion-timeline-date\" style=\"background-color:#ebeaea;\">October 2024<\/h3><div class=\"fusion-collapse-month\"><article id=\"blog-1-post-3738\" style=\"border-color:#ebeaea;\" class=\"fusion-post-timeline fusion-clearfix fusion-left-column post-3738 post type-post status-publish format-standard has-post-thumbnail hentry category-news-en\">\n<div class=\"fusion-post-wrapper\" style=\"background-color:rgba(255,255,255,0);\">\n\n\t\t\t<div class=\"fusion-flexslider flexslider fusion-flexslider-loading fusion-post-slideshow\" style=\"border-color:#ebeaea;\">\n\t\t<ul class=\"slides\">\n\t\t\t\n\t\t\t\t\t\t\t\t\t\t\t\t\t\t<li><div  class=\"fusion-image-wrapper\" aria-haspopup=\"true\">\n\t\t\t\t<img decoding=\"async\" width=\"600\" height=\"300\" src=\"https:\/\/frank-haase-design.de\/wp-content\/uploads\/2024\/10\/2024_Weltkugelbaum-Leuchter-D\u00fcsseldorf-1.jpg\" class=\"attachment-full size-full wp-post-image\" alt=\"\" srcset=\"https:\/\/frank-haase-design.de\/wp-content\/uploads\/2024\/10\/2024_Weltkugelbaum-Leuchter-D\u00fcsseldorf-1-200x100.jpg 200w, https:\/\/frank-haase-design.de\/wp-content\/uploads\/2024\/10\/2024_Weltkugelbaum-Leuchter-D\u00fcsseldorf-1-400x200.jpg 400w, https:\/\/frank-haase-design.de\/wp-content\/uploads\/2024\/10\/2024_Weltkugelbaum-Leuchter-D\u00fcsseldorf-1.jpg 600w\" sizes=\"(max-width: 800px) 100vw, 40vw\" \/><div class=\"fusion-rollover\">\n\t<div class=\"fusion-rollover-content\">\n\n\t\t\t\t\t\t\t\t\t\t\n\t\t\t\t\t\t\t\t\t\t\t\t\t\t\n\t\t\t\t\t\t\t\t\n\t\t\t\t\t\t\t\t\n\t\t\t\t\t\t\t\t\t\t\t\t\t\t\t\t\t\t<a class=\"fusion-rollover-gallery\" href=\"https:\/\/frank-haase-design.de\/wp-content\/uploads\/2024\/10\/2024_Weltkugelbaum-Leuchter-D\u00fcsseldorf-1.jpg\" data-id=\"3738\" data-rel=\"iLightbox[gallery]\" data-title=\"2024_Weltkugelbaum Leuchter D\u00fcsseldorf\" data-caption=\"\">\n\t\t\t\t\t\tGallery\t\t\t\t\t<\/a>\n\t\t\t\t\t\t\t\t\t\t\t\t\t\t\n\t\t\n\t\t\t\t\t\t\t\t\n\t\t\t\t\t\t\t\t\n\t\t\n\t\t\t\t\t\t<a class=\"fusion-link-wrapper\" href=\"https:\/\/frank-haase-design.de\/en\/globe-tree-chandelier-for-duesseldorf\/\" aria-label=\"Globe tree chandelier for D\u00fcsseldorf\"><\/a>\n\t<\/div>\n<\/div>\n<\/div>\n<\/li>\n\t\t\t\n\t\t\t\n\t\t\t\t\t\t\t\t\t\t\t\t\t\t\t\t\t\t\t\t\t\t\t\t\t\t\t\t\t\t\t\t\t\t\t\t\t\t\t\t\t\t\t\t\t\t\t\t\t\t\t\t\t\t\t\t\t\t\t\t\t\t\t\t\t\t\t\t<\/ul>\n\t<\/div>\n\t<div class=\"fusion-post-content-wrapper\" style=\"padding:30px 25px 20px 25px;\"><div class=\"fusion-post-content post-content\"><div class=\"fusion-timeline-circle\" style=\"background-color:#ebeaea;\"><\/div><div class=\"fusion-timeline-arrow\" style=\"color:#ebeaea;\"><\/div><h2 class=\"blog-shortcode-post-title entry-title\">Globe tree chandelier for D\u00fcsseldorf<\/h2><div class=\"fusion-post-content-container\"><div class=\"fusion-fullwidth fullwidth-box fusion-builder-row-1-7 nonhundred-percent-fullwidth non-hundred-percent-height-scrolling\" style=\"--awb-border-radius-top-left:0px;--awb-border-radius-top-right:0px;--awb-border-radius-bottom-right:0px;--awb-border-radius-bottom-left:0px;--awb-flex-wrap:wrap;\" ><div class=\"fusion-builder-row fusion-row\"><div class=\"fusion-layout-column fusion_builder_column fusion-builder-column-7 fusion_builder_column_1_1 1_1 fusion-one-full fusion-column-first fusion-column-last\" style=\"--awb-bg-size:cover;\"><div class=\"fusion-column-wrapper fusion-flex-column-wrapper-legacy\"><div class=\"fusion-text fusion-text-7\"><p>The globe tree chandelier has been standing in the Jonakirche in D\u00fcsseldorf-Lohausen since the beginning of October. It offers space for the Easter candle inside and space for 68 tea lights at its lines of latitude. Despite its size and considerable weight, it can easily be moved around the room by a single person. Its base is equipped with two heavy-duty castors and a Teflon glider.<\/p>\n<\/div><div class=\"fusion-clearfix\"><\/div><\/div><\/div><\/div><\/div>\n<\/div><\/div><\/div><div class=\"fusion-clearfix\"><\/div><\/div>\n<\/article>\n<\/div><h3 class=\"fusion-timeline-date\" style=\"background-color:#ebeaea;\">September 2024<\/h3><div class=\"fusion-collapse-month\"><article id=\"blog-1-post-3744\" style=\"border-color:#ebeaea;\" class=\"fusion-post-timeline fusion-clearfix fusion-right-column post-3744 post type-post status-publish format-standard has-post-thumbnail hentry category-news-en\">\n<div class=\"fusion-post-wrapper\" style=\"background-color:rgba(255,255,255,0);\">\n\n\t\t\t<div class=\"fusion-flexslider flexslider fusion-flexslider-loading fusion-post-slideshow\" style=\"border-color:#ebeaea;\">\n\t\t<ul class=\"slides\">\n\t\t\t\n\t\t\t\t\t\t\t\t\t\t\t\t\t\t<li><div  class=\"fusion-image-wrapper\" aria-haspopup=\"true\">\n\t\t\t\t<img decoding=\"async\" width=\"600\" height=\"300\" src=\"https:\/\/frank-haase-design.de\/wp-content\/uploads\/2024\/10\/2024_Schmuck-aus-PMMA-1.jpg\" class=\"attachment-full size-full wp-post-image\" alt=\"\" srcset=\"https:\/\/frank-haase-design.de\/wp-content\/uploads\/2024\/10\/2024_Schmuck-aus-PMMA-1-200x100.jpg 200w, https:\/\/frank-haase-design.de\/wp-content\/uploads\/2024\/10\/2024_Schmuck-aus-PMMA-1-400x200.jpg 400w, https:\/\/frank-haase-design.de\/wp-content\/uploads\/2024\/10\/2024_Schmuck-aus-PMMA-1.jpg 600w\" sizes=\"(max-width: 800px) 100vw, 40vw\" \/><div class=\"fusion-rollover\">\n\t<div class=\"fusion-rollover-content\">\n\n\t\t\t\t\t\t\t\t\t\t\n\t\t\t\t\t\t\t\t\t\t\t\t\t\t\n\t\t\t\t\t\t\t\t\n\t\t\t\t\t\t\t\t\n\t\t\t\t\t\t\t\t\t\t\t\t\t\t\t\t\t\t<a class=\"fusion-rollover-gallery\" href=\"https:\/\/frank-haase-design.de\/wp-content\/uploads\/2024\/10\/2024_Schmuck-aus-PMMA-1.jpg\" data-id=\"3744\" data-rel=\"iLightbox[gallery]\" data-title=\"2024_Schmuck aus PMMA\" data-caption=\"\">\n\t\t\t\t\t\tGallery\t\t\t\t\t<\/a>\n\t\t\t\t\t\t\t\t\t\t\t\t\t\t\n\t\t\n\t\t\t\t\t\t\t\t\n\t\t\t\t\t\t\t\t\n\t\t\n\t\t\t\t\t\t<a class=\"fusion-link-wrapper\" href=\"https:\/\/frank-haase-design.de\/en\/acrylic-glass-jewelry\/\" aria-label=\"Acrylic glass jewelry\"><\/a>\n\t<\/div>\n<\/div>\n<\/div>\n<\/li>\n\t\t\t\n\t\t\t\n\t\t\t\t\t\t\t\t\t\t\t\t\t\t\t\t\t\t\t\t\t\t\t\t\t\t\t\t\t\t\t\t\t\t\t\t\t\t\t\t\t\t\t\t\t\t\t\t\t\t\t\t\t\t\t\t\t\t\t\t\t\t\t\t\t\t\t\t<\/ul>\n\t<\/div>\n\t<div class=\"fusion-post-content-wrapper\" style=\"padding:30px 25px 20px 25px;\"><div class=\"fusion-post-content post-content\"><div class=\"fusion-timeline-circle\" style=\"background-color:#ebeaea;\"><\/div><div class=\"fusion-timeline-arrow\" style=\"color:#ebeaea;\"><\/div><h2 class=\"blog-shortcode-post-title entry-title\">Acrylic glass jewelry<\/h2><div class=\"fusion-post-content-container\"><div class=\"fusion-fullwidth fullwidth-box fusion-builder-row-1-8 nonhundred-percent-fullwidth non-hundred-percent-height-scrolling\" style=\"--awb-border-radius-top-left:0px;--awb-border-radius-top-right:0px;--awb-border-radius-bottom-right:0px;--awb-border-radius-bottom-left:0px;--awb-flex-wrap:wrap;\" ><div class=\"fusion-builder-row fusion-row\"><div class=\"fusion-layout-column fusion_builder_column fusion-builder-column-8 fusion_builder_column_1_1 1_1 fusion-one-full fusion-column-first fusion-column-last\" style=\"--awb-bg-size:cover;\"><div class=\"fusion-column-wrapper fusion-flex-column-wrapper-legacy\"><div class=\"fusion-text fusion-text-8\"><p>Acrylic glass (PMMA) is a fascinating material. It has very high light transmission, is only half as heavy as glass and is up to 30 times shockproof. I like to make jewelry out of it, like earrings or necklace pendants. New designs are currently being created.<\/p>\n<\/div><div class=\"fusion-clearfix\"><\/div><\/div><\/div><\/div><\/div>\n<\/div><\/div><\/div><div class=\"fusion-clearfix\"><\/div><\/div>\n<\/article>\n<article id=\"blog-1-post-3735\" style=\"border-color:#ebeaea;\" class=\"fusion-post-timeline fusion-clearfix fusion-left-column post-3735 post type-post status-publish format-standard has-post-thumbnail hentry category-news-en\">\n<div class=\"fusion-post-wrapper\" style=\"background-color:rgba(255,255,255,0);\">\n\n\t\t\t<div class=\"fusion-flexslider flexslider fusion-flexslider-loading fusion-post-slideshow\" style=\"border-color:#ebeaea;\">\n\t\t<ul class=\"slides\">\n\t\t\t\n\t\t\t\t\t\t\t\t\t\t\t\t\t\t<li><div  class=\"fusion-image-wrapper\" aria-haspopup=\"true\">\n\t\t\t\t<img decoding=\"async\" width=\"1200\" height=\"600\" src=\"https:\/\/frank-haase-design.de\/wp-content\/uploads\/2024\/09\/2024_Film-Interview-K\u00fcnstlerportr\u00e4t.jpg\" class=\"attachment-full size-full wp-post-image\" alt=\"\" srcset=\"https:\/\/frank-haase-design.de\/wp-content\/uploads\/2024\/09\/2024_Film-Interview-K\u00fcnstlerportr\u00e4t-200x100.jpg 200w, https:\/\/frank-haase-design.de\/wp-content\/uploads\/2024\/09\/2024_Film-Interview-K\u00fcnstlerportr\u00e4t-400x200.jpg 400w, https:\/\/frank-haase-design.de\/wp-content\/uploads\/2024\/09\/2024_Film-Interview-K\u00fcnstlerportr\u00e4t-600x300.jpg 600w, https:\/\/frank-haase-design.de\/wp-content\/uploads\/2024\/09\/2024_Film-Interview-K\u00fcnstlerportr\u00e4t-800x400.jpg 800w, https:\/\/frank-haase-design.de\/wp-content\/uploads\/2024\/09\/2024_Film-Interview-K\u00fcnstlerportr\u00e4t.jpg 1200w\" sizes=\"(max-width: 800px) 100vw, 40vw\" \/><div class=\"fusion-rollover\">\n\t<div class=\"fusion-rollover-content\">\n\n\t\t\t\t\t\t\t\t\t\t\n\t\t\t\t\t\t\t\t\t\t\t\t\t\t\n\t\t\t\t\t\t\t\t\n\t\t\t\t\t\t\t\t\n\t\t\t\t\t\t\t\t\t\t\t\t\t\t\t\t\t\t<a class=\"fusion-rollover-gallery\" href=\"https:\/\/frank-haase-design.de\/wp-content\/uploads\/2024\/09\/2024_Film-Interview-K\u00fcnstlerportr\u00e4t.jpg\" data-id=\"3735\" data-rel=\"iLightbox[gallery]\" data-title=\"2024_Film Interview K\u00fcnstlerportr\u00e4t\" data-caption=\"\">\n\t\t\t\t\t\tGallery\t\t\t\t\t<\/a>\n\t\t\t\t\t\t\t\t\t\t\t\t\t\t\n\t\t\n\t\t\t\t\t\t\t\t\n\t\t\t\t\t\t\t\t\n\t\t\n\t\t\t\t\t\t<a class=\"fusion-link-wrapper\" href=\"https:\/\/www.youtube.com\/watch?v=pKcWLz5363s\" target=\"_blank\" aria-label=\"An interview about art\"><\/a>\n\t<\/div>\n<\/div>\n<\/div>\n<\/li>\n\t\t\t\n\t\t\t\n\t\t\t\t\t\t\t\t\t\t\t\t\t\t\t\t\t\t\t\t\t\t\t\t\t\t\t\t\t\t\t\t\t\t\t\t\t\t\t\t\t\t\t\t\t\t\t\t\t\t\t\t\t\t\t\t\t\t\t\t\t\t\t\t\t\t\t\t<\/ul>\n\t<\/div>\n\t<div class=\"fusion-post-content-wrapper\" style=\"padding:30px 25px 20px 25px;\"><div class=\"fusion-post-content post-content\"><div class=\"fusion-timeline-circle\" style=\"background-color:#ebeaea;\"><\/div><div class=\"fusion-timeline-arrow\" style=\"color:#ebeaea;\"><\/div><h2 class=\"blog-shortcode-post-title entry-title\">An interview about art<\/h2><div class=\"fusion-post-content-container\"><div class=\"fusion-fullwidth fullwidth-box fusion-builder-row-1-9 nonhundred-percent-fullwidth non-hundred-percent-height-scrolling\" style=\"--awb-border-radius-top-left:0px;--awb-border-radius-top-right:0px;--awb-border-radius-bottom-right:0px;--awb-border-radius-bottom-left:0px;--awb-flex-wrap:wrap;\" ><div class=\"fusion-builder-row fusion-row\"><div class=\"fusion-layout-column fusion_builder_column fusion-builder-column-9 fusion_builder_column_1_1 1_1 fusion-one-full fusion-column-first fusion-column-last\" style=\"--awb-bg-size:cover;\"><div class=\"fusion-column-wrapper fusion-flex-column-wrapper-legacy\"><div class=\"fusion-text fusion-text-9\"><p>In conversation with the art historian Dr. Carolin Kr\u00fcger-Bahr I explain my various groups of works and tell how I came to art and what drives me. The 15-minute film also shows works from the last few years and can now also be seen on my YouTube channel.<\/p>\n<\/div><div class=\"fusion-clearfix\"><\/div><\/div><\/div><\/div><\/div>\n<\/div><\/div><\/div><div class=\"fusion-clearfix\"><\/div><\/div>\n<\/article>\n<\/div><h3 class=\"fusion-timeline-date\" style=\"background-color:#ebeaea;\">August 2024<\/h3><div class=\"fusion-collapse-month\"><article id=\"blog-1-post-3719\" style=\"border-color:#ebeaea;\" class=\"fusion-post-timeline fusion-clearfix fusion-right-column post-3719 post type-post status-publish format-standard has-post-thumbnail hentry category-news-en\">\n<div class=\"fusion-post-wrapper\" style=\"background-color:rgba(255,255,255,0);\">\n\n\t\t\t<div class=\"fusion-flexslider flexslider fusion-flexslider-loading fusion-post-slideshow\" style=\"border-color:#ebeaea;\">\n\t\t<ul class=\"slides\">\n\t\t\t\n\t\t\t\t\t\t\t\t\t\t\t\t\t\t<li><div  class=\"fusion-image-wrapper\" aria-haspopup=\"true\">\n\t\t\t\t<img decoding=\"async\" width=\"600\" height=\"300\" src=\"https:\/\/frank-haase-design.de\/wp-content\/uploads\/2024\/08\/2024_Mondfische-\u00fcber-Venedig-3.jpg\" class=\"attachment-full size-full wp-post-image\" alt=\"\" srcset=\"https:\/\/frank-haase-design.de\/wp-content\/uploads\/2024\/08\/2024_Mondfische-\u00fcber-Venedig-3-200x100.jpg 200w, https:\/\/frank-haase-design.de\/wp-content\/uploads\/2024\/08\/2024_Mondfische-\u00fcber-Venedig-3-400x200.jpg 400w, https:\/\/frank-haase-design.de\/wp-content\/uploads\/2024\/08\/2024_Mondfische-\u00fcber-Venedig-3.jpg 600w\" sizes=\"(max-width: 800px) 100vw, 40vw\" \/><div class=\"fusion-rollover\">\n\t<div class=\"fusion-rollover-content\">\n\n\t\t\t\t\t\t\t\t\t\t\n\t\t\t\t\t\t\t\t\t\t\t\t\t\t\n\t\t\t\t\t\t\t\t\n\t\t\t\t\t\t\t\t\n\t\t\t\t\t\t\t\t\t\t\t\t\t\t\t\t\t\t<a class=\"fusion-rollover-gallery\" href=\"https:\/\/frank-haase-design.de\/wp-content\/uploads\/2024\/08\/2024_Mondfische-\u00fcber-Venedig-3.jpg\" data-id=\"3719\" data-rel=\"iLightbox[gallery]\" data-title=\"2024_Mondfische \u00fcber Venedig\" data-caption=\"\">\n\t\t\t\t\t\tGallery\t\t\t\t\t<\/a>\n\t\t\t\t\t\t\t\t\t\t\t\t\t\t\n\t\t\n\t\t\t\t\t\t\t\t\n\t\t\t\t\t\t\t\t\n\t\t\n\t\t\t\t\t\t<a class=\"fusion-link-wrapper\" href=\"https:\/\/frank-haase-design.de\/en\/more-sunfish-sculptures\/\" aria-label=\"More sunfish sculptures\"><\/a>\n\t<\/div>\n<\/div>\n<\/div>\n<\/li>\n\t\t\t\n\t\t\t\n\t\t\t\t\t\t\t\t\t\t\t\t\t\t\t\t\t\t\t\t\t\t\t\t\t\t\t\t\t\t\t\t\t\t\t\t\t\t\t\t\t\t\t\t\t\t\t\t\t\t\t\t\t\t\t\t\t\t\t\t\t\t\t\t\t\t\t\t<\/ul>\n\t<\/div>\n\t<div class=\"fusion-post-content-wrapper\" style=\"padding:30px 25px 20px 25px;\"><div class=\"fusion-post-content post-content\"><div class=\"fusion-timeline-circle\" style=\"background-color:#ebeaea;\"><\/div><div class=\"fusion-timeline-arrow\" style=\"color:#ebeaea;\"><\/div><h2 class=\"blog-shortcode-post-title entry-title\">More sunfish sculptures<\/h2><div class=\"fusion-post-content-container\"><div class=\"fusion-fullwidth fullwidth-box fusion-builder-row-1-10 nonhundred-percent-fullwidth non-hundred-percent-height-scrolling\" style=\"--awb-border-radius-top-left:0px;--awb-border-radius-top-right:0px;--awb-border-radius-bottom-right:0px;--awb-border-radius-bottom-left:0px;--awb-flex-wrap:wrap;\" ><div class=\"fusion-builder-row fusion-row\"><div class=\"fusion-layout-column fusion_builder_column fusion-builder-column-10 fusion_builder_column_1_1 1_1 fusion-one-full fusion-column-first fusion-column-last\" style=\"--awb-bg-size:cover;\"><div class=\"fusion-column-wrapper fusion-flex-column-wrapper-legacy\"><div class=\"fusion-text fusion-text-10\"><p>Since my exhibition at the Parktheater Iserlohn, five more sunfish sculptures have been created. They are hybrids of organism and machine and combine biological and technical features in their design language. As a result, they evade clarity and question classifications and attributions.<\/p>\n<\/div><div class=\"fusion-clearfix\"><\/div><\/div><\/div><\/div><\/div>\n<\/div><\/div><\/div><div class=\"fusion-clearfix\"><\/div><\/div>\n<\/article>\n<\/div><h3 class=\"fusion-timeline-date\" style=\"background-color:#ebeaea;\">July 2024<\/h3><div class=\"fusion-collapse-month\"><article id=\"blog-1-post-3714\" style=\"border-color:#ebeaea;\" class=\"fusion-post-timeline fusion-clearfix fusion-left-column post-3714 post type-post status-publish format-standard has-post-thumbnail hentry category-news-en\">\n<div class=\"fusion-post-wrapper\" style=\"background-color:rgba(255,255,255,0);\">\n\n\t\t\t<div class=\"fusion-flexslider flexslider fusion-flexslider-loading fusion-post-slideshow\" style=\"border-color:#ebeaea;\">\n\t\t<ul class=\"slides\">\n\t\t\t\n\t\t\t\t\t\t\t\t\t\t\t\t\t\t<li><div  class=\"fusion-image-wrapper\" aria-haspopup=\"true\">\n\t\t\t\t<img decoding=\"async\" width=\"600\" height=\"300\" src=\"https:\/\/frank-haase-design.de\/wp-content\/uploads\/2024\/08\/2024_Die-bestenden-Schwestern-1.jpg\" class=\"attachment-full size-full wp-post-image\" alt=\"\" srcset=\"https:\/\/frank-haase-design.de\/wp-content\/uploads\/2024\/08\/2024_Die-bestenden-Schwestern-1-200x100.jpg 200w, https:\/\/frank-haase-design.de\/wp-content\/uploads\/2024\/08\/2024_Die-bestenden-Schwestern-1-400x200.jpg 400w, https:\/\/frank-haase-design.de\/wp-content\/uploads\/2024\/08\/2024_Die-bestenden-Schwestern-1.jpg 600w\" sizes=\"(max-width: 800px) 100vw, 40vw\" \/><div class=\"fusion-rollover\">\n\t<div class=\"fusion-rollover-content\">\n\n\t\t\t\t\t\t\t\t\t\t\n\t\t\t\t\t\t\t\t\t\t\t\t\t\t\n\t\t\t\t\t\t\t\t\n\t\t\t\t\t\t\t\t\n\t\t\t\t\t\t\t\t\t\t\t\t\t\t\t\t\t\t<a class=\"fusion-rollover-gallery\" href=\"https:\/\/frank-haase-design.de\/wp-content\/uploads\/2024\/08\/2024_Die-bestenden-Schwestern-1.jpg\" data-id=\"3714\" data-rel=\"iLightbox[gallery]\" data-title=\"2024_Die bestenden Schwestern\" data-caption=\"\">\n\t\t\t\t\t\tGallery\t\t\t\t\t<\/a>\n\t\t\t\t\t\t\t\t\t\t\t\t\t\t\n\t\t\n\t\t\t\t\t\t\t\t\n\t\t\t\t\t\t\t\t\n\t\t\n\t\t\t\t\t\t<a class=\"fusion-link-wrapper\" href=\"https:\/\/frank-haase-design.de\/en\/exhibition-kunst-verbindet-art-connects\/\" aria-label=\"Exhibition \u201cKunst verbindet&#8221; (&#8220;Art Connects\u201d)\"><\/a>\n\t<\/div>\n<\/div>\n<\/div>\n<\/li>\n\t\t\t\n\t\t\t\n\t\t\t\t\t\t\t\t\t\t\t\t\t\t\t\t\t\t\t\t\t\t\t\t\t\t\t\t\t\t\t\t\t\t\t\t\t\t\t\t\t\t\t\t\t\t\t\t\t\t\t\t\t\t\t\t\t\t\t\t\t\t\t\t\t\t\t\t<\/ul>\n\t<\/div>\n\t<div class=\"fusion-post-content-wrapper\" style=\"padding:30px 25px 20px 25px;\"><div class=\"fusion-post-content post-content\"><div class=\"fusion-timeline-circle\" style=\"background-color:#ebeaea;\"><\/div><div class=\"fusion-timeline-arrow\" style=\"color:#ebeaea;\"><\/div><h2 class=\"blog-shortcode-post-title entry-title\">Exhibition \u201cKunst verbindet&#8221; (&#8220;Art Connects\u201d)<\/h2><div class=\"fusion-post-content-container\"><div class=\"fusion-fullwidth fullwidth-box fusion-builder-row-1-11 nonhundred-percent-fullwidth non-hundred-percent-height-scrolling\" style=\"--awb-border-radius-top-left:0px;--awb-border-radius-top-right:0px;--awb-border-radius-bottom-right:0px;--awb-border-radius-bottom-left:0px;--awb-flex-wrap:wrap;\" ><div class=\"fusion-builder-row fusion-row\"><div class=\"fusion-layout-column fusion_builder_column fusion-builder-column-11 fusion_builder_column_1_1 1_1 fusion-one-full fusion-column-first fusion-column-last\" style=\"--awb-bg-size:cover;\"><div class=\"fusion-column-wrapper fusion-flex-column-wrapper-legacy\"><div class=\"fusion-text fusion-text-11\"><p>On July 5th, the exhibition \u201cKunst verbindet\u201d (\u201cArt Connects\u201d) by the association \u201cKunstverein Iserlohn e. V.\u201d opened in the Sparkasse Iserlohn. The works by artists from Iserlohn&#8217;s sister cities in Hungary, Poland and the Netherlands as well as members of the Kunstverein Iserlohn will be on display until the end of September. I am participating with my acrylic painting \u201cBetende Schwestern in der Kapelle von Castelmola\u201d (\u201cPraying Sisters in the Chapel of Castelmola\u201d).<\/p>\n<\/div><div class=\"fusion-clearfix\"><\/div><\/div><\/div><\/div><\/div>\n<\/div><\/div><\/div><div class=\"fusion-clearfix\"><\/div><\/div>\n<\/article>\n<\/div><h3 class=\"fusion-timeline-date\" style=\"background-color:#ebeaea;\">June 2024<\/h3><div class=\"fusion-collapse-month\"><article id=\"blog-1-post-3709\" style=\"border-color:#ebeaea;\" class=\"fusion-post-timeline fusion-clearfix fusion-right-column post-3709 post type-post status-publish format-standard has-post-thumbnail hentry category-news-en\">\n<div class=\"fusion-post-wrapper\" style=\"background-color:rgba(255,255,255,0);\">\n\n\t\t\t<div class=\"fusion-flexslider flexslider fusion-flexslider-loading fusion-post-slideshow\" style=\"border-color:#ebeaea;\">\n\t\t<ul class=\"slides\">\n\t\t\t\n\t\t\t\t\t\t\t\t\t\t\t\t\t\t<li><div  class=\"fusion-image-wrapper\" aria-haspopup=\"true\">\n\t\t\t\t<img decoding=\"async\" width=\"600\" height=\"300\" src=\"https:\/\/frank-haase-design.de\/wp-content\/uploads\/2024\/08\/2024_PHOENIX-in-der-SASE-2.jpg\" class=\"attachment-full size-full wp-post-image\" alt=\"\" srcset=\"https:\/\/frank-haase-design.de\/wp-content\/uploads\/2024\/08\/2024_PHOENIX-in-der-SASE-2-200x100.jpg 200w, https:\/\/frank-haase-design.de\/wp-content\/uploads\/2024\/08\/2024_PHOENIX-in-der-SASE-2-400x200.jpg 400w, https:\/\/frank-haase-design.de\/wp-content\/uploads\/2024\/08\/2024_PHOENIX-in-der-SASE-2.jpg 600w\" sizes=\"(max-width: 800px) 100vw, 40vw\" \/><div class=\"fusion-rollover\">\n\t<div class=\"fusion-rollover-content\">\n\n\t\t\t\t\t\t\t\t\t\t\n\t\t\t\t\t\t\t\t\t\t\t\t\t\t\n\t\t\t\t\t\t\t\t\n\t\t\t\t\t\t\t\t\n\t\t\t\t\t\t\t\t\t\t\t\t\t\t\t\t\t\t<a class=\"fusion-rollover-gallery\" href=\"https:\/\/frank-haase-design.de\/wp-content\/uploads\/2024\/08\/2024_PHOENIX-in-der-SASE-2.jpg\" data-id=\"3709\" data-rel=\"iLightbox[gallery]\" data-title=\"2024_PHOENIX in der SASE\" data-caption=\"\">\n\t\t\t\t\t\tGallery\t\t\t\t\t<\/a>\n\t\t\t\t\t\t\t\t\t\t\t\t\t\t\n\t\t\n\t\t\t\t\t\t\t\t\n\t\t\t\t\t\t\t\t\n\t\t\n\t\t\t\t\t\t<a class=\"fusion-link-wrapper\" href=\"https:\/\/frank-haase-design.de\/en\/filming-at-sase-ggmbh\/\" aria-label=\"Filming at SASE gGmbH\"><\/a>\n\t<\/div>\n<\/div>\n<\/div>\n<\/li>\n\t\t\t\n\t\t\t\n\t\t\t\t\t\t\t\t\t\t\t\t\t\t\t\t\t\t\t\t\t\t\t\t\t\t\t\t\t\t\t\t\t\t\t\t\t\t\t\t\t\t\t\t\t\t\t\t\t\t\t\t\t\t\t\t\t\t\t\t\t\t\t\t\t\t\t\t<\/ul>\n\t<\/div>\n\t<div class=\"fusion-post-content-wrapper\" style=\"padding:30px 25px 20px 25px;\"><div class=\"fusion-post-content post-content\"><div class=\"fusion-timeline-circle\" style=\"background-color:#ebeaea;\"><\/div><div class=\"fusion-timeline-arrow\" style=\"color:#ebeaea;\"><\/div><h2 class=\"blog-shortcode-post-title entry-title\">Filming at SASE gGmbH<\/h2><div class=\"fusion-post-content-container\"><div class=\"fusion-fullwidth fullwidth-box fusion-builder-row-1-12 nonhundred-percent-fullwidth non-hundred-percent-height-scrolling\" style=\"--awb-border-radius-top-left:0px;--awb-border-radius-top-right:0px;--awb-border-radius-bottom-right:0px;--awb-border-radius-bottom-left:0px;--awb-flex-wrap:wrap;\" ><div class=\"fusion-builder-row fusion-row\"><div class=\"fusion-layout-column fusion_builder_column fusion-builder-column-12 fusion_builder_column_1_1 1_1 fusion-one-full fusion-column-first fusion-column-last\" style=\"--awb-bg-size:cover;\"><div class=\"fusion-column-wrapper fusion-flex-column-wrapper-legacy\"><div class=\"fusion-text fusion-text-12\"><p>The second part of the filming of my artist portrait took place in the rooms of SASE gGmbH in Iserlohn. This is where my kinetic sculpture PHOENIX learned to fly for the second time. Many thanks to Dr. Dirk Wiegand from SASE for the support and Holger Neumann from gentura for the filming!<\/p>\n<\/div><div class=\"fusion-clearfix\"><\/div><\/div><\/div><\/div><\/div>\n<\/div><\/div><\/div><div class=\"fusion-clearfix\"><\/div><\/div>\n<\/article>\n<article id=\"blog-1-post-3703\" style=\"border-color:#ebeaea;\" class=\"fusion-post-timeline fusion-clearfix fusion-left-column post-3703 post type-post status-publish format-standard has-post-thumbnail hentry category-news-en\">\n<div class=\"fusion-post-wrapper\" style=\"background-color:rgba(255,255,255,0);\">\n\n\t\t\t<div class=\"fusion-flexslider flexslider fusion-flexslider-loading fusion-post-slideshow\" style=\"border-color:#ebeaea;\">\n\t\t<ul class=\"slides\">\n\t\t\t\n\t\t\t\t\t\t\t\t\t\t\t\t\t\t<li><div  class=\"fusion-image-wrapper\" aria-haspopup=\"true\">\n\t\t\t\t<img decoding=\"async\" width=\"600\" height=\"300\" src=\"https:\/\/frank-haase-design.de\/wp-content\/uploads\/2024\/06\/2024_Weltkugelbaum-Leuchter-f\u00fcr-die-Jonakirche.jpg\" class=\"attachment-full size-full wp-post-image\" alt=\"\" srcset=\"https:\/\/frank-haase-design.de\/wp-content\/uploads\/2024\/06\/2024_Weltkugelbaum-Leuchter-f\u00fcr-die-Jonakirche-200x100.jpg 200w, https:\/\/frank-haase-design.de\/wp-content\/uploads\/2024\/06\/2024_Weltkugelbaum-Leuchter-f\u00fcr-die-Jonakirche-400x200.jpg 400w, https:\/\/frank-haase-design.de\/wp-content\/uploads\/2024\/06\/2024_Weltkugelbaum-Leuchter-f\u00fcr-die-Jonakirche.jpg 600w\" sizes=\"(max-width: 800px) 100vw, 40vw\" \/><div class=\"fusion-rollover\">\n\t<div class=\"fusion-rollover-content\">\n\n\t\t\t\t\t\t\t\t\t\t\n\t\t\t\t\t\t\t\t\t\t\t\t\t\t\n\t\t\t\t\t\t\t\t\n\t\t\t\t\t\t\t\t\n\t\t\t\t\t\t\t\t\t\t\t\t\t\t\t\t\t\t<a class=\"fusion-rollover-gallery\" href=\"https:\/\/frank-haase-design.de\/wp-content\/uploads\/2024\/06\/2024_Weltkugelbaum-Leuchter-f\u00fcr-die-Jonakirche.jpg\" data-id=\"3703\" data-rel=\"iLightbox[gallery]\" data-title=\"Test Skizze\" data-caption=\"\">\n\t\t\t\t\t\tGallery\t\t\t\t\t<\/a>\n\t\t\t\t\t\t\t\t\t\t\t\t\t\t\n\t\t\n\t\t\t\t\t\t\t\t\n\t\t\t\t\t\t\t\t\n\t\t\n\t\t\t\t\t\t<a class=\"fusion-link-wrapper\" href=\"https:\/\/frank-haase-design.de\/en\/order-from-duesseldorf\/\" aria-label=\"Order from D\u00fcsseldorf\"><\/a>\n\t<\/div>\n<\/div>\n<\/div>\n<\/li>\n\t\t\t\n\t\t\t\n\t\t\t\t\t\t\t\t\t\t\t\t\t\t\t\t\t\t\t\t\t\t\t\t\t\t\t\t\t\t\t\t\t\t\t\t\t\t\t\t\t\t\t\t\t\t\t\t\t\t\t\t\t\t\t\t\t\t\t\t\t\t\t\t\t\t\t\t<\/ul>\n\t<\/div>\n\t<div class=\"fusion-post-content-wrapper\" style=\"padding:30px 25px 20px 25px;\"><div class=\"fusion-post-content post-content\"><div class=\"fusion-timeline-circle\" style=\"background-color:#ebeaea;\"><\/div><div class=\"fusion-timeline-arrow\" style=\"color:#ebeaea;\"><\/div><h2 class=\"blog-shortcode-post-title entry-title\">Order from D\u00fcsseldorf<\/h2><div class=\"fusion-post-content-container\"><div class=\"fusion-fullwidth fullwidth-box fusion-builder-row-1-13 nonhundred-percent-fullwidth non-hundred-percent-height-scrolling\" style=\"--awb-border-radius-top-left:0px;--awb-border-radius-top-right:0px;--awb-border-radius-bottom-right:0px;--awb-border-radius-bottom-left:0px;--awb-flex-wrap:wrap;\" ><div class=\"fusion-builder-row fusion-row\"><div class=\"fusion-layout-column fusion_builder_column fusion-builder-column-13 fusion_builder_column_1_1 1_1 fusion-one-full fusion-column-first fusion-column-last\" style=\"--awb-bg-size:cover;\"><div class=\"fusion-column-wrapper fusion-flex-column-wrapper-legacy\"><div class=\"fusion-text fusion-text-13\"><p>I can now design and build a two-meter-high globe tree as a candlestick for the Jonakirche in D\u00fcsseldorf. After Iserlohn-Letmathe, Viersen and Aachen, this is my fourth chandelier for sacred spaces of this size. This unique piece will also be adapted to the rooms and will incorporate materials and design elements from the other furnishings.<\/p>\n<\/div><div class=\"fusion-clearfix\"><\/div><\/div><\/div><\/div><\/div>\n<\/div><\/div><\/div><div class=\"fusion-clearfix\"><\/div><\/div>\n<\/article>\n<\/div><h3 class=\"fusion-timeline-date\" style=\"background-color:#ebeaea;\">May 2024<\/h3><div class=\"fusion-collapse-month\"><article id=\"blog-1-post-3699\" style=\"border-color:#ebeaea;\" class=\"fusion-post-timeline fusion-clearfix fusion-right-column post-3699 post type-post status-publish format-standard has-post-thumbnail hentry category-news-en\">\n<div class=\"fusion-post-wrapper\" style=\"background-color:rgba(255,255,255,0);\">\n\n\t\t\t<div class=\"fusion-flexslider flexslider fusion-flexslider-loading fusion-post-slideshow\" style=\"border-color:#ebeaea;\">\n\t\t<ul class=\"slides\">\n\t\t\t\n\t\t\t\t\t\t\t\t\t\t\t\t\t\t<li><div  class=\"fusion-image-wrapper\" aria-haspopup=\"true\">\n\t\t\t\t<img decoding=\"async\" width=\"600\" height=\"300\" src=\"https:\/\/frank-haase-design.de\/wp-content\/uploads\/2024\/08\/2024_Gerhard-Schulte-Steuerberatungsgesellschaft-2.jpg\" class=\"attachment-full size-full wp-post-image\" alt=\"\" srcset=\"https:\/\/frank-haase-design.de\/wp-content\/uploads\/2024\/08\/2024_Gerhard-Schulte-Steuerberatungsgesellschaft-2-200x100.jpg 200w, https:\/\/frank-haase-design.de\/wp-content\/uploads\/2024\/08\/2024_Gerhard-Schulte-Steuerberatungsgesellschaft-2-400x200.jpg 400w, https:\/\/frank-haase-design.de\/wp-content\/uploads\/2024\/08\/2024_Gerhard-Schulte-Steuerberatungsgesellschaft-2.jpg 600w\" sizes=\"(max-width: 800px) 100vw, 40vw\" \/><div class=\"fusion-rollover\">\n\t<div class=\"fusion-rollover-content\">\n\n\t\t\t\t\t\t\t\t\t\t\n\t\t\t\t\t\t\t\t\t\t\t\t\t\t\n\t\t\t\t\t\t\t\t\n\t\t\t\t\t\t\t\t\n\t\t\t\t\t\t\t\t\t\t\t\t\t\t\t\t\t\t<a class=\"fusion-rollover-gallery\" href=\"https:\/\/frank-haase-design.de\/wp-content\/uploads\/2024\/08\/2024_Gerhard-Schulte-Steuerberatungsgesellschaft-2.jpg\" data-id=\"3699\" data-rel=\"iLightbox[gallery]\" data-title=\"2024_Gerhard Schulte Steuerberatungsgesellschaft\" data-caption=\"\">\n\t\t\t\t\t\tGallery\t\t\t\t\t<\/a>\n\t\t\t\t\t\t\t\t\t\t\t\t\t\t\n\t\t\n\t\t\t\t\t\t\t\t\n\t\t\t\t\t\t\t\t\n\t\t\n\t\t\t\t\t\t<a class=\"fusion-link-wrapper\" href=\"https:\/\/frank-haase-design.de\/en\/art-for-the-tax-consultancy-office\/\" aria-label=\"Art for the tax consultancy office\"><\/a>\n\t<\/div>\n<\/div>\n<\/div>\n<\/li>\n\t\t\t\n\t\t\t\n\t\t\t\t\t\t\t\t\t\t\t\t\t\t\t\t\t\t\t\t\t\t\t\t\t\t\t\t\t\t\t\t\t\t\t\t\t\t\t\t\t\t\t\t\t\t\t\t\t\t\t\t\t\t\t\t\t\t\t\t\t\t\t\t\t\t\t\t<\/ul>\n\t<\/div>\n\t<div class=\"fusion-post-content-wrapper\" style=\"padding:30px 25px 20px 25px;\"><div class=\"fusion-post-content post-content\"><div class=\"fusion-timeline-circle\" style=\"background-color:#ebeaea;\"><\/div><div class=\"fusion-timeline-arrow\" style=\"color:#ebeaea;\"><\/div><h2 class=\"blog-shortcode-post-title entry-title\">Art for the tax consultancy office<\/h2><div class=\"fusion-post-content-container\"><div class=\"fusion-fullwidth fullwidth-box fusion-builder-row-1-14 nonhundred-percent-fullwidth non-hundred-percent-height-scrolling\" style=\"--awb-border-radius-top-left:0px;--awb-border-radius-top-right:0px;--awb-border-radius-bottom-right:0px;--awb-border-radius-bottom-left:0px;--awb-flex-wrap:wrap;\" ><div class=\"fusion-builder-row fusion-row\"><div class=\"fusion-layout-column fusion_builder_column fusion-builder-column-14 fusion_builder_column_1_1 1_1 fusion-one-full fusion-column-first fusion-column-last\" style=\"--awb-bg-size:cover;\"><div class=\"fusion-column-wrapper fusion-flex-column-wrapper-legacy\"><div class=\"fusion-text fusion-text-14\"><p>A good twenty of my acrylic paintings and ink drawings on the themes of dance and portraiture have been hanging in the rooms of Gerhard Schulte Steuerberatungsgesellschaft mbH since the end of May. I am pleased about this exhibition opportunity and wish the team and Hubertus Luig as well as the clients a lot of fun viewing the works.<\/p>\n<\/div><div class=\"fusion-clearfix\"><\/div><\/div><\/div><\/div><\/div>\n<\/div><\/div><\/div><div class=\"fusion-clearfix\"><\/div><\/div>\n<\/article>\n<article id=\"blog-1-post-3695\" style=\"border-color:#ebeaea;\" class=\"fusion-post-timeline fusion-clearfix fusion-left-column post-3695 post type-post status-publish format-standard has-post-thumbnail hentry category-news-en\">\n<div class=\"fusion-post-wrapper\" style=\"background-color:rgba(255,255,255,0);\">\n\n\t\t\t<div class=\"fusion-flexslider flexslider fusion-flexslider-loading fusion-post-slideshow\" style=\"border-color:#ebeaea;\">\n\t\t<ul class=\"slides\">\n\t\t\t\n\t\t\t\t\t\t\t\t\t\t\t\t\t\t<li><div  class=\"fusion-image-wrapper\" aria-haspopup=\"true\">\n\t\t\t\t<img decoding=\"async\" width=\"600\" height=\"300\" src=\"https:\/\/frank-haase-design.de\/wp-content\/uploads\/2024\/08\/2024_Cafe-Pottbl\u00fcmchen-Hagen-2.jpg\" class=\"attachment-full size-full wp-post-image\" alt=\"\" srcset=\"https:\/\/frank-haase-design.de\/wp-content\/uploads\/2024\/08\/2024_Cafe-Pottbl\u00fcmchen-Hagen-2-200x100.jpg 200w, https:\/\/frank-haase-design.de\/wp-content\/uploads\/2024\/08\/2024_Cafe-Pottbl\u00fcmchen-Hagen-2-400x200.jpg 400w, https:\/\/frank-haase-design.de\/wp-content\/uploads\/2024\/08\/2024_Cafe-Pottbl\u00fcmchen-Hagen-2.jpg 600w\" sizes=\"(max-width: 800px) 100vw, 40vw\" \/><div class=\"fusion-rollover\">\n\t<div class=\"fusion-rollover-content\">\n\n\t\t\t\t\t\t\t\t\t\t\n\t\t\t\t\t\t\t\t\t\t\t\t\t\t\n\t\t\t\t\t\t\t\t\n\t\t\t\t\t\t\t\t\n\t\t\t\t\t\t\t\t\t\t\t\t\t\t\t\t\t\t<a class=\"fusion-rollover-gallery\" href=\"https:\/\/frank-haase-design.de\/wp-content\/uploads\/2024\/08\/2024_Cafe-Pottbl\u00fcmchen-Hagen-2.jpg\" data-id=\"3695\" data-rel=\"iLightbox[gallery]\" data-title=\"2024_Cafe Pottbl\u00fcmchen Hagen\" data-caption=\"\">\n\t\t\t\t\t\tGallery\t\t\t\t\t<\/a>\n\t\t\t\t\t\t\t\t\t\t\t\t\t\t\n\t\t\n\t\t\t\t\t\t\t\t\n\t\t\t\t\t\t\t\t\n\t\t\n\t\t\t\t\t\t<a class=\"fusion-link-wrapper\" href=\"https:\/\/frank-haase-design.de\/en\/filming-in-pottbluemchen-in-hagen\/\" aria-label=\"Filming in Pottbl\u00fcmchen in Hagen\"><\/a>\n\t<\/div>\n<\/div>\n<\/div>\n<\/li>\n\t\t\t\n\t\t\t\n\t\t\t\t\t\t\t\t\t\t\t\t\t\t\t\t\t\t\t\t\t\t\t\t\t\t\t\t\t\t\t\t\t\t\t\t\t\t\t\t\t\t\t\t\t\t\t\t\t\t\t\t\t\t\t\t\t\t\t\t\t\t\t\t\t\t\t\t<\/ul>\n\t<\/div>\n\t<div class=\"fusion-post-content-wrapper\" style=\"padding:30px 25px 20px 25px;\"><div class=\"fusion-post-content post-content\"><div class=\"fusion-timeline-circle\" style=\"background-color:#ebeaea;\"><\/div><div class=\"fusion-timeline-arrow\" style=\"color:#ebeaea;\"><\/div><h2 class=\"blog-shortcode-post-title entry-title\">Filming in Pottbl\u00fcmchen in Hagen<\/h2><div class=\"fusion-post-content-container\"><div class=\"fusion-fullwidth fullwidth-box fusion-builder-row-1-15 nonhundred-percent-fullwidth non-hundred-percent-height-scrolling\" style=\"--awb-border-radius-top-left:0px;--awb-border-radius-top-right:0px;--awb-border-radius-bottom-right:0px;--awb-border-radius-bottom-left:0px;--awb-flex-wrap:wrap;\" ><div class=\"fusion-builder-row fusion-row\"><div class=\"fusion-layout-column fusion_builder_column fusion-builder-column-15 fusion_builder_column_1_1 1_1 fusion-one-full fusion-column-first fusion-column-last\" style=\"--awb-bg-size:cover;\"><div class=\"fusion-column-wrapper fusion-flex-column-wrapper-legacy\"><div class=\"fusion-text fusion-text-15\"><p>The Cafe Pottbl\u00fcmchen in Hagen is located directly in the Museum Quarter. Filming for my artist portrait took place in the nice location on May 27th. Holger Neumann from the gentura agency filmed the art historian Dr. Carolin Kr\u00fcger-Bahr and me talking about my work and my exhibitions.<\/p>\n<\/div><div class=\"fusion-clearfix\"><\/div><\/div><\/div><\/div><\/div>\n<\/div><\/div><\/div><div class=\"fusion-clearfix\"><\/div><\/div>\n<\/article>\n<\/div><h3 class=\"fusion-timeline-date\" style=\"background-color:#ebeaea;\">January 2024<\/h3><div class=\"fusion-collapse-month\"><article id=\"blog-1-post-3426\" style=\"border-color:#ebeaea;\" class=\"fusion-post-timeline fusion-clearfix fusion-right-column post-3426 post type-post status-publish format-standard has-post-thumbnail hentry category-news-en\">\n<div class=\"fusion-post-wrapper\" style=\"background-color:rgba(255,255,255,0);\">\n\n\t\t\t<div class=\"fusion-flexslider flexslider fusion-flexslider-loading fusion-post-slideshow\" style=\"border-color:#ebeaea;\">\n\t\t<ul class=\"slides\">\n\t\t\t\n\t\t\t\t\t\t\t\t\t\t\t\t\t\t<li><div  class=\"fusion-image-wrapper\" aria-haspopup=\"true\">\n\t\t\t\t<img decoding=\"async\" width=\"600\" height=\"300\" src=\"https:\/\/frank-haase-design.de\/wp-content\/uploads\/2024\/01\/2024_Ausstellung-Parktheater-Iserlohn-1.jpg\" class=\"attachment-full size-full wp-post-image\" alt=\"\" srcset=\"https:\/\/frank-haase-design.de\/wp-content\/uploads\/2024\/01\/2024_Ausstellung-Parktheater-Iserlohn-1-200x100.jpg 200w, https:\/\/frank-haase-design.de\/wp-content\/uploads\/2024\/01\/2024_Ausstellung-Parktheater-Iserlohn-1-400x200.jpg 400w, https:\/\/frank-haase-design.de\/wp-content\/uploads\/2024\/01\/2024_Ausstellung-Parktheater-Iserlohn-1.jpg 600w\" sizes=\"(max-width: 800px) 100vw, 40vw\" \/><div class=\"fusion-rollover\">\n\t<div class=\"fusion-rollover-content\">\n\n\t\t\t\t\t\t\t\t\t\t\n\t\t\t\t\t\t\t\t\t\t\t\t\t\t\n\t\t\t\t\t\t\t\t\n\t\t\t\t\t\t\t\t\n\t\t\t\t\t\t\t\t\t\t\t\t\t\t\t\t\t\t<a class=\"fusion-rollover-gallery\" href=\"https:\/\/frank-haase-design.de\/wp-content\/uploads\/2024\/01\/2024_Ausstellung-Parktheater-Iserlohn-1.jpg\" data-id=\"3426\" data-rel=\"iLightbox[gallery]\" data-title=\"2024_Ausstellung Parktheater Iserlohn\" data-caption=\"\">\n\t\t\t\t\t\tGallery\t\t\t\t\t<\/a>\n\t\t\t\t\t\t\t\t\t\t\t\t\t\t\n\t\t\n\t\t\t\t\t\t\t\t\n\t\t\t\t\t\t\t\t\n\t\t\n\t\t\t\t\t\t<a class=\"fusion-link-wrapper\" href=\"https:\/\/frank-haase-design.de\/en\/vernissage-with-180-visitors\/\" aria-label=\"Vernissage with 180 visitors\"><\/a>\n\t<\/div>\n<\/div>\n<\/div>\n<\/li>\n\t\t\t\n\t\t\t\n\t\t\t\t\t\t\t\t\t\t\t\t\t\t\t\t\t\t\t\t\t\t\t\t\t\t\t\t\t\t\t\t\t\t\t\t\t\t\t\t\t\t\t\t\t\t\t\t\t\t\t\t\t\t\t\t\t\t\t\t\t\t\t\t\t\t\t\t<\/ul>\n\t<\/div>\n\t<div class=\"fusion-post-content-wrapper\" style=\"padding:30px 25px 20px 25px;\"><div class=\"fusion-post-content post-content\"><div class=\"fusion-timeline-circle\" style=\"background-color:#ebeaea;\"><\/div><div class=\"fusion-timeline-arrow\" style=\"color:#ebeaea;\"><\/div><h2 class=\"blog-shortcode-post-title entry-title\">Vernissage with 180 visitors<\/h2><div class=\"fusion-post-content-container\"><div class=\"fusion-fullwidth fullwidth-box fusion-builder-row-1-16 nonhundred-percent-fullwidth non-hundred-percent-height-scrolling\" style=\"--awb-border-radius-top-left:0px;--awb-border-radius-top-right:0px;--awb-border-radius-bottom-right:0px;--awb-border-radius-bottom-left:0px;--awb-flex-wrap:wrap;\" ><div class=\"fusion-builder-row fusion-row\"><div class=\"fusion-layout-column fusion_builder_column fusion-builder-column-16 fusion_builder_column_1_1 1_1 fusion-one-full fusion-column-first fusion-column-last\" style=\"--awb-bg-size:cover;\"><div class=\"fusion-column-wrapper fusion-flex-column-wrapper-legacy\"><div class=\"fusion-text fusion-text-16\"><p>On January 14th, the opening of my exhibition \u201cIn Bewegung!\u201d (\u201cIn Motion!\u201d) took place at the Parktheater Iserlohn. Nearly 180 visitors followed the welcome by the theater director Niels Gamm and the introduction to my work by the art historian Dr. Carolin Kr\u00fcger-Bahr. The exhibition can be seen until March 10th.<\/p>\n<\/div><div class=\"fusion-clearfix\"><\/div><\/div><\/div><\/div><\/div>\n<\/div><\/div><\/div><div class=\"fusion-clearfix\"><\/div><\/div>\n<\/article>\n<article id=\"blog-1-post-3423\" style=\"border-color:#ebeaea;\" class=\"fusion-post-timeline fusion-clearfix fusion-left-column post-3423 post type-post status-publish format-standard has-post-thumbnail hentry category-news-en\">\n<div class=\"fusion-post-wrapper\" style=\"background-color:rgba(255,255,255,0);\">\n\n\t\t\t<div class=\"fusion-flexslider flexslider fusion-flexslider-loading fusion-post-slideshow\" style=\"border-color:#ebeaea;\">\n\t\t<ul class=\"slides\">\n\t\t\t\n\t\t\t\t\t\t\t\t\t\t\t\t\t\t<li><div  class=\"fusion-image-wrapper\" aria-haspopup=\"true\">\n\t\t\t\t<img decoding=\"async\" width=\"600\" height=\"300\" src=\"https:\/\/frank-haase-design.de\/wp-content\/uploads\/2024\/01\/2024_PH\u00d6NIX-1.jpg\" class=\"attachment-full size-full wp-post-image\" alt=\"\" srcset=\"https:\/\/frank-haase-design.de\/wp-content\/uploads\/2024\/01\/2024_PH\u00d6NIX-1-200x100.jpg 200w, https:\/\/frank-haase-design.de\/wp-content\/uploads\/2024\/01\/2024_PH\u00d6NIX-1-400x200.jpg 400w, https:\/\/frank-haase-design.de\/wp-content\/uploads\/2024\/01\/2024_PH\u00d6NIX-1.jpg 600w\" sizes=\"(max-width: 800px) 100vw, 40vw\" \/><div class=\"fusion-rollover\">\n\t<div class=\"fusion-rollover-content\">\n\n\t\t\t\t\t\t\t\t\t\t\n\t\t\t\t\t\t\t\t\t\t\t\t\t\t\n\t\t\t\t\t\t\t\t\n\t\t\t\t\t\t\t\t\n\t\t\t\t\t\t\t\t\t\t\t\t\t\t\t\t\t\t<a class=\"fusion-rollover-gallery\" href=\"https:\/\/frank-haase-design.de\/wp-content\/uploads\/2024\/01\/2024_PH\u00d6NIX-1.jpg\" data-id=\"3423\" data-rel=\"iLightbox[gallery]\" data-title=\"2024_PH\u00d6NIX\" data-caption=\"\">\n\t\t\t\t\t\tGallery\t\t\t\t\t<\/a>\n\t\t\t\t\t\t\t\t\t\t\t\t\t\t\n\t\t\n\t\t\t\t\t\t\t\t\n\t\t\t\t\t\t\t\t\n\t\t\n\t\t\t\t\t\t<a class=\"fusion-link-wrapper\" href=\"https:\/\/frank-haase-design.de\/en\/the-phoenix-flies\/\" aria-label=\"The PHOENIX flies\"><\/a>\n\t<\/div>\n<\/div>\n<\/div>\n<\/li>\n\t\t\t\n\t\t\t\n\t\t\t\t\t\t\t\t\t\t\t\t\t\t\t\t\t\t\t\t\t\t\t\t\t\t\t\t\t\t\t\t\t\t\t\t\t\t\t\t\t\t\t\t\t\t\t\t\t\t\t\t\t\t\t\t\t\t\t\t\t\t\t\t\t\t\t\t<\/ul>\n\t<\/div>\n\t<div class=\"fusion-post-content-wrapper\" style=\"padding:30px 25px 20px 25px;\"><div class=\"fusion-post-content post-content\"><div class=\"fusion-timeline-circle\" style=\"background-color:#ebeaea;\"><\/div><div class=\"fusion-timeline-arrow\" style=\"color:#ebeaea;\"><\/div><h2 class=\"blog-shortcode-post-title entry-title\">The PHOENIX flies<\/h2><div class=\"fusion-post-content-container\"><div class=\"fusion-fullwidth fullwidth-box fusion-builder-row-1-17 nonhundred-percent-fullwidth non-hundred-percent-height-scrolling\" style=\"--awb-border-radius-top-left:0px;--awb-border-radius-top-right:0px;--awb-border-radius-bottom-right:0px;--awb-border-radius-bottom-left:0px;--awb-flex-wrap:wrap;\" ><div class=\"fusion-builder-row fusion-row\"><div class=\"fusion-layout-column fusion_builder_column fusion-builder-column-17 fusion_builder_column_1_1 1_1 fusion-one-full fusion-column-first fusion-column-last\" style=\"--awb-bg-size:cover;\"><div class=\"fusion-column-wrapper fusion-flex-column-wrapper-legacy\"><div class=\"fusion-text fusion-text-17\"><p>2.70 meters long, 1 meter wide and assembled from 1145 components: These are the technical data of my PHOENIX sculpture. The 72 wing elements raise and lower five times per minute. Not like the wings of a bird, but in the form of a continuous wave movement. An allusion to the ancient myth of an eternal cycle of decay and rebirth, an eternal ups and downs on the timeline.<\/p>\n<\/div><div class=\"fusion-clearfix\"><\/div><\/div><\/div><\/div><\/div>\n<\/div><\/div><\/div><div class=\"fusion-clearfix\"><\/div><\/div>\n<\/article>\n<\/div><h3 class=\"fusion-timeline-date\" style=\"background-color:#ebeaea;\">November 2023<\/h3><div class=\"fusion-collapse-month\"><article id=\"blog-1-post-3420\" style=\"border-color:#ebeaea;\" class=\"fusion-post-timeline fusion-clearfix fusion-right-column post-3420 post type-post status-publish format-standard has-post-thumbnail hentry category-news-en\">\n<div class=\"fusion-post-wrapper\" style=\"background-color:rgba(255,255,255,0);\">\n\n\t\t\t<div class=\"fusion-flexslider flexslider fusion-flexslider-loading fusion-post-slideshow\" style=\"border-color:#ebeaea;\">\n\t\t<ul class=\"slides\">\n\t\t\t\n\t\t\t\t\t\t\t\t\t\t\t\t\t\t<li><div  class=\"fusion-image-wrapper\" aria-haspopup=\"true\">\n\t\t\t\t<img decoding=\"async\" width=\"600\" height=\"300\" src=\"https:\/\/frank-haase-design.de\/wp-content\/uploads\/2024\/01\/2023_Logo-PHOENIX-mit-Wolken-1.jpg\" class=\"attachment-full size-full wp-post-image\" alt=\"\" srcset=\"https:\/\/frank-haase-design.de\/wp-content\/uploads\/2024\/01\/2023_Logo-PHOENIX-mit-Wolken-1-200x100.jpg 200w, https:\/\/frank-haase-design.de\/wp-content\/uploads\/2024\/01\/2023_Logo-PHOENIX-mit-Wolken-1-400x200.jpg 400w, https:\/\/frank-haase-design.de\/wp-content\/uploads\/2024\/01\/2023_Logo-PHOENIX-mit-Wolken-1.jpg 600w\" sizes=\"(max-width: 800px) 100vw, 40vw\" \/><div class=\"fusion-rollover\">\n\t<div class=\"fusion-rollover-content\">\n\n\t\t\t\t\t\t\t\t\t\t\n\t\t\t\t\t\t\t\t\t\t\t\t\t\t\n\t\t\t\t\t\t\t\t\n\t\t\t\t\t\t\t\t\n\t\t\t\t\t\t\t\t\t\t\t\t\t\t\t\t\t\t<a class=\"fusion-rollover-gallery\" href=\"https:\/\/frank-haase-design.de\/wp-content\/uploads\/2024\/01\/2023_Logo-PHOENIX-mit-Wolken-1.jpg\" data-id=\"3420\" data-rel=\"iLightbox[gallery]\" data-title=\"Abstract Smoke on black Background\" data-caption=\"Abstract Smoke or fog on black Background\">\n\t\t\t\t\t\tGallery\t\t\t\t\t<\/a>\n\t\t\t\t\t\t\t\t\t\t\t\t\t\t\n\t\t\n\t\t\t\t\t\t\t\t\n\t\t\t\t\t\t\t\t\n\t\t\n\t\t\t\t\t\t<a class=\"fusion-link-wrapper\" href=\"https:\/\/frank-haase-design.de\/en\/logo-for-the-first-kinetic-sculpture\/\" aria-label=\"Logo for the first kinetic sculpture\"><\/a>\n\t<\/div>\n<\/div>\n<\/div>\n<\/li>\n\t\t\t\n\t\t\t\n\t\t\t\t\t\t\t\t\t\t\t\t\t\t\t\t\t\t\t\t\t\t\t\t\t\t\t\t\t\t\t\t\t\t\t\t\t\t\t\t\t\t\t\t\t\t\t\t\t\t\t\t\t\t\t\t\t\t\t\t\t\t\t\t\t\t\t\t<\/ul>\n\t<\/div>\n\t<div class=\"fusion-post-content-wrapper\" style=\"padding:30px 25px 20px 25px;\"><div class=\"fusion-post-content post-content\"><div class=\"fusion-timeline-circle\" style=\"background-color:#ebeaea;\"><\/div><div class=\"fusion-timeline-arrow\" style=\"color:#ebeaea;\"><\/div><h2 class=\"blog-shortcode-post-title entry-title\">Logo for the first kinetic sculpture<\/h2><div class=\"fusion-post-content-container\"><div class=\"fusion-fullwidth fullwidth-box fusion-builder-row-1-18 nonhundred-percent-fullwidth non-hundred-percent-height-scrolling\" style=\"--awb-border-radius-top-left:0px;--awb-border-radius-top-right:0px;--awb-border-radius-bottom-right:0px;--awb-border-radius-bottom-left:0px;--awb-flex-wrap:wrap;\" ><div class=\"fusion-builder-row fusion-row\"><div class=\"fusion-layout-column fusion_builder_column fusion-builder-column-18 fusion_builder_column_1_1 1_1 fusion-one-full fusion-column-first fusion-column-last\" style=\"--awb-bg-size:cover;\"><div class=\"fusion-column-wrapper fusion-flex-column-wrapper-legacy\"><div class=\"fusion-text fusion-text-18\"><p>The PHOENIX is \u200b\u200bthe mythical bird that burns or dies at the end of its life cycle and then re-emerges from its decaying body or from its own ashes. My first kinetic sculpture addresses this narrative of endless ups and downs. The logo is already finished, with a graphic reference to the sculpture&#8217;s electric drive.<\/p>\n<\/div><div class=\"fusion-clearfix\"><\/div><\/div><\/div><\/div><\/div>\n<\/div><\/div><\/div><div class=\"fusion-clearfix\"><\/div><\/div>\n<\/article>\n<\/div><h3 class=\"fusion-timeline-date\" style=\"background-color:#ebeaea;\">October 2023<\/h3><div class=\"fusion-collapse-month\"><article id=\"blog-1-post-3406\" style=\"border-color:#ebeaea;\" class=\"fusion-post-timeline fusion-clearfix fusion-left-column post-3406 post type-post status-publish format-standard has-post-thumbnail hentry category-news-en\">\n<div class=\"fusion-post-wrapper\" style=\"background-color:rgba(255,255,255,0);\">\n\n\t\t\t<div class=\"fusion-flexslider flexslider fusion-flexslider-loading fusion-post-slideshow\" style=\"border-color:#ebeaea;\">\n\t\t<ul class=\"slides\">\n\t\t\t\n\t\t\t\t\t\t\t\t\t\t\t\t\t\t<li><div  class=\"fusion-image-wrapper\" aria-haspopup=\"true\">\n\t\t\t\t<img decoding=\"async\" width=\"600\" height=\"300\" src=\"https:\/\/frank-haase-design.de\/wp-content\/uploads\/2023\/11\/2023_Biennale-f\u00fcr-Miniaturen-Tuzla-1.jpg\" class=\"attachment-full size-full wp-post-image\" alt=\"\" srcset=\"https:\/\/frank-haase-design.de\/wp-content\/uploads\/2023\/11\/2023_Biennale-f\u00fcr-Miniaturen-Tuzla-1-200x100.jpg 200w, https:\/\/frank-haase-design.de\/wp-content\/uploads\/2023\/11\/2023_Biennale-f\u00fcr-Miniaturen-Tuzla-1-400x200.jpg 400w, https:\/\/frank-haase-design.de\/wp-content\/uploads\/2023\/11\/2023_Biennale-f\u00fcr-Miniaturen-Tuzla-1.jpg 600w\" sizes=\"(max-width: 800px) 100vw, 40vw\" \/><div class=\"fusion-rollover\">\n\t<div class=\"fusion-rollover-content\">\n\n\t\t\t\t\t\t\t\t\t\t\n\t\t\t\t\t\t\t\t\t\t\t\t\t\t\n\t\t\t\t\t\t\t\t\n\t\t\t\t\t\t\t\t\n\t\t\t\t\t\t\t\t\t\t\t\t\t\t\t\t\t\t<a class=\"fusion-rollover-gallery\" href=\"https:\/\/frank-haase-design.de\/wp-content\/uploads\/2023\/11\/2023_Biennale-f\u00fcr-Miniaturen-Tuzla-1.jpg\" data-id=\"3406\" data-rel=\"iLightbox[gallery]\" data-title=\"2023_Biennale f\u00fcr Miniaturen Tuzla\" data-caption=\"\">\n\t\t\t\t\t\tGallery\t\t\t\t\t<\/a>\n\t\t\t\t\t\t\t\t\t\t\t\t\t\t\n\t\t\n\t\t\t\t\t\t\t\t\n\t\t\t\t\t\t\t\t\n\t\t\n\t\t\t\t\t\t<a class=\"fusion-link-wrapper\" href=\"https:\/\/frank-haase-design.de\/en\/12th-international-biennale-for-miniature-art\/\" aria-label=\"12th International Biennale for Miniature Art\"><\/a>\n\t<\/div>\n<\/div>\n<\/div>\n<\/li>\n\t\t\t\n\t\t\t\n\t\t\t\t\t\t\t\t\t\t\t\t\t\t\t\t\t\t\t\t\t\t\t\t\t\t\t\t\t\t\t\t\t\t\t\t\t\t\t\t\t\t\t\t\t\t\t\t\t\t\t\t\t\t\t\t\t\t\t\t\t\t\t\t\t\t\t\t<\/ul>\n\t<\/div>\n\t<div class=\"fusion-post-content-wrapper\" style=\"padding:30px 25px 20px 25px;\"><div class=\"fusion-post-content post-content\"><div class=\"fusion-timeline-circle\" style=\"background-color:#ebeaea;\"><\/div><div class=\"fusion-timeline-arrow\" style=\"color:#ebeaea;\"><\/div><h2 class=\"blog-shortcode-post-title entry-title\">12th International Biennale for Miniature Art<\/h2><div class=\"fusion-post-content-container\"><div class=\"fusion-fullwidth fullwidth-box fusion-builder-row-1-19 nonhundred-percent-fullwidth non-hundred-percent-height-scrolling\" style=\"--awb-border-radius-top-left:0px;--awb-border-radius-top-right:0px;--awb-border-radius-bottom-right:0px;--awb-border-radius-bottom-left:0px;--awb-flex-wrap:wrap;\" ><div class=\"fusion-builder-row fusion-row\"><div class=\"fusion-layout-column fusion_builder_column fusion-builder-column-19 fusion_builder_column_1_1 1_1 fusion-one-full fusion-column-first fusion-column-last\" style=\"--awb-bg-size:cover;\"><div class=\"fusion-column-wrapper fusion-flex-column-wrapper-legacy\"><div class=\"fusion-text fusion-text-19\"><p>I am pleased that my small sculpture was juried at the 12th International Biennale of Miniature Art in Tuzla, Bosnia and Herzegovina. The small sculptures may not exceed 10 cm in height, length and width. My little gold-colored but storm-torn flag \u201cThe End of Glory\u201d is now on display there in the cultural center.<\/p>\n<\/div><div class=\"fusion-clearfix\"><\/div><\/div><\/div><\/div><\/div>\n<\/div><\/div><\/div><div class=\"fusion-clearfix\"><\/div><\/div>\n<\/article>\n<article id=\"blog-1-post-3401\" style=\"border-color:#ebeaea;\" class=\"fusion-post-timeline fusion-clearfix fusion-right-column post-3401 post type-post status-publish format-standard has-post-thumbnail hentry category-news-en\">\n<div class=\"fusion-post-wrapper\" style=\"background-color:rgba(255,255,255,0);\">\n\n\t\t\t<div class=\"fusion-flexslider flexslider fusion-flexslider-loading fusion-post-slideshow\" style=\"border-color:#ebeaea;\">\n\t\t<ul class=\"slides\">\n\t\t\t\n\t\t\t\t\t\t\t\t\t\t\t\t\t\t<li><div  class=\"fusion-image-wrapper\" aria-haspopup=\"true\">\n\t\t\t\t<img decoding=\"async\" width=\"600\" height=\"300\" src=\"https:\/\/frank-haase-design.de\/wp-content\/uploads\/2023\/11\/2023_Kinetische-Skulptur-PHOENIX_UV-Verklebung-1.jpg\" class=\"attachment-full size-full wp-post-image\" alt=\"\" srcset=\"https:\/\/frank-haase-design.de\/wp-content\/uploads\/2023\/11\/2023_Kinetische-Skulptur-PHOENIX_UV-Verklebung-1-200x100.jpg 200w, https:\/\/frank-haase-design.de\/wp-content\/uploads\/2023\/11\/2023_Kinetische-Skulptur-PHOENIX_UV-Verklebung-1-400x200.jpg 400w, https:\/\/frank-haase-design.de\/wp-content\/uploads\/2023\/11\/2023_Kinetische-Skulptur-PHOENIX_UV-Verklebung-1.jpg 600w\" sizes=\"(max-width: 800px) 100vw, 40vw\" \/><div class=\"fusion-rollover\">\n\t<div class=\"fusion-rollover-content\">\n\n\t\t\t\t\t\t\t\t\t\t\n\t\t\t\t\t\t\t\t\t\t\t\t\t\t\n\t\t\t\t\t\t\t\t\n\t\t\t\t\t\t\t\t\n\t\t\t\t\t\t\t\t\t\t\t\t\t\t\t\t\t\t<a class=\"fusion-rollover-gallery\" href=\"https:\/\/frank-haase-design.de\/wp-content\/uploads\/2023\/11\/2023_Kinetische-Skulptur-PHOENIX_UV-Verklebung-1.jpg\" data-id=\"3401\" data-rel=\"iLightbox[gallery]\" data-title=\"2023_Kinetische Skulptur PHOENIX_UV-Verklebung\" data-caption=\"\">\n\t\t\t\t\t\tGallery\t\t\t\t\t<\/a>\n\t\t\t\t\t\t\t\t\t\t\t\t\t\t\n\t\t\n\t\t\t\t\t\t\t\t\n\t\t\t\t\t\t\t\t\n\t\t\n\t\t\t\t\t\t<a class=\"fusion-link-wrapper\" href=\"https:\/\/frank-haase-design.de\/en\/my-first-kinetic-sculpture\/\" aria-label=\"My first kinetic sculpture\"><\/a>\n\t<\/div>\n<\/div>\n<\/div>\n<\/li>\n\t\t\t\n\t\t\t\n\t\t\t\t\t\t\t\t\t\t\t\t\t\t\t\t\t\t\t\t\t\t\t\t\t\t\t\t\t\t\t\t\t\t\t\t\t\t\t\t\t\t\t\t\t\t\t\t\t\t\t\t\t\t\t\t\t\t\t\t\t\t\t\t\t\t\t\t<\/ul>\n\t<\/div>\n\t<div class=\"fusion-post-content-wrapper\" style=\"padding:30px 25px 20px 25px;\"><div class=\"fusion-post-content post-content\"><div class=\"fusion-timeline-circle\" style=\"background-color:#ebeaea;\"><\/div><div class=\"fusion-timeline-arrow\" style=\"color:#ebeaea;\"><\/div><h2 class=\"blog-shortcode-post-title entry-title\">My first kinetic sculpture<\/h2><div class=\"fusion-post-content-container\"><div class=\"fusion-fullwidth fullwidth-box fusion-builder-row-1-20 nonhundred-percent-fullwidth non-hundred-percent-height-scrolling\" style=\"--awb-border-radius-top-left:0px;--awb-border-radius-top-right:0px;--awb-border-radius-bottom-right:0px;--awb-border-radius-bottom-left:0px;--awb-flex-wrap:wrap;\" ><div class=\"fusion-builder-row fusion-row\"><div class=\"fusion-layout-column fusion_builder_column fusion-builder-column-20 fusion_builder_column_1_1 1_1 fusion-one-full fusion-column-first fusion-column-last\" style=\"--awb-bg-size:cover;\"><div class=\"fusion-column-wrapper fusion-flex-column-wrapper-legacy\"><div class=\"fusion-text fusion-text-20\"><p>My first kinetic sculpture is in progress \u2013 for my exhibition \u201c<em>In Bewegung (In Motion)!<\/em>\u201d at the Parktheater Iserlohn. The PHOENIX will be on display from January 14th to March 10th, 2024. The hanging sculpture is powered by an electric motor, consists, among other things, of 461 laser-cut plastic parts and has 72 moving elements.<\/p>\n<\/div><div class=\"fusion-clearfix\"><\/div><\/div><\/div><\/div><\/div>\n<\/div><\/div><\/div><div class=\"fusion-clearfix\"><\/div><\/div>\n<\/article>\n<\/div><h3 class=\"fusion-timeline-date\" style=\"background-color:#ebeaea;\">September 2023<\/h3><div class=\"fusion-collapse-month\"><article id=\"blog-1-post-3393\" style=\"border-color:#ebeaea;\" class=\"fusion-post-timeline fusion-clearfix fusion-left-column post-3393 post type-post status-publish format-standard has-post-thumbnail hentry category-news-en\">\n<div class=\"fusion-post-wrapper\" style=\"background-color:rgba(255,255,255,0);\">\n\n\t\t\t<div class=\"fusion-flexslider flexslider fusion-flexslider-loading fusion-post-slideshow\" style=\"border-color:#ebeaea;\">\n\t\t<ul class=\"slides\">\n\t\t\t\n\t\t\t\t\t\t\t\t\t\t\t\t\t\t<li><div  class=\"fusion-image-wrapper\" aria-haspopup=\"true\">\n\t\t\t\t<img decoding=\"async\" width=\"600\" height=\"300\" src=\"https:\/\/frank-haase-design.de\/wp-content\/uploads\/2023\/11\/2023_Kunstwerk-f\u00fcr-Kreisel-in-Letmathe-1.jpg\" class=\"attachment-full size-full wp-post-image\" alt=\"\" srcset=\"https:\/\/frank-haase-design.de\/wp-content\/uploads\/2023\/11\/2023_Kunstwerk-f\u00fcr-Kreisel-in-Letmathe-1-200x100.jpg 200w, https:\/\/frank-haase-design.de\/wp-content\/uploads\/2023\/11\/2023_Kunstwerk-f\u00fcr-Kreisel-in-Letmathe-1-400x200.jpg 400w, https:\/\/frank-haase-design.de\/wp-content\/uploads\/2023\/11\/2023_Kunstwerk-f\u00fcr-Kreisel-in-Letmathe-1.jpg 600w\" sizes=\"(max-width: 800px) 100vw, 40vw\" \/><div class=\"fusion-rollover\">\n\t<div class=\"fusion-rollover-content\">\n\n\t\t\t\t\t\t\t\t\t\t\n\t\t\t\t\t\t\t\t\t\t\t\t\t\t\n\t\t\t\t\t\t\t\t\n\t\t\t\t\t\t\t\t\n\t\t\t\t\t\t\t\t\t\t\t\t\t\t\t\t\t\t<a class=\"fusion-rollover-gallery\" href=\"https:\/\/frank-haase-design.de\/wp-content\/uploads\/2023\/11\/2023_Kunstwerk-f\u00fcr-Kreisel-in-Letmathe-1.jpg\" data-id=\"3393\" data-rel=\"iLightbox[gallery]\" data-title=\"2023_Kunstwerk f\u00fcr Kreisel in Letmathe\" data-caption=\"\">\n\t\t\t\t\t\tGallery\t\t\t\t\t<\/a>\n\t\t\t\t\t\t\t\t\t\t\t\t\t\t\n\t\t\n\t\t\t\t\t\t\t\t\n\t\t\t\t\t\t\t\t\n\t\t\n\t\t\t\t\t\t<a class=\"fusion-link-wrapper\" href=\"https:\/\/frank-haase-design.de\/en\/artwork-for-roundabout-in-letmathe\/\" aria-label=\"Artwork for roundabout in Letmathe\"><\/a>\n\t<\/div>\n<\/div>\n<\/div>\n<\/li>\n\t\t\t\n\t\t\t\n\t\t\t\t\t\t\t\t\t\t\t\t\t\t\t\t\t\t\t\t\t\t\t\t\t\t\t\t\t\t\t\t\t\t\t\t\t\t\t\t\t\t\t\t\t\t\t\t\t\t\t\t\t\t\t\t\t\t\t\t\t\t\t\t\t\t\t\t<\/ul>\n\t<\/div>\n\t<div class=\"fusion-post-content-wrapper\" style=\"padding:30px 25px 20px 25px;\"><div class=\"fusion-post-content post-content\"><div class=\"fusion-timeline-circle\" style=\"background-color:#ebeaea;\"><\/div><div class=\"fusion-timeline-arrow\" style=\"color:#ebeaea;\"><\/div><h2 class=\"blog-shortcode-post-title entry-title\">Artwork for roundabout in Letmathe<\/h2><div class=\"fusion-post-content-container\"><div class=\"fusion-fullwidth fullwidth-box fusion-builder-row-1-21 nonhundred-percent-fullwidth non-hundred-percent-height-scrolling\" style=\"--awb-border-radius-top-left:0px;--awb-border-radius-top-right:0px;--awb-border-radius-bottom-right:0px;--awb-border-radius-bottom-left:0px;--awb-flex-wrap:wrap;\" ><div class=\"fusion-builder-row fusion-row\"><div class=\"fusion-layout-column fusion_builder_column fusion-builder-column-21 fusion_builder_column_1_1 1_1 fusion-one-full fusion-column-first fusion-column-last\" style=\"--awb-bg-size:cover;\"><div class=\"fusion-column-wrapper fusion-flex-column-wrapper-legacy\"><div class=\"fusion-text fusion-text-21\"><p>On September 20th, I presented my design for a work of art on the new roundabout in Iserlohn-Letmathe to representatives from politics and society. The slim pylon, 15 m high, carries an inclined disk that shows the network of streets in a reduced size. The work of art takes up an archetypal, basic design principle of carousels and is also reminiscent of the Kiliankirmes in Letmathe, which had its origins here and can look back on a 565-year history.<\/p>\n<\/div><div class=\"fusion-clearfix\"><\/div><\/div><\/div><\/div><\/div>\n<\/div><\/div><\/div><div class=\"fusion-clearfix\"><\/div><\/div>\n<\/article>\n<\/div><h3 class=\"fusion-timeline-date\" style=\"background-color:#ebeaea;\">August 2023<\/h3><div class=\"fusion-collapse-month\"><article id=\"blog-1-post-3384\" style=\"border-color:#ebeaea;\" class=\"fusion-post-timeline fusion-clearfix fusion-right-column post-3384 post type-post status-publish format-standard has-post-thumbnail hentry category-news-en\">\n<div class=\"fusion-post-wrapper\" style=\"background-color:rgba(255,255,255,0);\">\n\n\t\t\t<div class=\"fusion-flexslider flexslider fusion-flexslider-loading fusion-post-slideshow\" style=\"border-color:#ebeaea;\">\n\t\t<ul class=\"slides\">\n\t\t\t\n\t\t\t\t\t\t\t\t\t\t\t\t\t\t<li><div  class=\"fusion-image-wrapper\" aria-haspopup=\"true\">\n\t\t\t\t<img decoding=\"async\" width=\"600\" height=\"300\" src=\"https:\/\/frank-haase-design.de\/wp-content\/uploads\/2023\/08\/2023_Arte-Povera-1.jpg\" class=\"attachment-full size-full wp-post-image\" alt=\"\" srcset=\"https:\/\/frank-haase-design.de\/wp-content\/uploads\/2023\/08\/2023_Arte-Povera-1-200x100.jpg 200w, https:\/\/frank-haase-design.de\/wp-content\/uploads\/2023\/08\/2023_Arte-Povera-1-400x200.jpg 400w, https:\/\/frank-haase-design.de\/wp-content\/uploads\/2023\/08\/2023_Arte-Povera-1.jpg 600w\" sizes=\"(max-width: 800px) 100vw, 40vw\" \/><div class=\"fusion-rollover\">\n\t<div class=\"fusion-rollover-content\">\n\n\t\t\t\t\t\t\t\t\t\t\n\t\t\t\t\t\t\t\t\t\t\t\t\t\t\n\t\t\t\t\t\t\t\t\n\t\t\t\t\t\t\t\t\n\t\t\t\t\t\t\t\t\t\t\t\t\t\t\t\t\t\t<a class=\"fusion-rollover-gallery\" href=\"https:\/\/frank-haase-design.de\/wp-content\/uploads\/2023\/08\/2023_Arte-Povera-1.jpg\" data-id=\"3384\" data-rel=\"iLightbox[gallery]\" data-title=\"2023_Arte Povera\" data-caption=\"\">\n\t\t\t\t\t\tGallery\t\t\t\t\t<\/a>\n\t\t\t\t\t\t\t\t\t\t\t\t\t\t\n\t\t\n\t\t\t\t\t\t\t\t\n\t\t\t\t\t\t\t\t\n\t\t\n\t\t\t\t\t\t<a class=\"fusion-link-wrapper\" href=\"https:\/\/frank-haase-design.de\/en\/first-acrylic-paintings-on-waste-material\/\" aria-label=\"First acrylic paintings on waste material\"><\/a>\n\t<\/div>\n<\/div>\n<\/div>\n<\/li>\n\t\t\t\n\t\t\t\n\t\t\t\t\t\t\t\t\t\t\t\t\t\t\t\t\t\t\t\t\t\t\t\t\t\t\t\t\t\t\t\t\t\t\t\t\t\t\t\t\t\t\t\t\t\t\t\t\t\t\t\t\t\t\t\t\t\t\t\t\t\t\t\t\t\t\t\t<\/ul>\n\t<\/div>\n\t<div class=\"fusion-post-content-wrapper\" style=\"padding:30px 25px 20px 25px;\"><div class=\"fusion-post-content post-content\"><div class=\"fusion-timeline-circle\" style=\"background-color:#ebeaea;\"><\/div><div class=\"fusion-timeline-arrow\" style=\"color:#ebeaea;\"><\/div><h2 class=\"blog-shortcode-post-title entry-title\">First acrylic paintings on waste material<\/h2><div class=\"fusion-post-content-container\"><div class=\"fusion-fullwidth fullwidth-box fusion-builder-row-1-22 nonhundred-percent-fullwidth non-hundred-percent-height-scrolling\" style=\"--awb-border-radius-top-left:0px;--awb-border-radius-top-right:0px;--awb-border-radius-bottom-right:0px;--awb-border-radius-bottom-left:0px;--awb-flex-wrap:wrap;\" ><div class=\"fusion-builder-row fusion-row\"><div class=\"fusion-layout-column fusion_builder_column fusion-builder-column-22 fusion_builder_column_1_1 1_1 fusion-one-full fusion-column-first fusion-column-last\" style=\"--awb-bg-size:cover;\"><div class=\"fusion-column-wrapper fusion-flex-column-wrapper-legacy\"><div class=\"fusion-text fusion-text-22\"><p>Sustainability and upcycling also work in art! My first paintings on old cardboard are ready. The subject and motif have been chosen in such a way that the works can be shown in my exhibition \u201cIn Bewegung! (On the Move!)&#8221;.<\/p>\n<\/div><div class=\"fusion-clearfix\"><\/div><\/div><\/div><\/div><\/div>\n<\/div><\/div><\/div><div class=\"fusion-clearfix\"><\/div><\/div>\n<\/article>\n<\/div><h3 class=\"fusion-timeline-date\" style=\"background-color:#ebeaea;\">July 2023<\/h3><div class=\"fusion-collapse-month\"><article id=\"blog-1-post-3378\" style=\"border-color:#ebeaea;\" class=\"fusion-post-timeline fusion-clearfix fusion-left-column post-3378 post type-post status-publish format-standard has-post-thumbnail hentry category-news-en\">\n<div class=\"fusion-post-wrapper\" style=\"background-color:rgba(255,255,255,0);\">\n\n\t\t\t<div class=\"fusion-flexslider flexslider fusion-flexslider-loading fusion-post-slideshow\" style=\"border-color:#ebeaea;\">\n\t\t<ul class=\"slides\">\n\t\t\t\n\t\t\t\t\t\t\t\t\t\t\t\t\t\t<li><div  class=\"fusion-image-wrapper\" aria-haspopup=\"true\">\n\t\t\t\t<img decoding=\"async\" width=\"1200\" height=\"600\" src=\"https:\/\/frank-haase-design.de\/wp-content\/uploads\/2023\/07\/2023_Film-Trailer-Ausstellung-In-Bewegung.jpg\" class=\"attachment-full size-full wp-post-image\" alt=\"\" srcset=\"https:\/\/frank-haase-design.de\/wp-content\/uploads\/2023\/07\/2023_Film-Trailer-Ausstellung-In-Bewegung-200x100.jpg 200w, https:\/\/frank-haase-design.de\/wp-content\/uploads\/2023\/07\/2023_Film-Trailer-Ausstellung-In-Bewegung-400x200.jpg 400w, https:\/\/frank-haase-design.de\/wp-content\/uploads\/2023\/07\/2023_Film-Trailer-Ausstellung-In-Bewegung-600x300.jpg 600w, https:\/\/frank-haase-design.de\/wp-content\/uploads\/2023\/07\/2023_Film-Trailer-Ausstellung-In-Bewegung-800x400.jpg 800w, https:\/\/frank-haase-design.de\/wp-content\/uploads\/2023\/07\/2023_Film-Trailer-Ausstellung-In-Bewegung.jpg 1200w\" sizes=\"(max-width: 800px) 100vw, 40vw\" \/><div class=\"fusion-rollover\">\n\t<div class=\"fusion-rollover-content\">\n\n\t\t\t\t\t\t\t\t\t\t\n\t\t\t\t\t\t\t\t\t\t\t\t\t\t\n\t\t\t\t\t\t\t\t\n\t\t\t\t\t\t\t\t\n\t\t\t\t\t\t\t\t\t\t\t\t\t\t\t\t\t\t<a class=\"fusion-rollover-gallery\" href=\"https:\/\/frank-haase-design.de\/wp-content\/uploads\/2023\/07\/2023_Film-Trailer-Ausstellung-In-Bewegung.jpg\" data-id=\"3378\" data-rel=\"iLightbox[gallery]\" data-title=\"2023_Film Trailer Ausstellung In Bewegung\" data-caption=\"\">\n\t\t\t\t\t\tGallery\t\t\t\t\t<\/a>\n\t\t\t\t\t\t\t\t\t\t\t\t\t\t\n\t\t\n\t\t\t\t\t\t\t\t\n\t\t\t\t\t\t\t\t\n\t\t\n\t\t\t\t\t\t<a class=\"fusion-link-wrapper\" href=\"https:\/\/www.youtube.com\/watch?v=usP40WxOUMY\" target=\"_blank\" aria-label=\"Trailer for the exhibition &#8220;In Bewegung!&#8221;\"><\/a>\n\t<\/div>\n<\/div>\n<\/div>\n<\/li>\n\t\t\t\n\t\t\t\n\t\t\t\t\t\t\t\t\t\t\t\t\t\t\t\t\t\t\t\t\t\t\t\t\t\t\t\t\t\t\t\t\t\t\t\t\t\t\t\t\t\t\t\t\t\t\t\t\t\t\t\t\t\t\t\t\t\t\t\t\t\t\t\t\t\t\t\t<\/ul>\n\t<\/div>\n\t<div class=\"fusion-post-content-wrapper\" style=\"padding:30px 25px 20px 25px;\"><div class=\"fusion-post-content post-content\"><div class=\"fusion-timeline-circle\" style=\"background-color:#ebeaea;\"><\/div><div class=\"fusion-timeline-arrow\" style=\"color:#ebeaea;\"><\/div><h2 class=\"blog-shortcode-post-title entry-title\">Trailer for the exhibition &#8220;In Bewegung!&#8221;<\/h2><div class=\"fusion-post-content-container\"><div class=\"fusion-fullwidth fullwidth-box fusion-builder-row-1-23 nonhundred-percent-fullwidth non-hundred-percent-height-scrolling\" style=\"--awb-border-radius-top-left:0px;--awb-border-radius-top-right:0px;--awb-border-radius-bottom-right:0px;--awb-border-radius-bottom-left:0px;--awb-flex-wrap:wrap;\" ><div class=\"fusion-builder-row fusion-row\"><div class=\"fusion-layout-column fusion_builder_column fusion-builder-column-23 fusion_builder_column_1_1 1_1 fusion-one-full fusion-column-first fusion-column-last\" style=\"--awb-bg-size:cover;\"><div class=\"fusion-column-wrapper fusion-flex-column-wrapper-legacy\"><div class=\"fusion-text fusion-text-23\"><p>In exactly six months my exhibition \u201eIn Bewegung! (On the Move!)&#8221; will open. That&#8217;s why I published a <a href=\"https:\/\/www.youtube.com\/watch?v=usP40WxOUMY\" target=\"_blank\" rel=\"noopener\">first trailer<\/a> on July 14th. This trailer only shows my small dance pictures in ink on paper. However, the exhibition in the Parktheater Iserlohn will show several groups of works, including my first kinetic sculptures.<\/p>\n<\/div><div class=\"fusion-clearfix\"><\/div><\/div><\/div><\/div><\/div>\n<\/div><\/div><\/div><div class=\"fusion-clearfix\"><\/div><\/div>\n<\/article>\n<\/div><h3 class=\"fusion-timeline-date\" style=\"background-color:#ebeaea;\">May 2023<\/h3><div class=\"fusion-collapse-month\"><article id=\"blog-1-post-3370\" style=\"border-color:#ebeaea;\" class=\"fusion-post-timeline fusion-clearfix fusion-right-column post-3370 post type-post status-publish format-standard has-post-thumbnail hentry category-news-en\">\n<div class=\"fusion-post-wrapper\" style=\"background-color:rgba(255,255,255,0);\">\n\n\t\t\t<div class=\"fusion-flexslider flexslider fusion-flexslider-loading fusion-post-slideshow\" style=\"border-color:#ebeaea;\">\n\t\t<ul class=\"slides\">\n\t\t\t\n\t\t\t\t\t\t\t\t\t\t\t\t\t\t<li><div  class=\"fusion-image-wrapper\" aria-haspopup=\"true\">\n\t\t\t\t<img decoding=\"async\" width=\"600\" height=\"300\" src=\"https:\/\/frank-haase-design.de\/wp-content\/uploads\/2023\/08\/2023_10-Jahre-Friedensleuchter-Viersen-1.jpg\" class=\"attachment-full size-full wp-post-image\" alt=\"\" srcset=\"https:\/\/frank-haase-design.de\/wp-content\/uploads\/2023\/08\/2023_10-Jahre-Friedensleuchter-Viersen-1-200x100.jpg 200w, https:\/\/frank-haase-design.de\/wp-content\/uploads\/2023\/08\/2023_10-Jahre-Friedensleuchter-Viersen-1-400x200.jpg 400w, https:\/\/frank-haase-design.de\/wp-content\/uploads\/2023\/08\/2023_10-Jahre-Friedensleuchter-Viersen-1.jpg 600w\" sizes=\"(max-width: 800px) 100vw, 40vw\" \/><div class=\"fusion-rollover\">\n\t<div class=\"fusion-rollover-content\">\n\n\t\t\t\t\t\t\t\t\t\t\n\t\t\t\t\t\t\t\t\t\t\t\t\t\t\n\t\t\t\t\t\t\t\t\n\t\t\t\t\t\t\t\t\n\t\t\t\t\t\t\t\t\t\t\t\t\t\t\t\t\t\t<a class=\"fusion-rollover-gallery\" href=\"https:\/\/frank-haase-design.de\/wp-content\/uploads\/2023\/08\/2023_10-Jahre-Friedensleuchter-Viersen-1.jpg\" data-id=\"3370\" data-rel=\"iLightbox[gallery]\" data-title=\"2023_10 Jahre Friedensleuchter Viersen\" data-caption=\"\">\n\t\t\t\t\t\tGallery\t\t\t\t\t<\/a>\n\t\t\t\t\t\t\t\t\t\t\t\t\t\t\n\t\t\n\t\t\t\t\t\t\t\t\n\t\t\t\t\t\t\t\t\n\t\t\n\t\t\t\t\t\t<a class=\"fusion-link-wrapper\" href=\"https:\/\/frank-haase-design.de\/en\/10-years-candleholder-for-a-church-in-viersen\/\" aria-label=\"10 years candleholder in Viersen\"><\/a>\n\t<\/div>\n<\/div>\n<\/div>\n<\/li>\n\t\t\t\n\t\t\t\n\t\t\t\t\t\t\t\t\t\t\t\t\t\t\t\t\t\t\t\t\t\t\t\t\t\t\t\t\t\t\t\t\t\t\t\t\t\t\t\t\t\t\t\t\t\t\t\t\t\t\t\t\t\t\t\t\t\t\t\t\t\t\t\t\t\t\t\t<\/ul>\n\t<\/div>\n\t<div class=\"fusion-post-content-wrapper\" style=\"padding:30px 25px 20px 25px;\"><div class=\"fusion-post-content post-content\"><div class=\"fusion-timeline-circle\" style=\"background-color:#ebeaea;\"><\/div><div class=\"fusion-timeline-arrow\" style=\"color:#ebeaea;\"><\/div><h2 class=\"blog-shortcode-post-title entry-title\">10 years candleholder in Viersen<\/h2><div class=\"fusion-post-content-container\"><div class=\"fusion-fullwidth fullwidth-box fusion-builder-row-1-24 nonhundred-percent-fullwidth non-hundred-percent-height-scrolling\" style=\"--awb-border-radius-top-left:0px;--awb-border-radius-top-right:0px;--awb-border-radius-bottom-right:0px;--awb-border-radius-bottom-left:0px;--awb-flex-wrap:wrap;\" ><div class=\"fusion-builder-row fusion-row\"><div class=\"fusion-layout-column fusion_builder_column fusion-builder-column-24 fusion_builder_column_1_1 1_1 fusion-one-full fusion-column-first fusion-column-last\" style=\"--awb-bg-size:cover;\"><div class=\"fusion-column-wrapper fusion-flex-column-wrapper-legacy\"><div class=\"fusion-text fusion-text-24\"><p>On May 19, 2013, the peace candleholder was included in the liturgy for the first time in the Evangelical Kreuzkirche in Viersen. The special thing about this chandelier is its base, which is made entirely of glass. The matt glass, which shines through the incident light, not only gives the globe optical lightness, but also bears the weight of the steel sphere.<\/p>\n<\/div><div class=\"fusion-clearfix\"><\/div><\/div><\/div><\/div><\/div>\n<\/div><\/div><\/div><div class=\"fusion-clearfix\"><\/div><\/div>\n<\/article>\n<\/div><h3 class=\"fusion-timeline-date\" style=\"background-color:#ebeaea;\">March 2023<\/h3><div class=\"fusion-collapse-month\"><article id=\"blog-1-post-3355\" style=\"border-color:#ebeaea;\" class=\"fusion-post-timeline fusion-clearfix fusion-left-column post-3355 post type-post status-publish format-standard has-post-thumbnail hentry category-news-en\">\n<div class=\"fusion-post-wrapper\" style=\"background-color:rgba(255,255,255,0);\">\n\n\t\t\t<div class=\"fusion-flexslider flexslider fusion-flexslider-loading fusion-post-slideshow\" style=\"border-color:#ebeaea;\">\n\t\t<ul class=\"slides\">\n\t\t\t\n\t\t\t\t\t\t\t\t\t\t\t\t\t\t<li><div  class=\"fusion-image-wrapper\" aria-haspopup=\"true\">\n\t\t\t\t<img decoding=\"async\" width=\"600\" height=\"300\" src=\"https:\/\/frank-haase-design.de\/wp-content\/uploads\/2023\/03\/2023_Frozen-Waves-1.jpg\" class=\"attachment-full size-full wp-post-image\" alt=\"\" srcset=\"https:\/\/frank-haase-design.de\/wp-content\/uploads\/2023\/03\/2023_Frozen-Waves-1-200x100.jpg 200w, https:\/\/frank-haase-design.de\/wp-content\/uploads\/2023\/03\/2023_Frozen-Waves-1-400x200.jpg 400w, https:\/\/frank-haase-design.de\/wp-content\/uploads\/2023\/03\/2023_Frozen-Waves-1.jpg 600w\" sizes=\"(max-width: 800px) 100vw, 40vw\" \/><div class=\"fusion-rollover\">\n\t<div class=\"fusion-rollover-content\">\n\n\t\t\t\t\t\t\t\t\t\t\n\t\t\t\t\t\t\t\t\t\t\t\t\t\t\n\t\t\t\t\t\t\t\t\n\t\t\t\t\t\t\t\t\n\t\t\t\t\t\t\t\t\t\t\t\t\t\t\t\t\t\t<a class=\"fusion-rollover-gallery\" href=\"https:\/\/frank-haase-design.de\/wp-content\/uploads\/2023\/03\/2023_Frozen-Waves-1.jpg\" data-id=\"3355\" data-rel=\"iLightbox[gallery]\" data-title=\"2023_Frozen Waves\" data-caption=\"\">\n\t\t\t\t\t\tGallery\t\t\t\t\t<\/a>\n\t\t\t\t\t\t\t\t\t\t\t\t\t\t\n\t\t\n\t\t\t\t\t\t\t\t\n\t\t\t\t\t\t\t\t\n\t\t\n\t\t\t\t\t\t<a class=\"fusion-link-wrapper\" href=\"https:\/\/frank-haase-design.de\/en\/my-first-digitally-generated-concrete-art\/\" aria-label=\"My first digitally generated concrete art\"><\/a>\n\t<\/div>\n<\/div>\n<\/div>\n<\/li>\n\t\t\t\n\t\t\t\n\t\t\t\t\t\t\t\t\t\t\t\t\t\t\t\t\t\t\t\t\t\t\t\t\t\t\t\t\t\t\t\t\t\t\t\t\t\t\t\t\t\t\t\t\t\t\t\t\t\t\t\t\t\t\t\t\t\t\t\t\t\t\t\t\t\t\t\t<\/ul>\n\t<\/div>\n\t<div class=\"fusion-post-content-wrapper\" style=\"padding:30px 25px 20px 25px;\"><div class=\"fusion-post-content post-content\"><div class=\"fusion-timeline-circle\" style=\"background-color:#ebeaea;\"><\/div><div class=\"fusion-timeline-arrow\" style=\"color:#ebeaea;\"><\/div><h2 class=\"blog-shortcode-post-title entry-title\">My first digitally generated concrete art<\/h2><div class=\"fusion-post-content-container\"><div class=\"fusion-fullwidth fullwidth-box fusion-builder-row-1-25 nonhundred-percent-fullwidth non-hundred-percent-height-scrolling\" style=\"--awb-border-radius-top-left:0px;--awb-border-radius-top-right:0px;--awb-border-radius-bottom-right:0px;--awb-border-radius-bottom-left:0px;--awb-flex-wrap:wrap;\" ><div class=\"fusion-builder-row fusion-row\"><div class=\"fusion-layout-column fusion_builder_column fusion-builder-column-25 fusion_builder_column_1_1 1_1 fusion-one-full fusion-column-first fusion-column-last\" style=\"--awb-bg-size:cover;\"><div class=\"fusion-column-wrapper fusion-flex-column-wrapper-legacy\"><div class=\"fusion-text fusion-text-25\"><p>Concrete art is not abstract because it does not abstract real objects. It is based on mathematical patterns that arise purely in the mind. &#8220;Frozen Waves&#8221; is my first object of this kind, a digitally generated network of hexagons that is moved. The work will be part of my solo exhibition \u201eIn Bewegung!\u201c (\u201eOn the move!\u201c), which will be on view at the Parktheater Iserlohn in 2024.<\/p>\n<\/div><div class=\"fusion-clearfix\"><\/div><\/div><\/div><\/div><\/div>\n<\/div><\/div><\/div><div class=\"fusion-clearfix\"><\/div><\/div>\n<\/article>\n<\/div><h3 class=\"fusion-timeline-date\" style=\"background-color:#ebeaea;\">September 2022<\/h3><div class=\"fusion-collapse-month\"><article id=\"blog-1-post-3334\" style=\"border-color:#ebeaea;\" class=\"fusion-post-timeline fusion-clearfix fusion-right-column post-3334 post type-post status-publish format-standard has-post-thumbnail hentry category-news-en\">\n<div class=\"fusion-post-wrapper\" style=\"background-color:rgba(255,255,255,0);\">\n\n\t\t\t<div class=\"fusion-flexslider flexslider fusion-flexslider-loading fusion-post-slideshow\" style=\"border-color:#ebeaea;\">\n\t\t<ul class=\"slides\">\n\t\t\t\n\t\t\t\t\t\t\t\t\t\t\t\t\t\t<li><div  class=\"fusion-image-wrapper\" aria-haspopup=\"true\">\n\t\t\t\t<img decoding=\"async\" width=\"600\" height=\"300\" src=\"https:\/\/frank-haase-design.de\/wp-content\/uploads\/2022\/09\/2022_UNPAINTED_I-love-my-PETs_artstore-1.jpg\" class=\"attachment-full size-full wp-post-image\" alt=\"\" srcset=\"https:\/\/frank-haase-design.de\/wp-content\/uploads\/2022\/09\/2022_UNPAINTED_I-love-my-PETs_artstore-1-200x100.jpg 200w, https:\/\/frank-haase-design.de\/wp-content\/uploads\/2022\/09\/2022_UNPAINTED_I-love-my-PETs_artstore-1-400x200.jpg 400w, https:\/\/frank-haase-design.de\/wp-content\/uploads\/2022\/09\/2022_UNPAINTED_I-love-my-PETs_artstore-1.jpg 600w\" sizes=\"(max-width: 800px) 100vw, 40vw\" \/><div class=\"fusion-rollover\">\n\t<div class=\"fusion-rollover-content\">\n\n\t\t\t\t\t\t\t\t\t\t\n\t\t\t\t\t\t\t\t\t\t\t\t\t\t\n\t\t\t\t\t\t\t\t\n\t\t\t\t\t\t\t\t\n\t\t\t\t\t\t\t\t\t\t\t\t\t\t\t\t\t\t<a class=\"fusion-rollover-gallery\" href=\"https:\/\/frank-haase-design.de\/wp-content\/uploads\/2022\/09\/2022_UNPAINTED_I-love-my-PETs_artstore-1.jpg\" data-id=\"3334\" data-rel=\"iLightbox[gallery]\" data-title=\"2022_UNPAINTED_I love my PETs_artstore\" data-caption=\"\">\n\t\t\t\t\t\tGallery\t\t\t\t\t<\/a>\n\t\t\t\t\t\t\t\t\t\t\t\t\t\t\n\t\t\n\t\t\t\t\t\t\t\t\n\t\t\t\t\t\t\t\t\n\t\t\n\t\t\t\t\t\t<a class=\"fusion-link-wrapper\" href=\"https:\/\/frank-haase-design.de\/en\/i-love-my-pets-as-nft-via-unpainted\/\" target=\"_blank\" aria-label=\"&#8220;I love my PETs&#8221; as NFT via UNPAINTED\"><\/a>\n\t<\/div>\n<\/div>\n<\/div>\n<\/li>\n\t\t\t\n\t\t\t\n\t\t\t\t\t\t\t\t\t\t\t\t\t\t\t\t\t\t\t\t\t\t\t\t\t\t\t\t\t\t\t\t\t\t\t\t\t\t\t\t\t\t\t\t\t\t\t\t\t\t\t\t\t\t\t\t\t\t\t\t\t\t\t\t\t\t\t\t<\/ul>\n\t<\/div>\n\t<div class=\"fusion-post-content-wrapper\" style=\"padding:30px 25px 20px 25px;\"><div class=\"fusion-post-content post-content\"><div class=\"fusion-timeline-circle\" style=\"background-color:#ebeaea;\"><\/div><div class=\"fusion-timeline-arrow\" style=\"color:#ebeaea;\"><\/div><h2 class=\"blog-shortcode-post-title entry-title\">&#8220;I love my PETs&#8221; as NFT via UNPAINTED<\/h2><div class=\"fusion-post-content-container\"><div class=\"fusion-fullwidth fullwidth-box fusion-builder-row-1-26 nonhundred-percent-fullwidth non-hundred-percent-height-scrolling\" style=\"--awb-border-radius-top-left:0px;--awb-border-radius-top-right:0px;--awb-border-radius-bottom-right:0px;--awb-border-radius-bottom-left:0px;--awb-flex-wrap:wrap;\" ><div class=\"fusion-builder-row fusion-row\"><div class=\"fusion-layout-column fusion_builder_column fusion-builder-column-26 fusion_builder_column_1_1 1_1 fusion-one-full fusion-column-first fusion-column-last\" style=\"--awb-bg-size:cover;\"><div class=\"fusion-column-wrapper fusion-flex-column-wrapper-legacy\"><div class=\"fusion-text fusion-text-26\"><p>My new short film &#8220;I love my PETs&#8221; is now available exclusively as an NFT in the art store of UNPAINTED, the platform for digital art in Munich. There are three copies of the 7 min 21 sec long video with a digital certificate.<\/p>\n<\/div><div class=\"fusion-clearfix\"><\/div><\/div><\/div><\/div><\/div>\n<\/div><\/div><\/div><div class=\"fusion-clearfix\"><\/div><\/div>\n<\/article>\n<article id=\"blog-1-post-3332\" style=\"border-color:#ebeaea;\" class=\"fusion-post-timeline fusion-clearfix fusion-left-column post-3332 post type-post status-publish format-standard has-post-thumbnail hentry category-news-en\">\n<div class=\"fusion-post-wrapper\" style=\"background-color:rgba(255,255,255,0);\">\n\n\t\t\t<div class=\"fusion-flexslider flexslider fusion-flexslider-loading fusion-post-slideshow\" style=\"border-color:#ebeaea;\">\n\t\t<ul class=\"slides\">\n\t\t\t\n\t\t\t\t\t\t\t\t\t\t\t\t\t\t<li><div  class=\"fusion-image-wrapper\" aria-haspopup=\"true\">\n\t\t\t\t<img decoding=\"async\" width=\"1200\" height=\"600\" src=\"https:\/\/frank-haase-design.de\/wp-content\/uploads\/2022\/09\/2022_Film-I-love-my-PETs.jpg\" class=\"attachment-full size-full wp-post-image\" alt=\"\" srcset=\"https:\/\/frank-haase-design.de\/wp-content\/uploads\/2022\/09\/2022_Film-I-love-my-PETs-200x100.jpg 200w, https:\/\/frank-haase-design.de\/wp-content\/uploads\/2022\/09\/2022_Film-I-love-my-PETs-400x200.jpg 400w, https:\/\/frank-haase-design.de\/wp-content\/uploads\/2022\/09\/2022_Film-I-love-my-PETs-600x300.jpg 600w, https:\/\/frank-haase-design.de\/wp-content\/uploads\/2022\/09\/2022_Film-I-love-my-PETs-800x400.jpg 800w, https:\/\/frank-haase-design.de\/wp-content\/uploads\/2022\/09\/2022_Film-I-love-my-PETs.jpg 1200w\" sizes=\"(max-width: 800px) 100vw, 40vw\" \/><div class=\"fusion-rollover\">\n\t<div class=\"fusion-rollover-content\">\n\n\t\t\t\t\t\t\t\t\t\t\t\t\t\t<a class=\"fusion-rollover-link\" href=\"https:\/\/www.youtube.com\/watch?v=9ZTyx_PUEkk\" target=\"_blank\">https:\/\/www.youtube.com\/watch?v=9ZTyx_PUEkk<\/a>\n\t\t\t\n\t\t\t\t\t\t\t\t\n\t\t\n\t\t\t\t\t\t\t\t\n\t\t\t\t\t\t\t\t\n\t\t\n\t\t\t\t\t\t<a class=\"fusion-link-wrapper\" href=\"https:\/\/www.youtube.com\/watch?v=9ZTyx_PUEkk\" target=\"_blank\" aria-label=\"New short film &#8220;I love my PETs&#8221;\"><\/a>\n\t<\/div>\n<\/div>\n<\/div>\n<\/li>\n\t\t\t\n\t\t\t\n\t\t\t\t\t\t\t\t\t\t\t\t\t\t\t\t\t\t\t\t\t\t\t\t\t\t\t\t\t\t\t\t\t\t\t\t\t\t\t\t\t\t\t\t\t\t\t\t\t\t\t\t\t\t\t\t\t\t\t\t\t\t\t\t\t\t\t\t<\/ul>\n\t<\/div>\n\t<div class=\"fusion-post-content-wrapper\" style=\"padding:30px 25px 20px 25px;\"><div class=\"fusion-post-content post-content\"><div class=\"fusion-timeline-circle\" style=\"background-color:#ebeaea;\"><\/div><div class=\"fusion-timeline-arrow\" style=\"color:#ebeaea;\"><\/div><h2 class=\"blog-shortcode-post-title entry-title\">New short film &#8220;I love my PETs&#8221;<\/h2><div class=\"fusion-post-content-container\"><div class=\"fusion-fullwidth fullwidth-box fusion-builder-row-1-27 nonhundred-percent-fullwidth non-hundred-percent-height-scrolling\" style=\"--awb-border-radius-top-left:0px;--awb-border-radius-top-right:0px;--awb-border-radius-bottom-right:0px;--awb-border-radius-bottom-left:0px;--awb-flex-wrap:wrap;\" ><div class=\"fusion-builder-row fusion-row\"><div class=\"fusion-layout-column fusion_builder_column fusion-builder-column-27 fusion_builder_column_1_1 1_1 fusion-one-full fusion-column-first fusion-column-last\" style=\"--awb-bg-size:cover;\"><div class=\"fusion-column-wrapper fusion-flex-column-wrapper-legacy\"><div class=\"fusion-text fusion-text-27\"><p>In my short film &#8220;I love my PETs&#8221; I deal with the topic of recyclable materials and recycling. The video is a homage to the various possibilities of recycling PET bottles up to upcycling as the main actor in my film. With its ambiguity, the title alludes to my fascination with this widespread product. The <a href=\"https:\/\/www.youtube.com\/watch?v=9ZTyx_PUEkk\" target=\"_blank\" rel=\"noopener\">trailer<\/a> gives a first impression.<\/p>\n<\/div><div class=\"fusion-clearfix\"><\/div><\/div><\/div><\/div><\/div>\n<\/div><\/div><\/div><div class=\"fusion-clearfix\"><\/div><\/div>\n<\/article>\n<article id=\"blog-1-post-3319\" style=\"border-color:#ebeaea;\" class=\"fusion-post-timeline fusion-clearfix fusion-right-column post-3319 post type-post status-publish format-standard has-post-thumbnail hentry category-news-en\">\n<div class=\"fusion-post-wrapper\" style=\"background-color:rgba(255,255,255,0);\">\n\n\t\t\t<div class=\"fusion-flexslider flexslider fusion-flexslider-loading fusion-post-slideshow\" style=\"border-color:#ebeaea;\">\n\t\t<ul class=\"slides\">\n\t\t\t\n\t\t\t\t\t\t\t\t\t\t\t\t\t\t<li><div  class=\"fusion-image-wrapper\" aria-haspopup=\"true\">\n\t\t\t\t<img decoding=\"async\" width=\"600\" height=\"300\" src=\"https:\/\/frank-haase-design.de\/wp-content\/uploads\/2022\/09\/2022_artsy_frank-haase-1.jpg\" class=\"attachment-full size-full wp-post-image\" alt=\"\" srcset=\"https:\/\/frank-haase-design.de\/wp-content\/uploads\/2022\/09\/2022_artsy_frank-haase-1-200x100.jpg 200w, https:\/\/frank-haase-design.de\/wp-content\/uploads\/2022\/09\/2022_artsy_frank-haase-1-400x200.jpg 400w, https:\/\/frank-haase-design.de\/wp-content\/uploads\/2022\/09\/2022_artsy_frank-haase-1.jpg 600w\" sizes=\"(max-width: 800px) 100vw, 40vw\" \/><div class=\"fusion-rollover\">\n\t<div class=\"fusion-rollover-content\">\n\n\t\t\t\t\t\t\t\t\t\t\n\t\t\t\t\t\t\t\t\t\t\t\t\t\t\n\t\t\t\t\t\t\t\t\n\t\t\t\t\t\t\t\t\n\t\t\t\t\t\t\t\t\t\t\t\t\t\t\t\t\t\t<a class=\"fusion-rollover-gallery\" href=\"https:\/\/frank-haase-design.de\/wp-content\/uploads\/2022\/09\/2022_artsy_frank-haase-1.jpg\" data-id=\"3319\" data-rel=\"iLightbox[gallery]\" data-title=\"2022_artsy_frank haase\" data-caption=\"\">\n\t\t\t\t\t\tGallery\t\t\t\t\t<\/a>\n\t\t\t\t\t\t\t\t\t\t\t\t\t\t\n\t\t\n\t\t\t\t\t\t\t\t\n\t\t\t\t\t\t\t\t\n\t\t\n\t\t\t\t\t\t<a class=\"fusion-link-wrapper\" href=\"https:\/\/frank-haase-design.de\/en\/digital-works-now-also-at-artsy\/\" aria-label=\"Digital works now also at Artsy\"><\/a>\n\t<\/div>\n<\/div>\n<\/div>\n<\/li>\n\t\t\t\n\t\t\t\n\t\t\t\t\t\t\t\t\t\t\t\t\t\t\t\t\t\t\t\t\t\t\t\t\t\t\t\t\t\t\t\t\t\t\t\t\t\t\t\t\t\t\t\t\t\t\t\t\t\t\t\t\t\t\t\t\t\t\t\t\t\t\t\t\t\t\t\t<\/ul>\n\t<\/div>\n\t<div class=\"fusion-post-content-wrapper\" style=\"padding:30px 25px 20px 25px;\"><div class=\"fusion-post-content post-content\"><div class=\"fusion-timeline-circle\" style=\"background-color:#ebeaea;\"><\/div><div class=\"fusion-timeline-arrow\" style=\"color:#ebeaea;\"><\/div><h2 class=\"blog-shortcode-post-title entry-title\">Digital works now also at Artsy<\/h2><div class=\"fusion-post-content-container\"><div class=\"fusion-fullwidth fullwidth-box fusion-builder-row-1-28 nonhundred-percent-fullwidth non-hundred-percent-height-scrolling\" style=\"--awb-border-radius-top-left:0px;--awb-border-radius-top-right:0px;--awb-border-radius-bottom-right:0px;--awb-border-radius-bottom-left:0px;--awb-flex-wrap:wrap;\" ><div class=\"fusion-builder-row fusion-row\"><div class=\"fusion-layout-column fusion_builder_column fusion-builder-column-28 fusion_builder_column_1_1 1_1 fusion-one-full fusion-column-first fusion-column-last\" style=\"--awb-bg-size:cover;\"><div class=\"fusion-column-wrapper fusion-flex-column-wrapper-legacy\"><div class=\"fusion-text fusion-text-28\"><p>The Munich platform for digital art UNPAINTED is now also offering my work &#8220;Hope of salvation&#8221; to an international audience via the Artsy platform. Based in New York City, this online art trading platform develops and hosts websites for numerous galleries and sells art for its partners. I am happy that my works are included.<\/p>\n<\/div><div class=\"fusion-clearfix\"><\/div><\/div><\/div><\/div><\/div>\n<\/div><\/div><\/div><div class=\"fusion-clearfix\"><\/div><\/div>\n<\/article>\n<\/div><h3 class=\"fusion-timeline-date\" style=\"background-color:#ebeaea;\">August 2022<\/h3><div class=\"fusion-collapse-month\"><article id=\"blog-1-post-3317\" style=\"border-color:#ebeaea;\" class=\"fusion-post-timeline fusion-clearfix fusion-left-column post-3317 post type-post status-publish format-standard has-post-thumbnail hentry category-news-en\">\n<div class=\"fusion-post-wrapper\" style=\"background-color:rgba(255,255,255,0);\">\n\n\t\t\t<div class=\"fusion-flexslider flexslider fusion-flexslider-loading fusion-post-slideshow\" style=\"border-color:#ebeaea;\">\n\t\t<ul class=\"slides\">\n\t\t\t\n\t\t\t\t\t\t\t\t\t\t\t\t\t\t<li><div  class=\"fusion-image-wrapper\" aria-haspopup=\"true\">\n\t\t\t\t<img decoding=\"async\" width=\"600\" height=\"300\" src=\"https:\/\/frank-haase-design.de\/wp-content\/uploads\/2022\/09\/2022_Neubeschriftung-Bibelwegweiser_frank-haase-1.jpg\" class=\"attachment-full size-full wp-post-image\" alt=\"\" srcset=\"https:\/\/frank-haase-design.de\/wp-content\/uploads\/2022\/09\/2022_Neubeschriftung-Bibelwegweiser_frank-haase-1-200x100.jpg 200w, https:\/\/frank-haase-design.de\/wp-content\/uploads\/2022\/09\/2022_Neubeschriftung-Bibelwegweiser_frank-haase-1-400x200.jpg 400w, https:\/\/frank-haase-design.de\/wp-content\/uploads\/2022\/09\/2022_Neubeschriftung-Bibelwegweiser_frank-haase-1.jpg 600w\" sizes=\"(max-width: 800px) 100vw, 40vw\" \/><div class=\"fusion-rollover\">\n\t<div class=\"fusion-rollover-content\">\n\n\t\t\t\t\t\t\t\t\t\t\n\t\t\t\t\t\t\t\t\t\t\t\t\t\t\n\t\t\t\t\t\t\t\t\n\t\t\t\t\t\t\t\t\n\t\t\t\t\t\t\t\t\t\t\t\t\t\t\t\t\t\t<a class=\"fusion-rollover-gallery\" href=\"https:\/\/frank-haase-design.de\/wp-content\/uploads\/2022\/09\/2022_Neubeschriftung-Bibelwegweiser_frank-haase-1.jpg\" data-id=\"3317\" data-rel=\"iLightbox[gallery]\" data-title=\"2022_Neubeschriftung Bibelwegweiser_frank haase\" data-caption=\"\">\n\t\t\t\t\t\tGallery\t\t\t\t\t<\/a>\n\t\t\t\t\t\t\t\t\t\t\t\t\t\t\n\t\t\n\t\t\t\t\t\t\t\t\n\t\t\t\t\t\t\t\t\n\t\t\n\t\t\t\t\t\t<a class=\"fusion-link-wrapper\" href=\"https:\/\/frank-haase-design.de\/en\/rewriting-bible-signpost\/\" aria-label=\"Rewriting Bible signpost\"><\/a>\n\t<\/div>\n<\/div>\n<\/div>\n<\/li>\n\t\t\t\n\t\t\t\n\t\t\t\t\t\t\t\t\t\t\t\t\t\t\t\t\t\t\t\t\t\t\t\t\t\t\t\t\t\t\t\t\t\t\t\t\t\t\t\t\t\t\t\t\t\t\t\t\t\t\t\t\t\t\t\t\t\t\t\t\t\t\t\t\t\t\t\t<\/ul>\n\t<\/div>\n\t<div class=\"fusion-post-content-wrapper\" style=\"padding:30px 25px 20px 25px;\"><div class=\"fusion-post-content post-content\"><div class=\"fusion-timeline-circle\" style=\"background-color:#ebeaea;\"><\/div><div class=\"fusion-timeline-arrow\" style=\"color:#ebeaea;\"><\/div><h2 class=\"blog-shortcode-post-title entry-title\">Rewriting Bible signpost<\/h2><div class=\"fusion-post-content-container\"><div class=\"fusion-fullwidth fullwidth-box fusion-builder-row-1-29 nonhundred-percent-fullwidth non-hundred-percent-height-scrolling\" style=\"--awb-border-radius-top-left:0px;--awb-border-radius-top-right:0px;--awb-border-radius-bottom-right:0px;--awb-border-radius-bottom-left:0px;--awb-flex-wrap:wrap;\" ><div class=\"fusion-builder-row fusion-row\"><div class=\"fusion-layout-column fusion_builder_column fusion-builder-column-29 fusion_builder_column_1_1 1_1 fusion-one-full fusion-column-first fusion-column-last\" style=\"--awb-bg-size:cover;\"><div class=\"fusion-column-wrapper fusion-flex-column-wrapper-legacy\"><div class=\"fusion-text fusion-text-29\"><p>For more than eleven years, the foil lettering on my Bible signpost had suffered from the sun. Now the texts are renewed, this time varnished. The six panels point the way to towns that play a special role in the Evangelical parish of Letmathe and in the Bible.<\/p>\n<\/div><div class=\"fusion-clearfix\"><\/div><\/div><\/div><\/div><\/div>\n<\/div><\/div><\/div><div class=\"fusion-clearfix\"><\/div><\/div>\n<\/article>\n<\/div><h3 class=\"fusion-timeline-date\" style=\"background-color:#ebeaea;\">June 2022<\/h3><div class=\"fusion-collapse-month\"><article id=\"blog-1-post-3315\" style=\"border-color:#ebeaea;\" class=\"fusion-post-timeline fusion-clearfix fusion-right-column post-3315 post type-post status-publish format-standard has-post-thumbnail hentry category-news-en\">\n<div class=\"fusion-post-wrapper\" style=\"background-color:rgba(255,255,255,0);\">\n\n\t\t\t<div class=\"fusion-flexslider flexslider fusion-flexslider-loading fusion-post-slideshow\" style=\"border-color:#ebeaea;\">\n\t\t<ul class=\"slides\">\n\t\t\t\n\t\t\t\t\t\t\t\t\t\t\t\t\t\t<li><div  class=\"fusion-image-wrapper\" aria-haspopup=\"true\">\n\t\t\t\t<img decoding=\"async\" width=\"600\" height=\"300\" src=\"https:\/\/frank-haase-design.de\/wp-content\/uploads\/2022\/09\/2022_Wachsauffangteller_frank-haase-1.jpg\" class=\"attachment-full size-full wp-post-image\" alt=\"\" srcset=\"https:\/\/frank-haase-design.de\/wp-content\/uploads\/2022\/09\/2022_Wachsauffangteller_frank-haase-1-200x100.jpg 200w, https:\/\/frank-haase-design.de\/wp-content\/uploads\/2022\/09\/2022_Wachsauffangteller_frank-haase-1-400x200.jpg 400w, https:\/\/frank-haase-design.de\/wp-content\/uploads\/2022\/09\/2022_Wachsauffangteller_frank-haase-1.jpg 600w\" sizes=\"(max-width: 800px) 100vw, 40vw\" \/><div class=\"fusion-rollover\">\n\t<div class=\"fusion-rollover-content\">\n\n\t\t\t\t\t\t\t\t\t\t\n\t\t\t\t\t\t\t\t\t\t\t\t\t\t\n\t\t\t\t\t\t\t\t\n\t\t\t\t\t\t\t\t\n\t\t\t\t\t\t\t\t\t\t\t\t\t\t\t\t\t\t<a class=\"fusion-rollover-gallery\" href=\"https:\/\/frank-haase-design.de\/wp-content\/uploads\/2022\/09\/2022_Wachsauffangteller_frank-haase-1.jpg\" data-id=\"3315\" data-rel=\"iLightbox[gallery]\" data-title=\"2022_Wachsauffangteller_frank haase\" data-caption=\"\">\n\t\t\t\t\t\tGallery\t\t\t\t\t<\/a>\n\t\t\t\t\t\t\t\t\t\t\t\t\t\t\n\t\t\n\t\t\t\t\t\t\t\t\n\t\t\t\t\t\t\t\t\n\t\t\n\t\t\t\t\t\t<a class=\"fusion-link-wrapper\" href=\"https:\/\/frank-haase-design.de\/en\/a-pane-of-glass-against-candle-wax\/\" aria-label=\"A pane of glass against candle wax\"><\/a>\n\t<\/div>\n<\/div>\n<\/div>\n<\/li>\n\t\t\t\n\t\t\t\n\t\t\t\t\t\t\t\t\t\t\t\t\t\t\t\t\t\t\t\t\t\t\t\t\t\t\t\t\t\t\t\t\t\t\t\t\t\t\t\t\t\t\t\t\t\t\t\t\t\t\t\t\t\t\t\t\t\t\t\t\t\t\t\t\t\t\t\t<\/ul>\n\t<\/div>\n\t<div class=\"fusion-post-content-wrapper\" style=\"padding:30px 25px 20px 25px;\"><div class=\"fusion-post-content post-content\"><div class=\"fusion-timeline-circle\" style=\"background-color:#ebeaea;\"><\/div><div class=\"fusion-timeline-arrow\" style=\"color:#ebeaea;\"><\/div><h2 class=\"blog-shortcode-post-title entry-title\">A pane of glass against candle wax<\/h2><div class=\"fusion-post-content-container\"><div class=\"fusion-fullwidth fullwidth-box fusion-builder-row-1-30 nonhundred-percent-fullwidth non-hundred-percent-height-scrolling\" style=\"--awb-border-radius-top-left:0px;--awb-border-radius-top-right:0px;--awb-border-radius-bottom-right:0px;--awb-border-radius-bottom-left:0px;--awb-flex-wrap:wrap;\" ><div class=\"fusion-builder-row fusion-row\"><div class=\"fusion-layout-column fusion_builder_column fusion-builder-column-30 fusion_builder_column_1_1 1_1 fusion-one-full fusion-column-first fusion-column-last\" style=\"--awb-bg-size:cover;\"><div class=\"fusion-column-wrapper fusion-flex-column-wrapper-legacy\"><div class=\"fusion-text fusion-text-30\"><p>I designed the globe candle holder in the Friedenskirche in Iserlohn-Letmathe in 1999. Over a hundred small magnetic candle holders can be freely positioned on the stylized globe. Now the one-off has received a new detail. The metal drip tray for candle wax has been replaced with a frosted glass pane. This underlines the formal affiliation of the globe candle holder to the baptismal font with its frosted glass cover and the four apostle chandeliers.<\/p>\n<\/div><div class=\"fusion-clearfix\"><\/div><\/div><\/div><\/div><\/div>\n<\/div><\/div><\/div><div class=\"fusion-clearfix\"><\/div><\/div>\n<\/article>\n<\/div><h3 class=\"fusion-timeline-date\" style=\"background-color:#ebeaea;\">April 2022<\/h3><div class=\"fusion-collapse-month\"><article id=\"blog-1-post-3296\" style=\"border-color:#ebeaea;\" class=\"fusion-post-timeline fusion-clearfix fusion-left-column post-3296 post type-post status-publish format-standard has-post-thumbnail hentry category-news-en\">\n<div class=\"fusion-post-wrapper\" style=\"background-color:rgba(255,255,255,0);\">\n\n\t\t\t<div class=\"fusion-flexslider flexslider fusion-flexslider-loading fusion-post-slideshow\" style=\"border-color:#ebeaea;\">\n\t\t<ul class=\"slides\">\n\t\t\t\n\t\t\t\t\t\t\t\t\t\t\t\t\t\t<li><div  class=\"fusion-image-wrapper\" aria-haspopup=\"true\">\n\t\t\t\t<img decoding=\"async\" width=\"600\" height=\"300\" src=\"https:\/\/frank-haase-design.de\/wp-content\/uploads\/2022\/04\/2022_Hope-of-salvation_3-1.jpg\" class=\"attachment-full size-full wp-post-image\" alt=\"\" srcset=\"https:\/\/frank-haase-design.de\/wp-content\/uploads\/2022\/04\/2022_Hope-of-salvation_3-1-200x100.jpg 200w, https:\/\/frank-haase-design.de\/wp-content\/uploads\/2022\/04\/2022_Hope-of-salvation_3-1-400x200.jpg 400w, https:\/\/frank-haase-design.de\/wp-content\/uploads\/2022\/04\/2022_Hope-of-salvation_3-1.jpg 600w\" sizes=\"(max-width: 800px) 100vw, 40vw\" \/><div class=\"fusion-rollover\">\n\t<div class=\"fusion-rollover-content\">\n\n\t\t\t\t\t\t\t\t\t\t\n\t\t\t\t\t\t\t\t\t\t\t\t\t\t\n\t\t\t\t\t\t\t\t\n\t\t\t\t\t\t\t\t\n\t\t\t\t\t\t\t\t\t\t\t\t\t\t\t\t\t\t<a class=\"fusion-rollover-gallery\" href=\"https:\/\/frank-haase-design.de\/wp-content\/uploads\/2022\/04\/2022_Hope-of-salvation_3-1.jpg\" data-id=\"3296\" data-rel=\"iLightbox[gallery]\" data-title=\"2022_Hope of salvation_#3\" data-caption=\"\">\n\t\t\t\t\t\tGallery\t\t\t\t\t<\/a>\n\t\t\t\t\t\t\t\t\t\t\t\t\t\t\n\t\t\n\t\t\t\t\t\t\t\t\n\t\t\t\t\t\t\t\t\n\t\t\n\t\t\t\t\t\t<a class=\"fusion-link-wrapper\" href=\"https:\/\/frank-haase-design.de\/en\/first-work-at-unpainted\/\" aria-label=\"First work at UNPAINTED\"><\/a>\n\t<\/div>\n<\/div>\n<\/div>\n<\/li>\n\t\t\t\n\t\t\t\n\t\t\t\t\t\t\t\t\t\t\t\t\t\t\t\t\t\t\t\t\t\t\t\t\t\t\t\t\t\t\t\t\t\t\t\t\t\t\t\t\t\t\t\t\t\t\t\t\t\t\t\t\t\t\t\t\t\t\t\t\t\t\t\t\t\t\t\t<\/ul>\n\t<\/div>\n\t<div class=\"fusion-post-content-wrapper\" style=\"padding:30px 25px 20px 25px;\"><div class=\"fusion-post-content post-content\"><div class=\"fusion-timeline-circle\" style=\"background-color:#ebeaea;\"><\/div><div class=\"fusion-timeline-arrow\" style=\"color:#ebeaea;\"><\/div><h2 class=\"blog-shortcode-post-title entry-title\">First work at UNPAINTED<\/h2><div class=\"fusion-post-content-container\"><div class=\"fusion-fullwidth fullwidth-box fusion-builder-row-1-31 nonhundred-percent-fullwidth non-hundred-percent-height-scrolling\" style=\"--awb-border-radius-top-left:0px;--awb-border-radius-top-right:0px;--awb-border-radius-bottom-right:0px;--awb-border-radius-bottom-left:0px;--awb-flex-wrap:wrap;\" ><div class=\"fusion-builder-row fusion-row\"><div class=\"fusion-layout-column fusion_builder_column fusion-builder-column-31 fusion_builder_column_1_1 1_1 fusion-one-full fusion-column-first fusion-column-last\" style=\"--awb-bg-size:cover;\"><div class=\"fusion-column-wrapper fusion-flex-column-wrapper-legacy\"><div class=\"fusion-text fusion-text-31\"><p><a href=\"https:\/\/www.unpainted.net\/en\/artworks\/frank-haase-hope-of-salvation-prints\/\" target=\"_blank\" rel=\"noopener\">Hope of salvation<\/a> is my first work exclusively available at <a href=\"https:\/\/www.unpainted.net\/en\/\" target=\"_blank\" rel=\"noopener\">UNPAINTED<\/a>. The eight motifs are available as high-quality HD metal prints in two sizes each.<\/p>\n<\/div><div class=\"fusion-clearfix\"><\/div><\/div><\/div><\/div><\/div>\n<\/div><\/div><\/div><div class=\"fusion-clearfix\"><\/div><\/div>\n<\/article>\n<article id=\"blog-1-post-3293\" style=\"border-color:#ebeaea;\" class=\"fusion-post-timeline fusion-clearfix fusion-right-column post-3293 post type-post status-publish format-standard has-post-thumbnail hentry category-news-en\">\n<div class=\"fusion-post-wrapper\" style=\"background-color:rgba(255,255,255,0);\">\n\n\t\t\t<div class=\"fusion-flexslider flexslider fusion-flexslider-loading fusion-post-slideshow\" style=\"border-color:#ebeaea;\">\n\t\t<ul class=\"slides\">\n\t\t\t\n\t\t\t\t\t\t\t\t\t\t\t\t\t\t<li><div  class=\"fusion-image-wrapper\" aria-haspopup=\"true\">\n\t\t\t\t<img decoding=\"async\" width=\"600\" height=\"300\" src=\"https:\/\/frank-haase-design.de\/wp-content\/uploads\/2022\/04\/2022_unpainted-1.jpg\" class=\"attachment-full size-full wp-post-image\" alt=\"\" srcset=\"https:\/\/frank-haase-design.de\/wp-content\/uploads\/2022\/04\/2022_unpainted-1-200x100.jpg 200w, https:\/\/frank-haase-design.de\/wp-content\/uploads\/2022\/04\/2022_unpainted-1-400x200.jpg 400w, https:\/\/frank-haase-design.de\/wp-content\/uploads\/2022\/04\/2022_unpainted-1.jpg 600w\" sizes=\"(max-width: 800px) 100vw, 40vw\" \/><div class=\"fusion-rollover\">\n\t<div class=\"fusion-rollover-content\">\n\n\t\t\t\t\t\t\t\t\t\t\n\t\t\t\t\t\t\t\t\t\t\t\t\t\t\n\t\t\t\t\t\t\t\t\n\t\t\t\t\t\t\t\t\n\t\t\t\t\t\t\t\t\t\t\t\t\t\t\t\t\t\t<a class=\"fusion-rollover-gallery\" href=\"https:\/\/frank-haase-design.de\/wp-content\/uploads\/2022\/04\/2022_unpainted-1.jpg\" data-id=\"3293\" data-rel=\"iLightbox[gallery]\" data-title=\"2022_unpainted\" data-caption=\"\">\n\t\t\t\t\t\tGallery\t\t\t\t\t<\/a>\n\t\t\t\t\t\t\t\t\t\t\t\t\t\t\n\t\t\n\t\t\t\t\t\t\t\t\n\t\t\t\t\t\t\t\t\n\t\t\n\t\t\t\t\t\t<a class=\"fusion-link-wrapper\" href=\"https:\/\/frank-haase-design.de\/en\/now-at-unpainted\/\" aria-label=\"Now at UNPAINTED\"><\/a>\n\t<\/div>\n<\/div>\n<\/div>\n<\/li>\n\t\t\t\n\t\t\t\n\t\t\t\t\t\t\t\t\t\t\t\t\t\t\t\t\t\t\t\t\t\t\t\t\t\t\t\t\t\t\t\t\t\t\t\t\t\t\t\t\t\t\t\t\t\t\t\t\t\t\t\t\t\t\t\t\t\t\t\t\t\t\t\t\t\t\t\t<\/ul>\n\t<\/div>\n\t<div class=\"fusion-post-content-wrapper\" style=\"padding:30px 25px 20px 25px;\"><div class=\"fusion-post-content post-content\"><div class=\"fusion-timeline-circle\" style=\"background-color:#ebeaea;\"><\/div><div class=\"fusion-timeline-arrow\" style=\"color:#ebeaea;\"><\/div><h2 class=\"blog-shortcode-post-title entry-title\">Now at UNPAINTED<\/h2><div class=\"fusion-post-content-container\"><div class=\"fusion-fullwidth fullwidth-box fusion-builder-row-1-32 nonhundred-percent-fullwidth non-hundred-percent-height-scrolling\" style=\"--awb-border-radius-top-left:0px;--awb-border-radius-top-right:0px;--awb-border-radius-bottom-right:0px;--awb-border-radius-bottom-left:0px;--awb-flex-wrap:wrap;\" ><div class=\"fusion-builder-row fusion-row\"><div class=\"fusion-layout-column fusion_builder_column fusion-builder-column-32 fusion_builder_column_1_1 1_1 fusion-one-full fusion-column-first fusion-column-last\" style=\"--awb-bg-size:cover;\"><div class=\"fusion-column-wrapper fusion-flex-column-wrapper-legacy\"><div class=\"fusion-text fusion-text-32\"><p><a href=\"https:\/\/www.unpainted.net\/en\/\" target=\"_blank\" rel=\"noopener\">UNPAINTED<\/a> is the platform for digital art &#8211; online and offline. Objects, unique pieces, prints and videos by renowned artists with a wide variety of positions are offered here. Since April I&#8217;ve also been there with exclusive, digital works. I am happy about the new cooperation!<\/p>\n<\/div><div class=\"fusion-clearfix\"><\/div><\/div><\/div><\/div><\/div>\n<\/div><\/div><\/div><div class=\"fusion-clearfix\"><\/div><\/div>\n<\/article>\n<\/div><h3 class=\"fusion-timeline-date\" style=\"background-color:#ebeaea;\">February 2022<\/h3><div class=\"fusion-collapse-month\"><article id=\"blog-1-post-3290\" style=\"border-color:#ebeaea;\" class=\"fusion-post-timeline fusion-clearfix fusion-left-column post-3290 post type-post status-publish format-standard has-post-thumbnail hentry category-news-en\">\n<div class=\"fusion-post-wrapper\" style=\"background-color:rgba(255,255,255,0);\">\n\n\t\t\t<div class=\"fusion-flexslider flexslider fusion-flexslider-loading fusion-post-slideshow\" style=\"border-color:#ebeaea;\">\n\t\t<ul class=\"slides\">\n\t\t\t\n\t\t\t\t\t\t\t\t\t\t\t\t\t\t<li><div  class=\"fusion-image-wrapper\" aria-haspopup=\"true\">\n\t\t\t\t<img decoding=\"async\" width=\"600\" height=\"300\" src=\"https:\/\/frank-haase-design.de\/wp-content\/uploads\/2022\/04\/2022_Schmuck-1.jpg\" class=\"attachment-full size-full wp-post-image\" alt=\"\" srcset=\"https:\/\/frank-haase-design.de\/wp-content\/uploads\/2022\/04\/2022_Schmuck-1-200x100.jpg 200w, https:\/\/frank-haase-design.de\/wp-content\/uploads\/2022\/04\/2022_Schmuck-1-400x200.jpg 400w, https:\/\/frank-haase-design.de\/wp-content\/uploads\/2022\/04\/2022_Schmuck-1.jpg 600w\" sizes=\"(max-width: 800px) 100vw, 40vw\" \/><div class=\"fusion-rollover\">\n\t<div class=\"fusion-rollover-content\">\n\n\t\t\t\t\t\t\t\t\t\t\n\t\t\t\t\t\t\t\t\t\t\t\t\t\t\n\t\t\t\t\t\t\t\t\n\t\t\t\t\t\t\t\t\n\t\t\t\t\t\t\t\t\t\t\t\t\t\t\t\t\t\t<a class=\"fusion-rollover-gallery\" href=\"https:\/\/frank-haase-design.de\/wp-content\/uploads\/2022\/04\/2022_Schmuck-1.jpg\" data-id=\"3290\" data-rel=\"iLightbox[gallery]\" data-title=\"2022_Schmuck\" data-caption=\"\">\n\t\t\t\t\t\tGallery\t\t\t\t\t<\/a>\n\t\t\t\t\t\t\t\t\t\t\t\t\t\t\n\t\t\n\t\t\t\t\t\t\t\t\n\t\t\t\t\t\t\t\t\n\t\t\n\t\t\t\t\t\t<a class=\"fusion-link-wrapper\" href=\"https:\/\/frank-haase-design.de\/en\/jewelry\/\" aria-label=\"Jewelry\"><\/a>\n\t<\/div>\n<\/div>\n<\/div>\n<\/li>\n\t\t\t\n\t\t\t\n\t\t\t\t\t\t\t\t\t\t\t\t\t\t\t\t\t\t\t\t\t\t\t\t\t\t\t\t\t\t\t\t\t\t\t\t\t\t\t\t\t\t\t\t\t\t\t\t\t\t\t\t\t\t\t\t\t\t\t\t\t\t\t\t\t\t\t\t<\/ul>\n\t<\/div>\n\t<div class=\"fusion-post-content-wrapper\" style=\"padding:30px 25px 20px 25px;\"><div class=\"fusion-post-content post-content\"><div class=\"fusion-timeline-circle\" style=\"background-color:#ebeaea;\"><\/div><div class=\"fusion-timeline-arrow\" style=\"color:#ebeaea;\"><\/div><h2 class=\"blog-shortcode-post-title entry-title\">Jewelry<\/h2><div class=\"fusion-post-content-container\"><div class=\"fusion-fullwidth fullwidth-box fusion-builder-row-1-33 nonhundred-percent-fullwidth non-hundred-percent-height-scrolling\" style=\"--awb-border-radius-top-left:0px;--awb-border-radius-top-right:0px;--awb-border-radius-bottom-right:0px;--awb-border-radius-bottom-left:0px;--awb-flex-wrap:wrap;\" ><div class=\"fusion-builder-row fusion-row\"><div class=\"fusion-layout-column fusion_builder_column fusion-builder-column-33 fusion_builder_column_1_1 1_1 fusion-one-full fusion-column-first fusion-column-last\" style=\"--awb-bg-size:cover;\"><div class=\"fusion-column-wrapper fusion-flex-column-wrapper-legacy\"><div class=\"fusion-text fusion-text-33\"><p>During my student days I had designed jewellery. I made and sold my own costume jewellery. Now I&#8217;ve taken up the topic again. This complements my other work and gives me a lot of pleasure.<\/p>\n<\/div><div class=\"fusion-clearfix\"><\/div><\/div><\/div><\/div><\/div>\n<\/div><\/div><\/div><div class=\"fusion-clearfix\"><\/div><\/div>\n<\/article>\n<\/div><h3 class=\"fusion-timeline-date\" style=\"background-color:#ebeaea;\">September 2021<\/h3><div class=\"fusion-collapse-month\"><article id=\"blog-1-post-3257\" style=\"border-color:#ebeaea;\" class=\"fusion-post-timeline fusion-clearfix fusion-right-column post-3257 post type-post status-publish format-standard has-post-thumbnail hentry category-news-en\">\n<div class=\"fusion-post-wrapper\" style=\"background-color:rgba(255,255,255,0);\">\n\n\t\t\t<div class=\"fusion-flexslider flexslider fusion-flexslider-loading fusion-post-slideshow\" style=\"border-color:#ebeaea;\">\n\t\t<ul class=\"slides\">\n\t\t\t\n\t\t\t\t\t\t\t\t\t\t\t\t\t\t<li><div  class=\"fusion-image-wrapper\" aria-haspopup=\"true\">\n\t\t\t\t<img decoding=\"async\" width=\"600\" height=\"300\" src=\"https:\/\/frank-haase-design.de\/wp-content\/uploads\/2021\/10\/2021_Goldjubil\u00e4um_Galerie-Kley-1.jpg\" class=\"attachment-full size-full wp-post-image\" alt=\"\" srcset=\"https:\/\/frank-haase-design.de\/wp-content\/uploads\/2021\/10\/2021_Goldjubil\u00e4um_Galerie-Kley-1-200x100.jpg 200w, https:\/\/frank-haase-design.de\/wp-content\/uploads\/2021\/10\/2021_Goldjubil\u00e4um_Galerie-Kley-1-400x200.jpg 400w, https:\/\/frank-haase-design.de\/wp-content\/uploads\/2021\/10\/2021_Goldjubil\u00e4um_Galerie-Kley-1.jpg 600w\" sizes=\"(max-width: 800px) 100vw, 40vw\" \/><div class=\"fusion-rollover\">\n\t<div class=\"fusion-rollover-content\">\n\n\t\t\t\t\t\t\t\t\t\t\n\t\t\t\t\t\t\t\t\t\t\t\t\t\t\n\t\t\t\t\t\t\t\t\n\t\t\t\t\t\t\t\t\n\t\t\t\t\t\t\t\t\t\t\t\t\t\t\t\t\t\t<a class=\"fusion-rollover-gallery\" href=\"https:\/\/frank-haase-design.de\/wp-content\/uploads\/2021\/10\/2021_Goldjubil\u00e4um_Galerie-Kley-1.jpg\" data-id=\"3257\" data-rel=\"iLightbox[gallery]\" data-title=\"2021_Goldjubil\u00e4um_Galerie Kley\" data-caption=\"\">\n\t\t\t\t\t\tGallery\t\t\t\t\t<\/a>\n\t\t\t\t\t\t\t\t\t\t\t\t\t\t\n\t\t\n\t\t\t\t\t\t\t\t\n\t\t\t\t\t\t\t\t\n\t\t\n\t\t\t\t\t\t<a class=\"fusion-link-wrapper\" href=\"https:\/\/frank-haase-design.de\/en\/50-years-of-galerie-kley\/\" aria-label=\"50 years of Galerie Kley\"><\/a>\n\t<\/div>\n<\/div>\n<\/div>\n<\/li>\n\t\t\t\n\t\t\t\n\t\t\t\t\t\t\t\t\t\t\t\t\t\t\t\t\t\t\t\t\t\t\t\t\t\t\t\t\t\t\t\t\t\t\t\t\t\t\t\t\t\t\t\t\t\t\t\t\t\t\t\t\t\t\t\t\t\t\t\t\t\t\t\t\t\t\t\t<\/ul>\n\t<\/div>\n\t<div class=\"fusion-post-content-wrapper\" style=\"padding:30px 25px 20px 25px;\"><div class=\"fusion-post-content post-content\"><div class=\"fusion-timeline-circle\" style=\"background-color:#ebeaea;\"><\/div><div class=\"fusion-timeline-arrow\" style=\"color:#ebeaea;\"><\/div><h2 class=\"blog-shortcode-post-title entry-title\">50 years of Galerie Kley<\/h2><div class=\"fusion-post-content-container\"><div class=\"fusion-fullwidth fullwidth-box fusion-builder-row-1-34 nonhundred-percent-fullwidth non-hundred-percent-height-scrolling\" style=\"--awb-border-radius-top-left:0px;--awb-border-radius-top-right:0px;--awb-border-radius-bottom-right:0px;--awb-border-radius-bottom-left:0px;--awb-flex-wrap:wrap;\" ><div class=\"fusion-builder-row fusion-row\"><div class=\"fusion-layout-column fusion_builder_column fusion-builder-column-34 fusion_builder_column_1_1 1_1 fusion-one-full fusion-column-first fusion-column-last\" style=\"--awb-bg-size:cover;\"><div class=\"fusion-column-wrapper fusion-flex-column-wrapper-legacy\"><div class=\"fusion-text fusion-text-34\"><p>This year the Kley Gallery in Hamm celebrates its 50th anniversary. On September 19, the anniversary exhibition was opened with a successful vernissage on this occasion. More than 50 artists from the gallery take part in the group show. I am represented with three works.<\/p>\n<\/div><div class=\"fusion-clearfix\"><\/div><\/div><\/div><\/div><\/div>\n<\/div><\/div><\/div><div class=\"fusion-clearfix\"><\/div><\/div>\n<\/article>\n<article id=\"blog-1-post-3223\" style=\"border-color:#ebeaea;\" class=\"fusion-post-timeline fusion-clearfix fusion-left-column post-3223 post type-post status-publish format-standard has-post-thumbnail hentry category-news-en\">\n<div class=\"fusion-post-wrapper\" style=\"background-color:rgba(255,255,255,0);\">\n\n\t\t\t<div class=\"fusion-flexslider flexslider fusion-flexslider-loading fusion-post-slideshow\" style=\"border-color:#ebeaea;\">\n\t\t<ul class=\"slides\">\n\t\t\t\n\t\t\t\t\t\t\t\t\t\t\t\t\t\t<li><div  class=\"fusion-image-wrapper\" aria-haspopup=\"true\">\n\t\t\t\t<img decoding=\"async\" width=\"600\" height=\"300\" src=\"https:\/\/frank-haase-design.de\/wp-content\/uploads\/2021\/09\/2021_Neue-Brosch\u00fcre-Frank-Haase-1.jpg\" class=\"attachment-full size-full wp-post-image\" alt=\"\" srcset=\"https:\/\/frank-haase-design.de\/wp-content\/uploads\/2021\/09\/2021_Neue-Brosch\u00fcre-Frank-Haase-1-200x100.jpg 200w, https:\/\/frank-haase-design.de\/wp-content\/uploads\/2021\/09\/2021_Neue-Brosch\u00fcre-Frank-Haase-1-400x200.jpg 400w, https:\/\/frank-haase-design.de\/wp-content\/uploads\/2021\/09\/2021_Neue-Brosch\u00fcre-Frank-Haase-1.jpg 600w\" sizes=\"(max-width: 800px) 100vw, 40vw\" \/><div class=\"fusion-rollover\">\n\t<div class=\"fusion-rollover-content\">\n\n\t\t\t\t\t\t\t\t\t\t\n\t\t\t\t\t\t\t\t\t\t\t\t\t\t\n\t\t\t\t\t\t\t\t\n\t\t\t\t\t\t\t\t\n\t\t\t\t\t\t\t\t\t\t\t\t\t\t\t\t\t\t<a class=\"fusion-rollover-gallery\" href=\"https:\/\/frank-haase-design.de\/wp-content\/uploads\/2021\/09\/2021_Neue-Brosch\u00fcre-Frank-Haase-1.jpg\" data-id=\"3223\" data-rel=\"iLightbox[gallery]\" data-title=\"2021_Neue Brosch\u00fcre Frank Haase\" data-caption=\"\">\n\t\t\t\t\t\tGallery\t\t\t\t\t<\/a>\n\t\t\t\t\t\t\t\t\t\t\t\t\t\t\n\t\t\n\t\t\t\t\t\t\t\t\n\t\t\t\t\t\t\t\t\n\t\t\n\t\t\t\t\t\t<a class=\"fusion-link-wrapper\" href=\"https:\/\/frank-haase-design.de\/en\/the-new-brochure-is-available\/\" aria-label=\"The new brochure is available.\"><\/a>\n\t<\/div>\n<\/div>\n<\/div>\n<\/li>\n\t\t\t\n\t\t\t\n\t\t\t\t\t\t\t\t\t\t\t\t\t\t\t\t\t\t\t\t\t\t\t\t\t\t\t\t\t\t\t\t\t\t\t\t\t\t\t\t\t\t\t\t\t\t\t\t\t\t\t\t\t\t\t\t\t\t\t\t\t\t\t\t\t\t\t\t<\/ul>\n\t<\/div>\n\t<div class=\"fusion-post-content-wrapper\" style=\"padding:30px 25px 20px 25px;\"><div class=\"fusion-post-content post-content\"><div class=\"fusion-timeline-circle\" style=\"background-color:#ebeaea;\"><\/div><div class=\"fusion-timeline-arrow\" style=\"color:#ebeaea;\"><\/div><h2 class=\"blog-shortcode-post-title entry-title\">The new brochure is available.<\/h2><div class=\"fusion-post-content-container\"><div class=\"fusion-fullwidth fullwidth-box fusion-builder-row-1-35 nonhundred-percent-fullwidth non-hundred-percent-height-scrolling\" style=\"--awb-border-radius-top-left:0px;--awb-border-radius-top-right:0px;--awb-border-radius-bottom-right:0px;--awb-border-radius-bottom-left:0px;--awb-flex-wrap:wrap;\" ><div class=\"fusion-builder-row fusion-row\"><div class=\"fusion-layout-column fusion_builder_column fusion-builder-column-35 fusion_builder_column_1_1 1_1 fusion-one-full fusion-column-first fusion-column-last\" style=\"--awb-bg-size:cover;\"><div class=\"fusion-column-wrapper fusion-flex-column-wrapper-legacy\"><div class=\"fusion-text fusion-text-35\"><p>&#8220;Edition # 2&#8221; is now available in all galleries that show and offer my work. On 28 pages I give an overview of all my work groups, starting with the shadow paintings, portraits, acrylic paintings, qr art, trash art and design up to art for the public space.<\/p>\n<\/div><div class=\"fusion-clearfix\"><\/div><\/div><\/div><\/div><\/div>\n<\/div><\/div><\/div><div class=\"fusion-clearfix\"><\/div><\/div>\n<\/article>\n<\/div><h3 class=\"fusion-timeline-date\" style=\"background-color:#ebeaea;\">March 2021<\/h3><div class=\"fusion-collapse-month\"><article id=\"blog-1-post-3200\" style=\"border-color:#ebeaea;\" class=\"fusion-post-timeline fusion-clearfix fusion-right-column post-3200 post type-post status-publish format-standard has-post-thumbnail hentry category-news-en\">\n<div class=\"fusion-post-wrapper\" style=\"background-color:rgba(255,255,255,0);\">\n\n\t\t\t<div class=\"fusion-flexslider flexslider fusion-flexslider-loading fusion-post-slideshow\" style=\"border-color:#ebeaea;\">\n\t\t<ul class=\"slides\">\n\t\t\t\n\t\t\t\t\t\t\t\t\t\t\t\t\t\t<li><div  class=\"fusion-image-wrapper\" aria-haspopup=\"true\">\n\t\t\t\t<img decoding=\"async\" width=\"600\" height=\"300\" src=\"https:\/\/frank-haase-design.de\/wp-content\/uploads\/2021\/04\/2021_Ausstellung-Ersehntes-1.jpg\" class=\"attachment-full size-full wp-post-image\" alt=\"\" srcset=\"https:\/\/frank-haase-design.de\/wp-content\/uploads\/2021\/04\/2021_Ausstellung-Ersehntes-1-200x100.jpg 200w, https:\/\/frank-haase-design.de\/wp-content\/uploads\/2021\/04\/2021_Ausstellung-Ersehntes-1-400x200.jpg 400w, https:\/\/frank-haase-design.de\/wp-content\/uploads\/2021\/04\/2021_Ausstellung-Ersehntes-1.jpg 600w\" sizes=\"(max-width: 800px) 100vw, 40vw\" \/><div class=\"fusion-rollover\">\n\t<div class=\"fusion-rollover-content\">\n\n\t\t\t\t\t\t\t\t\t\t\n\t\t\t\t\t\t\t\t\t\t\t\t\t\t\n\t\t\t\t\t\t\t\t\n\t\t\t\t\t\t\t\t\n\t\t\t\t\t\t\t\t\t\t\t\t\t\t\t\t\t\t<a class=\"fusion-rollover-gallery\" href=\"https:\/\/frank-haase-design.de\/wp-content\/uploads\/2021\/04\/2021_Ausstellung-Ersehntes-1.jpg\" data-id=\"3200\" data-rel=\"iLightbox[gallery]\" data-title=\"2021_Ausstellung Ersehntes\" data-caption=\"\">\n\t\t\t\t\t\tGallery\t\t\t\t\t<\/a>\n\t\t\t\t\t\t\t\t\t\t\t\t\t\t\n\t\t\n\t\t\t\t\t\t\t\t\n\t\t\t\t\t\t\t\t\n\t\t\n\t\t\t\t\t\t<a class=\"fusion-link-wrapper\" href=\"https:\/\/frank-haase-design.de\/en\/online-exhibition-of-the-kunstverein-iserlohn-e-v\/\" aria-label=\"Online exhibition of the Kunstverein Iserlohn e.V.\"><\/a>\n\t<\/div>\n<\/div>\n<\/div>\n<\/li>\n\t\t\t\n\t\t\t\n\t\t\t\t\t\t\t\t\t\t\t\t\t\t\t\t\t\t\t\t\t\t\t\t\t\t\t\t\t\t\t\t\t\t\t\t\t\t\t\t\t\t\t\t\t\t\t\t\t\t\t\t\t\t\t\t\t\t\t\t\t\t\t\t\t\t\t\t<\/ul>\n\t<\/div>\n\t<div class=\"fusion-post-content-wrapper\" style=\"padding:30px 25px 20px 25px;\"><div class=\"fusion-post-content post-content\"><div class=\"fusion-timeline-circle\" style=\"background-color:#ebeaea;\"><\/div><div class=\"fusion-timeline-arrow\" style=\"color:#ebeaea;\"><\/div><h2 class=\"blog-shortcode-post-title entry-title\">Online exhibition of the Kunstverein Iserlohn e.V.<\/h2><div class=\"fusion-post-content-container\"><div class=\"fusion-fullwidth fullwidth-box fusion-builder-row-1-36 nonhundred-percent-fullwidth non-hundred-percent-height-scrolling\" style=\"--awb-border-radius-top-left:0px;--awb-border-radius-top-right:0px;--awb-border-radius-bottom-right:0px;--awb-border-radius-bottom-left:0px;--awb-flex-wrap:wrap;\" ><div class=\"fusion-builder-row fusion-row\"><div class=\"fusion-layout-column fusion_builder_column fusion-builder-column-36 fusion_builder_column_1_1 1_1 fusion-one-full fusion-column-first fusion-column-last\" style=\"--awb-bg-size:cover;\"><div class=\"fusion-column-wrapper fusion-flex-column-wrapper-legacy\"><div class=\"fusion-text fusion-text-36\"><p>Due to Corona, a real exhibition of the Kunstverein Iserlohn cannot take place this spring, but it is possible virtually. The <a href=\"https:\/\/artspaces.kunstmatrix.com\/en\/exhibition\/5188832\/ersehntes\" target=\"_blank\" rel=\"noopener\">exhibition \u201cErsehntes\u201c<\/a> (\u201eDesired\u201c) shows 49 paintings and a sculpture by 23 artists. All works can be seen in a thematic context with the pandemic.<\/p>\n<\/div><div class=\"fusion-clearfix\"><\/div><\/div><\/div><\/div><\/div>\n<\/div><\/div><\/div><div class=\"fusion-clearfix\"><\/div><\/div>\n<\/article>\n<\/div><h3 class=\"fusion-timeline-date\" style=\"background-color:#ebeaea;\">February 2021<\/h3><div class=\"fusion-collapse-month\"><article id=\"blog-1-post-3194\" style=\"border-color:#ebeaea;\" class=\"fusion-post-timeline fusion-clearfix fusion-left-column post-3194 post type-post status-publish format-standard has-post-thumbnail hentry category-news-en\">\n<div class=\"fusion-post-wrapper\" style=\"background-color:rgba(255,255,255,0);\">\n\n\t\t\t<div class=\"fusion-flexslider flexslider fusion-flexslider-loading fusion-post-slideshow\" style=\"border-color:#ebeaea;\">\n\t\t<ul class=\"slides\">\n\t\t\t\n\t\t\t\t\t\t\t\t\t\t\t\t\t\t<li><div  class=\"fusion-image-wrapper\" aria-haspopup=\"true\">\n\t\t\t\t<img decoding=\"async\" width=\"600\" height=\"300\" src=\"https:\/\/frank-haase-design.de\/wp-content\/uploads\/2021\/04\/2021_top-magazin-sauerland_frank-haase_Arnsberg-1.jpg\" class=\"attachment-full size-full wp-post-image\" alt=\"\" srcset=\"https:\/\/frank-haase-design.de\/wp-content\/uploads\/2021\/04\/2021_top-magazin-sauerland_frank-haase_Arnsberg-1-200x100.jpg 200w, https:\/\/frank-haase-design.de\/wp-content\/uploads\/2021\/04\/2021_top-magazin-sauerland_frank-haase_Arnsberg-1-400x200.jpg 400w, https:\/\/frank-haase-design.de\/wp-content\/uploads\/2021\/04\/2021_top-magazin-sauerland_frank-haase_Arnsberg-1.jpg 600w\" sizes=\"(max-width: 800px) 100vw, 40vw\" \/><div class=\"fusion-rollover\">\n\t<div class=\"fusion-rollover-content\">\n\n\t\t\t\t\t\t\t\t\t\t\n\t\t\t\t\t\t\t\t\t\t\t\t\t\t\n\t\t\t\t\t\t\t\t\n\t\t\t\t\t\t\t\t\n\t\t\t\t\t\t\t\t\t\t\t\t\t\t\t\t\t\t<a class=\"fusion-rollover-gallery\" href=\"https:\/\/frank-haase-design.de\/wp-content\/uploads\/2021\/04\/2021_top-magazin-sauerland_frank-haase_Arnsberg-1.jpg\" data-id=\"3194\" data-rel=\"iLightbox[gallery]\" data-title=\"2021_top magazin sauerland_frank haase_Arnsberg\" data-caption=\"\">\n\t\t\t\t\t\tGallery\t\t\t\t\t<\/a>\n\t\t\t\t\t\t\t\t\t\t\t\t\t\t\n\t\t\n\t\t\t\t\t\t\t\t\n\t\t\t\t\t\t\t\t\n\t\t\n\t\t\t\t\t\t<a class=\"fusion-link-wrapper\" href=\"https:\/\/frank-haase-design.de\/en\/the-top-magazine-sauerland-reports\/\" aria-label=\"The TOP magazine Sauerland reports\"><\/a>\n\t<\/div>\n<\/div>\n<\/div>\n<\/li>\n\t\t\t\n\t\t\t\n\t\t\t\t\t\t\t\t\t\t\t\t\t\t\t\t\t\t\t\t\t\t\t\t\t\t\t\t\t\t\t\t\t\t\t\t\t\t\t\t\t\t\t\t\t\t\t\t\t\t\t\t\t\t\t\t\t\t\t\t\t\t\t\t\t\t\t\t<\/ul>\n\t<\/div>\n\t<div class=\"fusion-post-content-wrapper\" style=\"padding:30px 25px 20px 25px;\"><div class=\"fusion-post-content post-content\"><div class=\"fusion-timeline-circle\" style=\"background-color:#ebeaea;\"><\/div><div class=\"fusion-timeline-arrow\" style=\"color:#ebeaea;\"><\/div><h2 class=\"blog-shortcode-post-title entry-title\">The TOP magazine Sauerland reports<\/h2><div class=\"fusion-post-content-container\"><div class=\"fusion-fullwidth fullwidth-box fusion-builder-row-1-37 nonhundred-percent-fullwidth non-hundred-percent-height-scrolling\" style=\"--awb-border-radius-top-left:0px;--awb-border-radius-top-right:0px;--awb-border-radius-bottom-right:0px;--awb-border-radius-bottom-left:0px;--awb-flex-wrap:wrap;\" ><div class=\"fusion-builder-row fusion-row\"><div class=\"fusion-layout-column fusion_builder_column fusion-builder-column-37 fusion_builder_column_1_1 1_1 fusion-one-full fusion-column-first fusion-column-last\" style=\"--awb-bg-size:cover;\"><div class=\"fusion-column-wrapper fusion-flex-column-wrapper-legacy\"><div class=\"fusion-text fusion-text-37\"><p>Since February 5th, my <a href=\"https:\/\/frank-haase-design.de\/en\/galerie\/qr-art\/qr-art-relief-electrons\/\" target=\"_blank\" rel=\"noopener\">QR art relief \u201cElectrons\u201d<\/a> has been decorating the entrance area of \u200b\u200bthe Brinkschulte Medien GmbH &amp; Co. KG publishing house in the Kaiserhaus in Arnsberg. The <a href=\"http:\/\/www.top-sauerland.de\/qr-art-lebendige-kunst\" target=\"_blank\" rel=\"noopener\">TOP magazine Sauerland<\/a> presents the work of art on a double page.<\/p>\n<\/div><div class=\"fusion-clearfix\"><\/div><\/div><\/div><\/div><\/div>\n<\/div><\/div><\/div><div class=\"fusion-clearfix\"><\/div><\/div>\n<\/article>\n<article id=\"blog-1-post-3183\" style=\"border-color:#ebeaea;\" class=\"fusion-post-timeline fusion-clearfix fusion-right-column post-3183 post type-post status-publish format-standard has-post-thumbnail hentry category-news-en\">\n<div class=\"fusion-post-wrapper\" style=\"background-color:rgba(255,255,255,0);\">\n\n\t\t\t<div class=\"fusion-flexslider flexslider fusion-flexslider-loading fusion-post-slideshow\" style=\"border-color:#ebeaea;\">\n\t\t<ul class=\"slides\">\n\t\t\t\n\t\t\t\t\t\t\t\t\t\t\t\t\t\t<li><div  class=\"fusion-image-wrapper\" aria-haspopup=\"true\">\n\t\t\t\t<img decoding=\"async\" width=\"600\" height=\"300\" src=\"https:\/\/frank-haase-design.de\/wp-content\/uploads\/2021\/02\/2021_QR-Art-Relief_Electrons-1.jpg\" class=\"attachment-full size-full wp-post-image\" alt=\"\" srcset=\"https:\/\/frank-haase-design.de\/wp-content\/uploads\/2021\/02\/2021_QR-Art-Relief_Electrons-1-200x100.jpg 200w, https:\/\/frank-haase-design.de\/wp-content\/uploads\/2021\/02\/2021_QR-Art-Relief_Electrons-1-400x200.jpg 400w, https:\/\/frank-haase-design.de\/wp-content\/uploads\/2021\/02\/2021_QR-Art-Relief_Electrons-1.jpg 600w\" sizes=\"(max-width: 800px) 100vw, 40vw\" \/><div class=\"fusion-rollover\">\n\t<div class=\"fusion-rollover-content\">\n\n\t\t\t\t\t\t\t\t\t\t\n\t\t\t\t\t\t\t\t\t\t\t\t\t\t\n\t\t\t\t\t\t\t\t\n\t\t\t\t\t\t\t\t\n\t\t\t\t\t\t\t\t\t\t\t\t\t\t\t\t\t\t<a class=\"fusion-rollover-gallery\" href=\"https:\/\/frank-haase-design.de\/wp-content\/uploads\/2021\/02\/2021_QR-Art-Relief_Electrons-1.jpg\" data-id=\"3183\" data-rel=\"iLightbox[gallery]\" data-title=\"2021_QR-Art-Relief_Electrons\" data-caption=\"\">\n\t\t\t\t\t\tGallery\t\t\t\t\t<\/a>\n\t\t\t\t\t\t\t\t\t\t\t\t\t\t\n\t\t\n\t\t\t\t\t\t\t\t\n\t\t\t\t\t\t\t\t\n\t\t\n\t\t\t\t\t\t<a class=\"fusion-link-wrapper\" href=\"https:\/\/frank-haase-design.de\/en\/qr-art-relief-electrons\/\" aria-label=\"QR art relief &#8220;Electrons&#8221;\"><\/a>\n\t<\/div>\n<\/div>\n<\/div>\n<\/li>\n\t\t\t\n\t\t\t\n\t\t\t\t\t\t\t\t\t\t\t\t\t\t\t\t\t\t\t\t\t\t\t\t\t\t\t\t\t\t\t\t\t\t\t\t\t\t\t\t\t\t\t\t\t\t\t\t\t\t\t\t\t\t\t\t\t\t\t\t\t\t\t\t\t\t\t\t<\/ul>\n\t<\/div>\n\t<div class=\"fusion-post-content-wrapper\" style=\"padding:30px 25px 20px 25px;\"><div class=\"fusion-post-content post-content\"><div class=\"fusion-timeline-circle\" style=\"background-color:#ebeaea;\"><\/div><div class=\"fusion-timeline-arrow\" style=\"color:#ebeaea;\"><\/div><h2 class=\"blog-shortcode-post-title entry-title\">QR art relief &#8220;Electrons&#8221;<\/h2><div class=\"fusion-post-content-container\"><div class=\"fusion-fullwidth fullwidth-box fusion-builder-row-1-38 nonhundred-percent-fullwidth non-hundred-percent-height-scrolling\" style=\"--awb-border-radius-top-left:0px;--awb-border-radius-top-right:0px;--awb-border-radius-bottom-right:0px;--awb-border-radius-bottom-left:0px;--awb-flex-wrap:wrap;\" ><div class=\"fusion-builder-row fusion-row\"><div class=\"fusion-layout-column fusion_builder_column fusion-builder-column-38 fusion_builder_column_1_1 1_1 fusion-one-full fusion-column-first fusion-column-last\" style=\"--awb-bg-size:cover;\"><div class=\"fusion-column-wrapper fusion-flex-column-wrapper-legacy\"><div class=\"fusion-text fusion-text-38\"><p>This <a href=\"https:\/\/frank-haase-design.de\/en\/galerie\/qr-art\/qr-art-relief-electrons\/\" target=\"_blank\" rel=\"noopener\">QR art relief<\/a> is a homage to the elementary and an invitation to get involved in unusual perspectives and to look for the fascinating behind the obvious. The QR code formed by 443 spherical electrons links to my abstract <a href=\"https:\/\/www.youtube.com\/watch?v=8b2JILnvF1E\" target=\"_blank\" rel=\"noopener\">short film &#8220;Electrons&#8221;<\/a>. The commissioned work for the Brinkschulte Medien publishing house has been hanging in the Kaiserhaus in Arnsberg since February 5th.<\/p>\n<\/div><div class=\"fusion-clearfix\"><\/div><\/div><\/div><\/div><\/div>\n<\/div><\/div><\/div><div class=\"fusion-clearfix\"><\/div><\/div>\n<\/article>\n<\/div><h3 class=\"fusion-timeline-date\" style=\"background-color:#ebeaea;\">October 2020<\/h3><div class=\"fusion-collapse-month\"><article id=\"blog-1-post-2781\" style=\"border-color:#ebeaea;\" class=\"fusion-post-timeline fusion-clearfix fusion-left-column post-2781 post type-post status-publish format-standard hentry category-news-en\">\n<div class=\"fusion-post-wrapper\" style=\"background-color:rgba(255,255,255,0);\">\n\n<div class=\"fusion-post-content-wrapper\" style=\"padding:30px 25px 20px 25px;\"><div class=\"fusion-post-content post-content\"><div class=\"fusion-timeline-circle\" style=\"background-color:#ebeaea;\"><\/div><div class=\"fusion-timeline-arrow\" style=\"color:#ebeaea;\"><\/div><h2 class=\"blog-shortcode-post-title entry-title\">Newspaper reminds of my bridge house concept<\/h2><div class=\"fusion-post-content-container\"><div class=\"fusion-fullwidth fullwidth-box fusion-builder-row-1-39 nonhundred-percent-fullwidth non-hundred-percent-height-scrolling\" style=\"--awb-border-radius-top-left:0px;--awb-border-radius-top-right:0px;--awb-border-radius-bottom-right:0px;--awb-border-radius-bottom-left:0px;--awb-flex-wrap:wrap;\" ><div class=\"fusion-builder-row fusion-row\"><div class=\"fusion-layout-column fusion_builder_column fusion-builder-column-39 fusion_builder_column_1_1 1_1 fusion-one-full fusion-column-first fusion-column-last\" style=\"--awb-bg-size:cover;\"><div class=\"fusion-column-wrapper fusion-flex-column-wrapper-legacy\"><div class=\"fusion-text fusion-text-39\"><p>On the occasion of the dismantling of the track bridge in Iserlohn-Letmathe, the Iserlohner Kreisanzeiger reminds of my bridge house concepts from the years 1999 and 2015. A still attractive idea full of flair and with numerous economic and ecological advantages.<\/p>\n<\/div><div class=\"fusion-clearfix\"><\/div><\/div><\/div><\/div><\/div>\n<\/div><\/div><\/div><div class=\"fusion-clearfix\"><\/div><\/div>\n<\/article>\n<article id=\"blog-1-post-2917\" style=\"border-color:#ebeaea;\" class=\"fusion-post-timeline fusion-clearfix fusion-right-column post-2917 post type-post status-publish format-standard has-post-thumbnail hentry category-news-en\">\n<div class=\"fusion-post-wrapper\" style=\"background-color:rgba(255,255,255,0);\">\n\n\t\t\t<div class=\"fusion-flexslider flexslider fusion-flexslider-loading fusion-post-slideshow\" style=\"border-color:#ebeaea;\">\n\t\t<ul class=\"slides\">\n\t\t\t\n\t\t\t\t\t\t\t\t\t\t\t\t\t\t<li><div  class=\"fusion-image-wrapper\" aria-haspopup=\"true\">\n\t\t\t\t<img decoding=\"async\" width=\"600\" height=\"300\" src=\"https:\/\/frank-haase-design.de\/wp-content\/uploads\/2020\/10\/2020-10-05_26th-Seoul-International-Art-Festival_Frank-Haase.jpg\" class=\"attachment-full size-full wp-post-image\" alt=\"\" srcset=\"https:\/\/frank-haase-design.de\/wp-content\/uploads\/2020\/10\/2020-10-05_26th-Seoul-International-Art-Festival_Frank-Haase-200x100.jpg 200w, https:\/\/frank-haase-design.de\/wp-content\/uploads\/2020\/10\/2020-10-05_26th-Seoul-International-Art-Festival_Frank-Haase-400x200.jpg 400w, https:\/\/frank-haase-design.de\/wp-content\/uploads\/2020\/10\/2020-10-05_26th-Seoul-International-Art-Festival_Frank-Haase.jpg 600w\" sizes=\"(max-width: 800px) 100vw, 40vw\" \/><div class=\"fusion-rollover\">\n\t<div class=\"fusion-rollover-content\">\n\n\t\t\t\t\t\t\t\t\t\t\n\t\t\t\t\t\t\t\t\t\t\t\t\t\t\n\t\t\t\t\t\t\t\t\n\t\t\t\t\t\t\t\t\n\t\t\t\t\t\t\t\t\t\t\t\t\t\t\t\t\t\t<a class=\"fusion-rollover-gallery\" href=\"https:\/\/frank-haase-design.de\/wp-content\/uploads\/2020\/10\/2020-10-05_26th-Seoul-International-Art-Festival_Frank-Haase.jpg\" data-id=\"2917\" data-rel=\"iLightbox[gallery]\" data-title=\"https:\/\/www.facebook.com\/celso.pepito\/posts\/10214812712390692\" data-caption=\"Bosuk Lee\n1d  \u00b7\nThe 26th Seoul International Art Festival 2020 &quot;Jump Over&quot; of WCAA and 21C ICAA by the Covid-19.\n\n---\n\nClaudiu Victor Gheorghiu\n1d  \u00b7\nThank you, dear Bosuk Lee\n, curator and well known Korean artist, to selected and invited me to participate at this online  edition, of the 26th SIAF: Seoul International Art Festival, with artists from 57 countries.  Claudiu Victor Gheorghiu\n  \ud83e\udd81\ud83c\udf1e, Romania \ud83c\uddf9\ud83c\udde9\n\n\n---\n\nCelso Pepito\n1d  \u00b7\nFinally...coming in few hours...\nJUMP\nAn International Art Festival\/Korea\nVenues:\nMuseum H- October 5-30,2020\nSeojong Tower Gallery- December 14-31,2020\nHosted By:\nWorld Culture Artists Association(WCAA)\nManaged By:\nInternational Creative Artists Association( ICAA)\nThank you Madame Bosuk Lee for the invitation.\nThank you, as well Bay Jik Villanueva for the heads up!\nWatch for it!\">\n\t\t\t\t\t\tGallery\t\t\t\t\t<\/a>\n\t\t\t\t\t\t\t\t\t\t\t\t\t\t\n\t\t\n\t\t\t\t\t\t\t\t\n\t\t\t\t\t\t\t\t\n\t\t\n\t\t\t\t\t\t<a class=\"fusion-link-wrapper\" href=\"https:\/\/frank-haase-design.de\/en\/deutscher-beitrag-fuer-die-wcaa-ausstellung-seoul\/\" aria-label=\"German contribution to the WCAA exhibition in Seoul\"><\/a>\n\t<\/div>\n<\/div>\n<\/div>\n<\/li>\n\t\t\t\n\t\t\t\n\t\t\t\t\t\t\t\t\t\t\t\t\t\t\t\t\t\t\t\t\t\t\t\t\t\t\t\t\t\t\t\t\t\t\t\t\t\t\t\t\t\t\t\t\t\t\t\t\t\t\t\t\t\t\t\t\t\t\t\t\t\t\t\t\t\t\t\t<\/ul>\n\t<\/div>\n\t<div class=\"fusion-post-content-wrapper\" style=\"padding:30px 25px 20px 25px;\"><div class=\"fusion-post-content post-content\"><div class=\"fusion-timeline-circle\" style=\"background-color:#ebeaea;\"><\/div><div class=\"fusion-timeline-arrow\" style=\"color:#ebeaea;\"><\/div><h2 class=\"blog-shortcode-post-title entry-title\">German contribution to the WCAA exhibition in Seoul<\/h2><div class=\"fusion-post-content-container\"><div class=\"fusion-fullwidth fullwidth-box fusion-builder-row-1-40 nonhundred-percent-fullwidth non-hundred-percent-height-scrolling\" style=\"--awb-border-radius-top-left:0px;--awb-border-radius-top-right:0px;--awb-border-radius-bottom-right:0px;--awb-border-radius-bottom-left:0px;--awb-flex-wrap:wrap;\" ><div class=\"fusion-builder-row fusion-row\"><div class=\"fusion-layout-column fusion_builder_column fusion-builder-column-40 fusion_builder_column_1_1 1_1 fusion-one-full fusion-column-first fusion-column-last\" style=\"--awb-bg-size:cover;\"><div class=\"fusion-column-wrapper fusion-flex-column-wrapper-legacy\"><div class=\"fusion-text fusion-text-40\"><p>For the 2020 \u201cJump Over\u201d exhibition of the WCAA (World Culture Artists Association) in Seoul, I was able to provide the German contribution this year. From October 5th to 30th, my shadow painting \u201cK\u00f6ln Hbf\u201d will be there.<\/p>\n<\/div><div class=\"fusion-clearfix\"><\/div><\/div><\/div><\/div><\/div>\n<\/div><\/div><\/div><div class=\"fusion-clearfix\"><\/div><\/div>\n<\/article>\n<\/div><h3 class=\"fusion-timeline-date\" style=\"background-color:#ebeaea;\">September 2020<\/h3><div class=\"fusion-collapse-month\"><article id=\"blog-1-post-2920\" style=\"border-color:#ebeaea;\" class=\"fusion-post-timeline fusion-clearfix fusion-left-column post-2920 post type-post status-publish format-standard has-post-thumbnail hentry category-news-en\">\n<div class=\"fusion-post-wrapper\" style=\"background-color:rgba(255,255,255,0);\">\n\n\t\t\t<div class=\"fusion-flexslider flexslider fusion-flexslider-loading fusion-post-slideshow\" style=\"border-color:#ebeaea;\">\n\t\t<ul class=\"slides\">\n\t\t\t\n\t\t\t\t\t\t\t\t\t\t\t\t\t\t<li><div  class=\"fusion-image-wrapper\" aria-haspopup=\"true\">\n\t\t\t\t<img decoding=\"async\" width=\"600\" height=\"300\" src=\"https:\/\/frank-haase-design.de\/wp-content\/uploads\/2020\/10\/Frank-Haase_HAGENRING.jpg\" class=\"attachment-full size-full wp-post-image\" alt=\"\" srcset=\"https:\/\/frank-haase-design.de\/wp-content\/uploads\/2020\/10\/Frank-Haase_HAGENRING-200x100.jpg 200w, https:\/\/frank-haase-design.de\/wp-content\/uploads\/2020\/10\/Frank-Haase_HAGENRING-400x200.jpg 400w, https:\/\/frank-haase-design.de\/wp-content\/uploads\/2020\/10\/Frank-Haase_HAGENRING.jpg 600w\" sizes=\"(max-width: 800px) 100vw, 40vw\" \/><div class=\"fusion-rollover\">\n\t<div class=\"fusion-rollover-content\">\n\n\t\t\t\t\t\t\t\t\t\t\n\t\t\t\t\t\t\t\t\t\t\t\t\t\t\n\t\t\t\t\t\t\t\t\n\t\t\t\t\t\t\t\t\n\t\t\t\t\t\t\t\t\t\t\t\t\t\t\t\t\t\t<a class=\"fusion-rollover-gallery\" href=\"https:\/\/frank-haase-design.de\/wp-content\/uploads\/2020\/10\/Frank-Haase_HAGENRING.jpg\" data-id=\"2920\" data-rel=\"iLightbox[gallery]\" data-title=\"Frank Haase_HAGENRING\" data-caption=\"\">\n\t\t\t\t\t\tGallery\t\t\t\t\t<\/a>\n\t\t\t\t\t\t\t\t\t\t\t\t\t\t\n\t\t\n\t\t\t\t\t\t\t\t\n\t\t\t\t\t\t\t\t\n\t\t\n\t\t\t\t\t\t<a class=\"fusion-link-wrapper\" href=\"https:\/\/frank-haase-design.de\/en\/portraets-in-der-hagenring-galerie\/\" aria-label=\"Solo exhibition in the HAGENRING gallery\"><\/a>\n\t<\/div>\n<\/div>\n<\/div>\n<\/li>\n\t\t\t\n\t\t\t\n\t\t\t\t\t\t\t\t\t\t\t\t\t\t\t\t\t\t\t\t\t\t\t\t\t\t\t\t\t\t\t\t\t\t\t\t\t\t\t\t\t\t\t\t\t\t\t\t\t\t\t\t\t\t\t\t\t\t\t\t\t\t\t\t\t\t\t\t<\/ul>\n\t<\/div>\n\t<div class=\"fusion-post-content-wrapper\" style=\"padding:30px 25px 20px 25px;\"><div class=\"fusion-post-content post-content\"><div class=\"fusion-timeline-circle\" style=\"background-color:#ebeaea;\"><\/div><div class=\"fusion-timeline-arrow\" style=\"color:#ebeaea;\"><\/div><h2 class=\"blog-shortcode-post-title entry-title\">Solo exhibition in the HAGENRING gallery<\/h2><div class=\"fusion-post-content-container\"><div class=\"fusion-fullwidth fullwidth-box fusion-builder-row-1-41 nonhundred-percent-fullwidth non-hundred-percent-height-scrolling\" style=\"--awb-border-radius-top-left:0px;--awb-border-radius-top-right:0px;--awb-border-radius-bottom-right:0px;--awb-border-radius-bottom-left:0px;--awb-flex-wrap:wrap;\" ><div class=\"fusion-builder-row fusion-row\"><div class=\"fusion-layout-column fusion_builder_column fusion-builder-column-41 fusion_builder_column_1_1 1_1 fusion-one-full fusion-column-first fusion-column-last\" style=\"--awb-bg-size:cover;\"><div class=\"fusion-column-wrapper fusion-flex-column-wrapper-legacy\"><div class=\"fusion-text fusion-text-41\"><p>From September 20th to October 11th, I&#8217;m showing 28 portraits in a solo exhibition in the <a href=\"http:\/\/hagenring.com\/\" target=\"_blank\" rel=\"noopener\">HAGENRING-Galerie<\/a>. Acrylic paintings take up the majority of this, but the exhibition also includes a work in oil and two experimental works with glass and acrylic glass balls.<\/p>\n<\/div><div class=\"fusion-clearfix\"><\/div><\/div><\/div><\/div><\/div>\n<\/div><\/div><\/div><div class=\"fusion-clearfix\"><\/div><\/div>\n<\/article>\n<article id=\"blog-1-post-2922\" style=\"border-color:#ebeaea;\" class=\"fusion-post-timeline fusion-clearfix fusion-right-column post-2922 post type-post status-publish format-standard has-post-thumbnail hentry category-news-en\">\n<div class=\"fusion-post-wrapper\" style=\"background-color:rgba(255,255,255,0);\">\n\n\t\t\t<div class=\"fusion-flexslider flexslider fusion-flexslider-loading fusion-post-slideshow\" style=\"border-color:#ebeaea;\">\n\t\t<ul class=\"slides\">\n\t\t\t\n\t\t\t\t\t\t\t\t\t\t\t\t\t\t<li><div  class=\"fusion-image-wrapper\" aria-haspopup=\"true\">\n\t\t\t\t<img decoding=\"async\" width=\"600\" height=\"300\" src=\"https:\/\/frank-haase-design.de\/wp-content\/uploads\/2020\/10\/Frank-Haase_Luxemburger-Tageblatt-Magazin.jpg\" class=\"attachment-full size-full wp-post-image\" alt=\"\" srcset=\"https:\/\/frank-haase-design.de\/wp-content\/uploads\/2020\/10\/Frank-Haase_Luxemburger-Tageblatt-Magazin-200x100.jpg 200w, https:\/\/frank-haase-design.de\/wp-content\/uploads\/2020\/10\/Frank-Haase_Luxemburger-Tageblatt-Magazin-400x200.jpg 400w, https:\/\/frank-haase-design.de\/wp-content\/uploads\/2020\/10\/Frank-Haase_Luxemburger-Tageblatt-Magazin.jpg 600w\" sizes=\"(max-width: 800px) 100vw, 40vw\" \/><div class=\"fusion-rollover\">\n\t<div class=\"fusion-rollover-content\">\n\n\t\t\t\t\t\t\t\t\t\t\n\t\t\t\t\t\t\t\t\t\t\t\t\t\t\n\t\t\t\t\t\t\t\t\n\t\t\t\t\t\t\t\t\n\t\t\t\t\t\t\t\t\t\t\t\t\t\t\t\t\t\t<a class=\"fusion-rollover-gallery\" href=\"https:\/\/frank-haase-design.de\/wp-content\/uploads\/2020\/10\/Frank-Haase_Luxemburger-Tageblatt-Magazin.jpg\" data-id=\"2922\" data-rel=\"iLightbox[gallery]\" data-title=\"Frank Haase_Luxemburger Tageblatt Magazin\" data-caption=\"\">\n\t\t\t\t\t\tGallery\t\t\t\t\t<\/a>\n\t\t\t\t\t\t\t\t\t\t\t\t\t\t\n\t\t\n\t\t\t\t\t\t\t\t\n\t\t\t\t\t\t\t\t\n\t\t\n\t\t\t\t\t\t<a class=\"fusion-link-wrapper\" href=\"https:\/\/frank-haase-design.de\/en\/portraets-im-luxemburger-tageblatt\/\" aria-label=\"My portraits in the Luxemburger Tageblatt\"><\/a>\n\t<\/div>\n<\/div>\n<\/div>\n<\/li>\n\t\t\t\n\t\t\t\n\t\t\t\t\t\t\t\t\t\t\t\t\t\t\t\t\t\t\t\t\t\t\t\t\t\t\t\t\t\t\t\t\t\t\t\t\t\t\t\t\t\t\t\t\t\t\t\t\t\t\t\t\t\t\t\t\t\t\t\t\t\t\t\t\t\t\t\t<\/ul>\n\t<\/div>\n\t<div class=\"fusion-post-content-wrapper\" style=\"padding:30px 25px 20px 25px;\"><div class=\"fusion-post-content post-content\"><div class=\"fusion-timeline-circle\" style=\"background-color:#ebeaea;\"><\/div><div class=\"fusion-timeline-arrow\" style=\"color:#ebeaea;\"><\/div><h2 class=\"blog-shortcode-post-title entry-title\">My portraits in the Luxemburger Tageblatt<\/h2><div class=\"fusion-post-content-container\"><div class=\"fusion-fullwidth fullwidth-box fusion-builder-row-1-42 nonhundred-percent-fullwidth non-hundred-percent-height-scrolling\" style=\"--awb-border-radius-top-left:0px;--awb-border-radius-top-right:0px;--awb-border-radius-bottom-right:0px;--awb-border-radius-bottom-left:0px;--awb-flex-wrap:wrap;\" ><div class=\"fusion-builder-row fusion-row\"><div class=\"fusion-layout-column fusion_builder_column fusion-builder-column-42 fusion_builder_column_1_1 1_1 fusion-one-full fusion-column-first fusion-column-last\" style=\"--awb-bg-size:cover;\"><div class=\"fusion-column-wrapper fusion-flex-column-wrapper-legacy\"><div class=\"fusion-text fusion-text-42\"><p>The Tageblatt is the second largest daily newspaper in the Grand Duchy of Luxembourg. In the September 5th issue, an article in the magazine features my two most recent acrylic portraits. The wonderfully graphically designed article makes it clear why the Tageblatt has won several awards for its design in the past.<\/p>\n<\/div><div class=\"fusion-clearfix\"><\/div><\/div><\/div><\/div><\/div>\n<\/div><\/div><\/div><div class=\"fusion-clearfix\"><\/div><\/div>\n<\/article>\n<\/div><h3 class=\"fusion-timeline-date\" style=\"background-color:#ebeaea;\">August 2020<\/h3><div class=\"fusion-collapse-month\"><article id=\"blog-1-post-2924\" style=\"border-color:#ebeaea;\" class=\"fusion-post-timeline fusion-clearfix fusion-left-column post-2924 post type-post status-publish format-standard has-post-thumbnail hentry category-news-en\">\n<div class=\"fusion-post-wrapper\" style=\"background-color:rgba(255,255,255,0);\">\n\n\t\t\t<div class=\"fusion-flexslider flexslider fusion-flexslider-loading fusion-post-slideshow\" style=\"border-color:#ebeaea;\">\n\t\t<ul class=\"slides\">\n\t\t\t\n\t\t\t\t\t\t\t\t\t\t\t\t\t\t<li><div  class=\"fusion-image-wrapper\" aria-haspopup=\"true\">\n\t\t\t\t<img decoding=\"async\" width=\"600\" height=\"300\" src=\"https:\/\/frank-haase-design.de\/wp-content\/uploads\/2020\/08\/2020_Friedenskirche-Letmathe_Vitrinen.jpg\" class=\"attachment-full size-full wp-post-image\" alt=\"\" srcset=\"https:\/\/frank-haase-design.de\/wp-content\/uploads\/2020\/08\/2020_Friedenskirche-Letmathe_Vitrinen-200x100.jpg 200w, https:\/\/frank-haase-design.de\/wp-content\/uploads\/2020\/08\/2020_Friedenskirche-Letmathe_Vitrinen-400x200.jpg 400w, https:\/\/frank-haase-design.de\/wp-content\/uploads\/2020\/08\/2020_Friedenskirche-Letmathe_Vitrinen.jpg 600w\" sizes=\"(max-width: 800px) 100vw, 40vw\" \/><div class=\"fusion-rollover\">\n\t<div class=\"fusion-rollover-content\">\n\n\t\t\t\t\t\t\t\t\t\t\n\t\t\t\t\t\t\t\t\t\t\t\t\t\t\n\t\t\t\t\t\t\t\t\n\t\t\t\t\t\t\t\t\n\t\t\t\t\t\t\t\t\t\t\t\t\t\t\t\t\t\t<a class=\"fusion-rollover-gallery\" href=\"https:\/\/frank-haase-design.de\/wp-content\/uploads\/2020\/08\/2020_Friedenskirche-Letmathe_Vitrinen.jpg\" data-id=\"2924\" data-rel=\"iLightbox[gallery]\" data-title=\"2020_Friedenskirche Letmathe_Vitrinen\" data-caption=\"\">\n\t\t\t\t\t\tGallery\t\t\t\t\t<\/a>\n\t\t\t\t\t\t\t\t\t\t\t\t\t\t\n\t\t\n\t\t\t\t\t\t\t\t\n\t\t\t\t\t\t\t\t\n\t\t\n\t\t\t\t\t\t<a class=\"fusion-link-wrapper\" href=\"https:\/\/frank-haase-design.de\/en\/vitrinen-fuer-die-friedenskirche\/\" aria-label=\"Showcases for the Friedenskirche\"><\/a>\n\t<\/div>\n<\/div>\n<\/div>\n<\/li>\n\t\t\t\n\t\t\t\n\t\t\t\t\t\t\t\t\t\t\t\t\t\t\t\t\t\t\t\t\t\t\t\t\t\t\t\t\t\t\t\t\t\t\t\t\t\t\t\t\t\t\t\t\t\t\t\t\t\t\t\t\t\t\t\t\t\t\t\t\t\t\t\t\t\t\t\t<\/ul>\n\t<\/div>\n\t<div class=\"fusion-post-content-wrapper\" style=\"padding:30px 25px 20px 25px;\"><div class=\"fusion-post-content post-content\"><div class=\"fusion-timeline-circle\" style=\"background-color:#ebeaea;\"><\/div><div class=\"fusion-timeline-arrow\" style=\"color:#ebeaea;\"><\/div><h2 class=\"blog-shortcode-post-title entry-title\">Showcases for the Friedenskirche<\/h2><div class=\"fusion-post-content-container\"><div class=\"fusion-fullwidth fullwidth-box fusion-builder-row-1-43 nonhundred-percent-fullwidth non-hundred-percent-height-scrolling\" style=\"--awb-border-radius-top-left:0px;--awb-border-radius-top-right:0px;--awb-border-radius-bottom-right:0px;--awb-border-radius-bottom-left:0px;--awb-flex-wrap:wrap;\" ><div class=\"fusion-builder-row fusion-row\"><div class=\"fusion-layout-column fusion_builder_column fusion-builder-column-43 fusion_builder_column_1_1 1_1 fusion-one-full fusion-column-first fusion-column-last\" style=\"--awb-bg-size:cover;\"><div class=\"fusion-column-wrapper fusion-flex-column-wrapper-legacy\"><div class=\"fusion-text fusion-text-43\"><p>The assembly of the two book display cases in the Friedenskirche in Letmathe has been completed. The basic bodies, which are made of solid oak wood, are oriented in their design to the wall panelling and the furniture of the neighbouring rooms. In the showcases are an edition of Luther&#8217;s after-dinner speeches from 1568 and a Bible from 1683. The books are protected behind glass and form a valuable eye-catcher to the right and left of the exit.<\/p>\n<\/div><div class=\"fusion-clearfix\"><\/div><\/div><\/div><\/div><\/div>\n<\/div><\/div><\/div><div class=\"fusion-clearfix\"><\/div><\/div>\n<\/article>\n<\/div><h3 class=\"fusion-timeline-date\" style=\"background-color:#ebeaea;\">July 2020<\/h3><div class=\"fusion-collapse-month\"><article id=\"blog-1-post-2926\" style=\"border-color:#ebeaea;\" class=\"fusion-post-timeline fusion-clearfix fusion-right-column post-2926 post type-post status-publish format-standard has-post-thumbnail hentry category-news-en\">\n<div class=\"fusion-post-wrapper\" style=\"background-color:rgba(255,255,255,0);\">\n\n\t\t\t<div class=\"fusion-flexslider flexslider fusion-flexslider-loading fusion-post-slideshow\" style=\"border-color:#ebeaea;\">\n\t\t<ul class=\"slides\">\n\t\t\t\n\t\t\t\t\t\t\t\t\t\t\t\t\t\t<li><div  class=\"fusion-image-wrapper\" aria-haspopup=\"true\">\n\t\t\t\t<img decoding=\"async\" width=\"600\" height=\"300\" src=\"https:\/\/frank-haase-design.de\/wp-content\/uploads\/2020\/08\/2020_Lass-mich-Leben-sp\u00fcren.jpg\" class=\"attachment-full size-full wp-post-image\" alt=\"\" srcset=\"https:\/\/frank-haase-design.de\/wp-content\/uploads\/2020\/08\/2020_Lass-mich-Leben-sp\u00fcren-200x100.jpg 200w, https:\/\/frank-haase-design.de\/wp-content\/uploads\/2020\/08\/2020_Lass-mich-Leben-sp\u00fcren-400x200.jpg 400w, https:\/\/frank-haase-design.de\/wp-content\/uploads\/2020\/08\/2020_Lass-mich-Leben-sp\u00fcren.jpg 600w\" sizes=\"(max-width: 800px) 100vw, 40vw\" \/><div class=\"fusion-rollover\">\n\t<div class=\"fusion-rollover-content\">\n\n\t\t\t\t\t\t\t\t\t\t\n\t\t\t\t\t\t\t\t\t\t\t\t\t\t\n\t\t\t\t\t\t\t\t\n\t\t\t\t\t\t\t\t\n\t\t\t\t\t\t\t\t\t\t\t\t\t\t\t\t\t\t<a class=\"fusion-rollover-gallery\" href=\"https:\/\/frank-haase-design.de\/wp-content\/uploads\/2020\/08\/2020_Lass-mich-Leben-sp\u00fcren.jpg\" data-id=\"2926\" data-rel=\"iLightbox[gallery]\" data-title=\"2020_Lass-mich-Leben-sp\u00fcren\" data-caption=\"\">\n\t\t\t\t\t\tGallery\t\t\t\t\t<\/a>\n\t\t\t\t\t\t\t\t\t\t\t\t\t\t\n\t\t\n\t\t\t\t\t\t\t\t\n\t\t\t\t\t\t\t\t\n\t\t\n\t\t\t\t\t\t<a class=\"fusion-link-wrapper\" href=\"https:\/\/frank-haase-design.de\/en\/lyrikband-lass-mich-leben-spueren\/\" aria-label=\"Poetry book &#8220;Let me feel life&#8221;\"><\/a>\n\t<\/div>\n<\/div>\n<\/div>\n<\/li>\n\t\t\t\n\t\t\t\n\t\t\t\t\t\t\t\t\t\t\t\t\t\t\t\t\t\t\t\t\t\t\t\t\t\t\t\t\t\t\t\t\t\t\t\t\t\t\t\t\t\t\t\t\t\t\t\t\t\t\t\t\t\t\t\t\t\t\t\t\t\t\t\t\t\t\t\t<\/ul>\n\t<\/div>\n\t<div class=\"fusion-post-content-wrapper\" style=\"padding:30px 25px 20px 25px;\"><div class=\"fusion-post-content post-content\"><div class=\"fusion-timeline-circle\" style=\"background-color:#ebeaea;\"><\/div><div class=\"fusion-timeline-arrow\" style=\"color:#ebeaea;\"><\/div><h2 class=\"blog-shortcode-post-title entry-title\">Poetry book &#8220;Let me feel life&#8221;<\/h2><div class=\"fusion-post-content-container\"><div class=\"fusion-fullwidth fullwidth-box fusion-builder-row-1-44 nonhundred-percent-fullwidth non-hundred-percent-height-scrolling\" style=\"--awb-border-radius-top-left:0px;--awb-border-radius-top-right:0px;--awb-border-radius-bottom-right:0px;--awb-border-radius-bottom-left:0px;--awb-flex-wrap:wrap;\" ><div class=\"fusion-builder-row fusion-row\"><div class=\"fusion-layout-column fusion_builder_column fusion-builder-column-44 fusion_builder_column_1_1 1_1 fusion-one-full fusion-column-first fusion-column-last\" style=\"--awb-bg-size:cover;\"><div class=\"fusion-column-wrapper fusion-flex-column-wrapper-legacy\"><div class=\"fusion-text fusion-text-44\"><p>In my first lyric volume \u201cLass mich Leben sp\u00fcren!\u201d (\u201cLet me feel life!\u201d) I put photos of my paintings and sculptures next to the poems I wrote myself. In this way, text and images convey moods that everyone has already experienced. From the everyday observation to the great feelings that make life so worth living. The 52-page booklet is available in stationary bookshops as well as on\u00a0<a href=\"https:\/\/www.amazon.de\/Lass-mich-Leben-sp%C3%BCren-Gedichte\/dp\/3751958800\/ref=sr_1_1?__mk_de_DE=%C3%85M%C3%85%C5%BD%C3%95%C3%91&amp;crid=3MZ9ESCZWEP12&amp;dchild=1&amp;keywords=lass+mich+leben+sp%C3%BCren&amp;qid=1598692958&amp;sprefix=lass+mich+leben+s%2Caps%2C150&amp;sr=8-1\" target=\"_blank\" rel=\"noopener\">Amazon<\/a>.<br \/>\nISBN <span class=\"a-list-item\">978-3751958806<\/span><\/p>\n<\/div><div class=\"fusion-clearfix\"><\/div><\/div><\/div><\/div><\/div>\n<\/div><\/div><\/div><div class=\"fusion-clearfix\"><\/div><\/div>\n<\/article>\n<\/div><h3 class=\"fusion-timeline-date\" style=\"background-color:#ebeaea;\">May 2020<\/h3><div class=\"fusion-collapse-month\"><article id=\"blog-1-post-2928\" style=\"border-color:#ebeaea;\" class=\"fusion-post-timeline fusion-clearfix fusion-left-column post-2928 post type-post status-publish format-standard has-post-thumbnail hentry category-news-en\">\n<div class=\"fusion-post-wrapper\" style=\"background-color:rgba(255,255,255,0);\">\n\n\t\t\t<div class=\"fusion-flexslider flexslider fusion-flexslider-loading fusion-post-slideshow\" style=\"border-color:#ebeaea;\">\n\t\t<ul class=\"slides\">\n\t\t\t\n\t\t\t\t\t\t\t\t\t\t\t\t\t\t<li><div  class=\"fusion-image-wrapper\" aria-haspopup=\"true\">\n\t\t\t\t<img decoding=\"async\" width=\"600\" height=\"300\" src=\"https:\/\/frank-haase-design.de\/wp-content\/uploads\/2020\/05\/Galerie-am-Stern_Frank-Haase.jpg\" class=\"attachment-full size-full wp-post-image\" alt=\"\" srcset=\"https:\/\/frank-haase-design.de\/wp-content\/uploads\/2020\/05\/Galerie-am-Stern_Frank-Haase-200x100.jpg 200w, https:\/\/frank-haase-design.de\/wp-content\/uploads\/2020\/05\/Galerie-am-Stern_Frank-Haase-400x200.jpg 400w, https:\/\/frank-haase-design.de\/wp-content\/uploads\/2020\/05\/Galerie-am-Stern_Frank-Haase.jpg 600w\" sizes=\"(max-width: 800px) 100vw, 40vw\" \/><div class=\"fusion-rollover\">\n\t<div class=\"fusion-rollover-content\">\n\n\t\t\t\t\t\t\t\t\t\t\n\t\t\t\t\t\t\t\t\t\t\t\t\t\t\n\t\t\t\t\t\t\t\t\n\t\t\t\t\t\t\t\t\n\t\t\t\t\t\t\t\t\t\t\t\t\t\t\t\t\t\t<a class=\"fusion-rollover-gallery\" href=\"https:\/\/frank-haase-design.de\/wp-content\/uploads\/2020\/05\/Galerie-am-Stern_Frank-Haase.jpg\" data-id=\"2928\" data-rel=\"iLightbox[gallery]\" data-title=\"Galerie am Stern_Frank Haase\" data-caption=\"\">\n\t\t\t\t\t\tGallery\t\t\t\t\t<\/a>\n\t\t\t\t\t\t\t\t\t\t\t\t\t\t\n\t\t\n\t\t\t\t\t\t\t\t\n\t\t\t\t\t\t\t\t\n\t\t\n\t\t\t\t\t\t<a class=\"fusion-link-wrapper\" href=\"https:\/\/frank-haase-design.de\/en\/portraets-in-der-galerie-am-stern\/\" aria-label=\"Portraits in the &#8220;Galerie am Stern&#8221;\"><\/a>\n\t<\/div>\n<\/div>\n<\/div>\n<\/li>\n\t\t\t\n\t\t\t\n\t\t\t\t\t\t\t\t\t\t\t\t\t\t\t\t\t\t\t\t\t\t\t\t\t\t\t\t\t\t\t\t\t\t\t\t\t\t\t\t\t\t\t\t\t\t\t\t\t\t\t\t\t\t\t\t\t\t\t\t\t\t\t\t\t\t\t\t<\/ul>\n\t<\/div>\n\t<div class=\"fusion-post-content-wrapper\" style=\"padding:30px 25px 20px 25px;\"><div class=\"fusion-post-content post-content\"><div class=\"fusion-timeline-circle\" style=\"background-color:#ebeaea;\"><\/div><div class=\"fusion-timeline-arrow\" style=\"color:#ebeaea;\"><\/div><h2 class=\"blog-shortcode-post-title entry-title\">Portraits in the &#8220;Galerie am Stern&#8221;<\/h2><div class=\"fusion-post-content-container\"><div class=\"fusion-fullwidth fullwidth-box fusion-builder-row-1-45 nonhundred-percent-fullwidth non-hundred-percent-height-scrolling\" style=\"--awb-border-radius-top-left:0px;--awb-border-radius-top-right:0px;--awb-border-radius-bottom-right:0px;--awb-border-radius-bottom-left:0px;--awb-flex-wrap:wrap;\" ><div class=\"fusion-builder-row fusion-row\"><div class=\"fusion-layout-column fusion_builder_column fusion-builder-column-45 fusion_builder_column_1_1 1_1 fusion-one-full fusion-column-first fusion-column-last\" style=\"--awb-bg-size:cover;\"><div class=\"fusion-column-wrapper fusion-flex-column-wrapper-legacy\"><div class=\"fusion-text fusion-text-45\"><p>Since May 16, the Galerie am Stern in Essen-R\u00fcttenscheid, very close to the Folkwang Museum, has been showing a larger selection of my portraits. In addition to painted unique pieces in the format 90 x 90 cm, smaller hand-signed prints in limited editions in 40 x 40 cm are on display.<\/p>\n<\/div><div class=\"fusion-clearfix\"><\/div><\/div><\/div><\/div><\/div>\n<\/div><\/div><\/div><div class=\"fusion-clearfix\"><\/div><\/div>\n<\/article>\n<article id=\"blog-1-post-2930\" style=\"border-color:#ebeaea;\" class=\"fusion-post-timeline fusion-clearfix fusion-right-column post-2930 post type-post status-publish format-standard has-post-thumbnail hentry category-news-en\">\n<div class=\"fusion-post-wrapper\" style=\"background-color:rgba(255,255,255,0);\">\n\n\t\t\t<div class=\"fusion-flexslider flexslider fusion-flexslider-loading fusion-post-slideshow\" style=\"border-color:#ebeaea;\">\n\t\t<ul class=\"slides\">\n\t\t\t\n\t\t\t\t\t\t\t\t\t\t\t\t\t\t<li><div  class=\"fusion-image-wrapper\" aria-haspopup=\"true\">\n\t\t\t\t<img decoding=\"async\" width=\"600\" height=\"300\" src=\"https:\/\/frank-haase-design.de\/wp-content\/uploads\/2020\/05\/2020_Sculpture_Battle-Disc.jpg\" class=\"attachment-full size-full wp-post-image\" alt=\"\" srcset=\"https:\/\/frank-haase-design.de\/wp-content\/uploads\/2020\/05\/2020_Sculpture_Battle-Disc-200x100.jpg 200w, https:\/\/frank-haase-design.de\/wp-content\/uploads\/2020\/05\/2020_Sculpture_Battle-Disc-400x200.jpg 400w, https:\/\/frank-haase-design.de\/wp-content\/uploads\/2020\/05\/2020_Sculpture_Battle-Disc.jpg 600w\" sizes=\"(max-width: 800px) 100vw, 40vw\" \/><div class=\"fusion-rollover\">\n\t<div class=\"fusion-rollover-content\">\n\n\t\t\t\t\t\t\t\t\t\t\n\t\t\t\t\t\t\t\t\t\t\t\t\t\t\n\t\t\t\t\t\t\t\t\n\t\t\t\t\t\t\t\t\n\t\t\t\t\t\t\t\t\t\t\t\t\t\t\t\t\t\t<a class=\"fusion-rollover-gallery\" href=\"https:\/\/frank-haase-design.de\/wp-content\/uploads\/2020\/05\/2020_Sculpture_Battle-Disc.jpg\" data-id=\"2930\" data-rel=\"iLightbox[gallery]\" data-title=\"2020_Sculpture_Battle Disc\" data-caption=\"\">\n\t\t\t\t\t\tGallery\t\t\t\t\t<\/a>\n\t\t\t\t\t\t\t\t\t\t\t\t\t\t\n\t\t\n\t\t\t\t\t\t\t\t\n\t\t\t\t\t\t\t\t\n\t\t\n\t\t\t\t\t\t<a class=\"fusion-link-wrapper\" href=\"https:\/\/frank-haase-design.de\/en\/die-erste-flying-disc\/\" aria-label=\"My first flying disc\"><\/a>\n\t<\/div>\n<\/div>\n<\/div>\n<\/li>\n\t\t\t\n\t\t\t\n\t\t\t\t\t\t\t\t\t\t\t\t\t\t\t\t\t\t\t\t\t\t\t\t\t\t\t\t\t\t\t\t\t\t\t\t\t\t\t\t\t\t\t\t\t\t\t\t\t\t\t\t\t\t\t\t\t\t\t\t\t\t\t\t\t\t\t\t<\/ul>\n\t<\/div>\n\t<div class=\"fusion-post-content-wrapper\" style=\"padding:30px 25px 20px 25px;\"><div class=\"fusion-post-content post-content\"><div class=\"fusion-timeline-circle\" style=\"background-color:#ebeaea;\"><\/div><div class=\"fusion-timeline-arrow\" style=\"color:#ebeaea;\"><\/div><h2 class=\"blog-shortcode-post-title entry-title\">My first flying disc<\/h2><div class=\"fusion-post-content-container\"><div class=\"fusion-fullwidth fullwidth-box fusion-builder-row-1-46 nonhundred-percent-fullwidth non-hundred-percent-height-scrolling\" style=\"--awb-border-radius-top-left:0px;--awb-border-radius-top-right:0px;--awb-border-radius-bottom-right:0px;--awb-border-radius-bottom-left:0px;--awb-flex-wrap:wrap;\" ><div class=\"fusion-builder-row fusion-row\"><div class=\"fusion-layout-column fusion_builder_column fusion-builder-column-46 fusion_builder_column_1_1 1_1 fusion-one-full fusion-column-first fusion-column-last\" style=\"--awb-bg-size:cover;\"><div class=\"fusion-column-wrapper fusion-flex-column-wrapper-legacy\"><div class=\"fusion-text fusion-text-46\"><p>Almost three and a half decades have passed since the first sketch on this subject. Now my idea has materialized for the first time, in the form of the\u00a0<a href=\"https:\/\/frank-haase-design.de\/en\/galerie\/plastik\/flying-disc\/\">Flying Disc 001<\/a>. A hybrid structure with both technical and biological elements. This disc will dissolve due to the frictional heat in the atmosphere.<\/p>\n<\/div><div class=\"fusion-clearfix\"><\/div><\/div><\/div><\/div><\/div>\n<\/div><\/div><\/div><div class=\"fusion-clearfix\"><\/div><\/div>\n<\/article>\n<\/div><h3 class=\"fusion-timeline-date\" style=\"background-color:#ebeaea;\">February 2020<\/h3><div class=\"fusion-collapse-month\"><article id=\"blog-1-post-2932\" style=\"border-color:#ebeaea;\" class=\"fusion-post-timeline fusion-clearfix fusion-left-column post-2932 post type-post status-publish format-standard has-post-thumbnail hentry category-news-en\">\n<div class=\"fusion-post-wrapper\" style=\"background-color:rgba(255,255,255,0);\">\n\n\t\t\t<div class=\"fusion-flexslider flexslider fusion-flexslider-loading fusion-post-slideshow\" style=\"border-color:#ebeaea;\">\n\t\t<ul class=\"slides\">\n\t\t\t\n\t\t\t\t\t\t\t\t\t\t\t\t\t\t<li><div  class=\"fusion-image-wrapper\" aria-haspopup=\"true\">\n\t\t\t\t<img decoding=\"async\" width=\"600\" height=\"300\" src=\"https:\/\/frank-haase-design.de\/wp-content\/uploads\/2020\/03\/Kreuzkirche-Viersen_2020.jpg\" class=\"attachment-full size-full wp-post-image\" alt=\"\" srcset=\"https:\/\/frank-haase-design.de\/wp-content\/uploads\/2020\/03\/Kreuzkirche-Viersen_2020-200x100.jpg 200w, https:\/\/frank-haase-design.de\/wp-content\/uploads\/2020\/03\/Kreuzkirche-Viersen_2020-400x200.jpg 400w, https:\/\/frank-haase-design.de\/wp-content\/uploads\/2020\/03\/Kreuzkirche-Viersen_2020.jpg 600w\" sizes=\"(max-width: 800px) 100vw, 40vw\" \/><div class=\"fusion-rollover\">\n\t<div class=\"fusion-rollover-content\">\n\n\t\t\t\t\t\t\t\t\t\t\n\t\t\t\t\t\t\t\t\t\t\t\t\t\t\n\t\t\t\t\t\t\t\t\n\t\t\t\t\t\t\t\t\n\t\t\t\t\t\t\t\t\t\t\t\t\t\t\t\t\t\t<a class=\"fusion-rollover-gallery\" href=\"https:\/\/frank-haase-design.de\/wp-content\/uploads\/2020\/03\/Kreuzkirche-Viersen_2020.jpg\" data-id=\"2932\" data-rel=\"iLightbox[gallery]\" data-title=\"Kreuzkirche Viersen_Ambo_Frank Haase_R\u00fcckseite_02\" data-caption=\"\">\n\t\t\t\t\t\tGallery\t\t\t\t\t<\/a>\n\t\t\t\t\t\t\t\t\t\t\t\t\t\t\n\t\t\n\t\t\t\t\t\t\t\t\n\t\t\t\t\t\t\t\t\n\t\t\n\t\t\t\t\t\t<a class=\"fusion-link-wrapper\" href=\"https:\/\/frank-haase-design.de\/en\/ambo-fuer-die-kreuzkirche-viersen-ausgeliefert\/\" aria-label=\"Ambo for the \u201eKreuzkirche\u201c in Viersen\"><\/a>\n\t<\/div>\n<\/div>\n<\/div>\n<\/li>\n\t\t\t\n\t\t\t\n\t\t\t\t\t\t\t\t\t\t\t\t\t\t\t\t\t\t\t\t\t\t\t\t\t\t\t\t\t\t\t\t\t\t\t\t\t\t\t\t\t\t\t\t\t\t\t\t\t\t\t\t\t\t\t\t\t\t\t\t\t\t\t\t\t\t\t\t<\/ul>\n\t<\/div>\n\t<div class=\"fusion-post-content-wrapper\" style=\"padding:30px 25px 20px 25px;\"><div class=\"fusion-post-content post-content\"><div class=\"fusion-timeline-circle\" style=\"background-color:#ebeaea;\"><\/div><div class=\"fusion-timeline-arrow\" style=\"color:#ebeaea;\"><\/div><h2 class=\"blog-shortcode-post-title entry-title\">Ambo for the \u201eKreuzkirche\u201c in Viersen<\/h2><div class=\"fusion-post-content-container\"><div class=\"fusion-fullwidth fullwidth-box fusion-builder-row-1-47 nonhundred-percent-fullwidth non-hundred-percent-height-scrolling\" style=\"--awb-border-radius-top-left:0px;--awb-border-radius-top-right:0px;--awb-border-radius-bottom-right:0px;--awb-border-radius-bottom-left:0px;--awb-flex-wrap:wrap;\" ><div class=\"fusion-builder-row fusion-row\"><div class=\"fusion-layout-column fusion_builder_column fusion-builder-column-47 fusion_builder_column_1_1 1_1 fusion-one-full fusion-column-first fusion-column-last\" style=\"--awb-bg-size:cover;\"><div class=\"fusion-column-wrapper fusion-flex-column-wrapper-legacy\"><div class=\"fusion-text fusion-text-47\"><p>The new ambo in the Kreuzkirche in Viersen has been in use since February 28th. I designed the steel-glass construction based on the globe candleholder from 2012. The Ambo has a continuously dimmable LED reading light and a microphone holder, the incline of the reading desk is adjustable and small rollers at the end of the stand make it easier to move it.<\/p>\n<\/div><div class=\"fusion-clearfix\"><\/div><\/div><\/div><\/div><\/div>\n<\/div><\/div><\/div><div class=\"fusion-clearfix\"><\/div><\/div>\n<\/article>\n<\/div><h3 class=\"fusion-timeline-date\" style=\"background-color:#ebeaea;\">January 2020<\/h3><div class=\"fusion-collapse-month\"><article id=\"blog-1-post-2934\" style=\"border-color:#ebeaea;\" class=\"fusion-post-timeline fusion-clearfix fusion-right-column post-2934 post type-post status-publish format-standard has-post-thumbnail hentry category-news-en\">\n<div class=\"fusion-post-wrapper\" style=\"background-color:rgba(255,255,255,0);\">\n\n\t\t\t<div class=\"fusion-flexslider flexslider fusion-flexslider-loading fusion-post-slideshow\" style=\"border-color:#ebeaea;\">\n\t\t<ul class=\"slides\">\n\t\t\t\n\t\t\t\t\t\t\t\t\t\t\t\t\t\t<li><div  class=\"fusion-image-wrapper\" aria-haspopup=\"true\">\n\t\t\t\t<img decoding=\"async\" width=\"600\" height=\"300\" src=\"https:\/\/frank-haase-design.de\/wp-content\/uploads\/2020\/02\/TOP_Magazin_Sauerland_Frank_Haase_mit-Hintergrund.jpg\" class=\"attachment-full size-full wp-post-image\" alt=\"\" srcset=\"https:\/\/frank-haase-design.de\/wp-content\/uploads\/2020\/02\/TOP_Magazin_Sauerland_Frank_Haase_mit-Hintergrund-200x100.jpg 200w, https:\/\/frank-haase-design.de\/wp-content\/uploads\/2020\/02\/TOP_Magazin_Sauerland_Frank_Haase_mit-Hintergrund-400x200.jpg 400w, https:\/\/frank-haase-design.de\/wp-content\/uploads\/2020\/02\/TOP_Magazin_Sauerland_Frank_Haase_mit-Hintergrund.jpg 600w\" sizes=\"(max-width: 800px) 100vw, 40vw\" \/><div class=\"fusion-rollover\">\n\t<div class=\"fusion-rollover-content\">\n\n\t\t\t\t\t\t\t\t\t\t\n\t\t\t\t\t\t\t\t\t\t\t\t\t\t\n\t\t\t\t\t\t\t\t\n\t\t\t\t\t\t\t\t\n\t\t\t\t\t\t\t\t\t\t\t\t\t\t\t\t\t\t<a class=\"fusion-rollover-gallery\" href=\"https:\/\/frank-haase-design.de\/wp-content\/uploads\/2020\/02\/TOP_Magazin_Sauerland_Frank_Haase_mit-Hintergrund.jpg\" data-id=\"2934\" data-rel=\"iLightbox[gallery]\" data-title=\"TOP_Magazin_Sauerland_Frank_Haase_mit Hintergrund\" data-caption=\"\">\n\t\t\t\t\t\tGallery\t\t\t\t\t<\/a>\n\t\t\t\t\t\t\t\t\t\t\t\t\t\t\n\t\t\n\t\t\t\t\t\t\t\t\n\t\t\t\t\t\t\t\t\n\t\t\n\t\t\t\t\t\t<a class=\"fusion-link-wrapper\" href=\"https:\/\/frank-haase-design.de\/en\/interview-im-top-magazin-sauerland\/\" aria-label=\"Interview in TOP magazine Sauerland\"><\/a>\n\t<\/div>\n<\/div>\n<\/div>\n<\/li>\n\t\t\t\n\t\t\t\n\t\t\t\t\t\t\t\t\t\t\t\t\t\t\t\t\t\t\t\t\t\t\t\t\t\t\t\t\t\t\t\t\t\t\t\t\t\t\t\t\t\t\t\t\t\t\t\t\t\t\t\t\t\t\t\t\t\t\t\t\t\t\t\t\t\t\t\t<\/ul>\n\t<\/div>\n\t<div class=\"fusion-post-content-wrapper\" style=\"padding:30px 25px 20px 25px;\"><div class=\"fusion-post-content post-content\"><div class=\"fusion-timeline-circle\" style=\"background-color:#ebeaea;\"><\/div><div class=\"fusion-timeline-arrow\" style=\"color:#ebeaea;\"><\/div><h2 class=\"blog-shortcode-post-title entry-title\">Interview in TOP magazine Sauerland<\/h2><div class=\"fusion-post-content-container\"><div class=\"fusion-fullwidth fullwidth-box fusion-builder-row-1-48 nonhundred-percent-fullwidth non-hundred-percent-height-scrolling\" style=\"--awb-border-radius-top-left:0px;--awb-border-radius-top-right:0px;--awb-border-radius-bottom-right:0px;--awb-border-radius-bottom-left:0px;--awb-flex-wrap:wrap;\" ><div class=\"fusion-builder-row fusion-row\"><div class=\"fusion-layout-column fusion_builder_column fusion-builder-column-48 fusion_builder_column_1_1 1_1 fusion-one-full fusion-column-first fusion-column-last\" style=\"--awb-bg-size:cover;\"><div class=\"fusion-column-wrapper fusion-flex-column-wrapper-legacy\"><div class=\"fusion-text fusion-text-48\"><p>In issue 4 (winter 2019\/2020) TOP Magazin Sauerland publishes a <a href=\"http:\/\/www.top-sauerland.de\/-die-welt-ist-ein-spielplatz-\" target=\"_blank\" rel=\"noopener\">tow-page interview<\/a>\u00a0with me. The title \u201cThe world is a playground\u201d deals with artistic diversity, digital works, future works and art in public spaces.<\/p>\n<\/div><div class=\"fusion-clearfix\"><\/div><\/div><\/div><\/div><\/div>\n<\/div><\/div><\/div><div class=\"fusion-clearfix\"><\/div><\/div>\n<\/article>\n<\/div><h3 class=\"fusion-timeline-date\" style=\"background-color:#ebeaea;\">December 2019<\/h3><div class=\"fusion-collapse-month\"><article id=\"blog-1-post-2936\" style=\"border-color:#ebeaea;\" class=\"fusion-post-timeline fusion-clearfix fusion-left-column post-2936 post type-post status-publish format-standard has-post-thumbnail hentry category-news-en\">\n<div class=\"fusion-post-wrapper\" style=\"background-color:rgba(255,255,255,0);\">\n\n\t\t\t<div class=\"fusion-flexslider flexslider fusion-flexslider-loading fusion-post-slideshow\" style=\"border-color:#ebeaea;\">\n\t\t<ul class=\"slides\">\n\t\t\t\n\t\t\t\t\t\t\t\t\t\t\t\t\t\t<li><div  class=\"fusion-image-wrapper\" aria-haspopup=\"true\">\n\t\t\t\t<img decoding=\"async\" width=\"600\" height=\"300\" src=\"https:\/\/frank-haase-design.de\/wp-content\/uploads\/2019\/12\/2019_Ausstellung_Frank-Haase_Arcadeon.jpg\" class=\"attachment-full size-full wp-post-image\" alt=\"\" srcset=\"https:\/\/frank-haase-design.de\/wp-content\/uploads\/2019\/12\/2019_Ausstellung_Frank-Haase_Arcadeon-200x100.jpg 200w, https:\/\/frank-haase-design.de\/wp-content\/uploads\/2019\/12\/2019_Ausstellung_Frank-Haase_Arcadeon-400x200.jpg 400w, https:\/\/frank-haase-design.de\/wp-content\/uploads\/2019\/12\/2019_Ausstellung_Frank-Haase_Arcadeon.jpg 600w\" sizes=\"(max-width: 800px) 100vw, 40vw\" \/><div class=\"fusion-rollover\">\n\t<div class=\"fusion-rollover-content\">\n\n\t\t\t\t\t\t\t\t\t\t\n\t\t\t\t\t\t\t\t\t\t\t\t\t\t\n\t\t\t\t\t\t\t\t\n\t\t\t\t\t\t\t\t\n\t\t\t\t\t\t\t\t\t\t\t\t\t\t\t\t\t\t<a class=\"fusion-rollover-gallery\" href=\"https:\/\/frank-haase-design.de\/wp-content\/uploads\/2019\/12\/2019_Ausstellung_Frank-Haase_Arcadeon.jpg\" data-id=\"2936\" data-rel=\"iLightbox[gallery]\" data-title=\"2019_Ausstellung_Frank-Haase_Arcadeon\" data-caption=\"\">\n\t\t\t\t\t\tGallery\t\t\t\t\t<\/a>\n\t\t\t\t\t\t\t\t\t\t\t\t\t\t\n\t\t\n\t\t\t\t\t\t\t\t\n\t\t\t\t\t\t\t\t\n\t\t\n\t\t\t\t\t\t<a class=\"fusion-link-wrapper\" href=\"https:\/\/frank-haase-design.de\/en\/ausstellung-im-arcadeon\/\" aria-label=\"Exhibition in the Arcadeon\"><\/a>\n\t<\/div>\n<\/div>\n<\/div>\n<\/li>\n\t\t\t\n\t\t\t\n\t\t\t\t\t\t\t\t\t\t\t\t\t\t\t\t\t\t\t\t\t\t\t\t\t\t\t\t\t\t\t\t\t\t\t\t\t\t\t\t\t\t\t\t\t\t\t\t\t\t\t\t\t\t\t\t\t\t\t\t\t\t\t\t\t\t\t\t<\/ul>\n\t<\/div>\n\t<div class=\"fusion-post-content-wrapper\" style=\"padding:30px 25px 20px 25px;\"><div class=\"fusion-post-content post-content\"><div class=\"fusion-timeline-circle\" style=\"background-color:#ebeaea;\"><\/div><div class=\"fusion-timeline-arrow\" style=\"color:#ebeaea;\"><\/div><h2 class=\"blog-shortcode-post-title entry-title\">Exhibition in the Arcadeon<\/h2><div class=\"fusion-post-content-container\"><div class=\"fusion-fullwidth fullwidth-box fusion-builder-row-1-49 nonhundred-percent-fullwidth non-hundred-percent-height-scrolling\" style=\"--awb-border-radius-top-left:0px;--awb-border-radius-top-right:0px;--awb-border-radius-bottom-right:0px;--awb-border-radius-bottom-left:0px;--awb-flex-wrap:wrap;\" ><div class=\"fusion-builder-row fusion-row\"><div class=\"fusion-layout-column fusion_builder_column fusion-builder-column-49 fusion_builder_column_1_1 1_1 fusion-one-full fusion-column-first fusion-column-last\" style=\"--awb-bg-size:cover;\"><div class=\"fusion-column-wrapper fusion-flex-column-wrapper-legacy\"><div class=\"fusion-text fusion-text-49\"><p>The Arcadeon in Hagen, a multi-award-winning hotel, showed my shadow paintings and portraits from December 2nd to 9th in the spacious foyer and in the gallery on the upper floor and in the lounge areas. The exhibition was timed to coincide with the general assembly and the last club evening of the MC-S\u00fcdwestfalen. One of the shadow paintings found a lucky winner in the Marketing Club raffle.<\/p>\n<\/div><div class=\"fusion-clearfix\"><\/div><\/div><\/div><\/div><\/div>\n<\/div><\/div><\/div><div class=\"fusion-clearfix\"><\/div><\/div>\n<\/article>\n<\/div><h3 class=\"fusion-timeline-date\" style=\"background-color:#ebeaea;\">November 2019<\/h3><div class=\"fusion-collapse-month\"><article id=\"blog-1-post-2938\" style=\"border-color:#ebeaea;\" class=\"fusion-post-timeline fusion-clearfix fusion-right-column post-2938 post type-post status-publish format-standard has-post-thumbnail hentry category-news-en\">\n<div class=\"fusion-post-wrapper\" style=\"background-color:rgba(255,255,255,0);\">\n\n\t\t\t<div class=\"fusion-flexslider flexslider fusion-flexslider-loading fusion-post-slideshow\" style=\"border-color:#ebeaea;\">\n\t\t<ul class=\"slides\">\n\t\t\t\n\t\t\t\t\t\t\t\t\t\t\t\t\t\t<li><div  class=\"fusion-image-wrapper\" aria-haspopup=\"true\">\n\t\t\t\t<img decoding=\"async\" width=\"600\" height=\"300\" src=\"https:\/\/frank-haase-design.de\/wp-content\/uploads\/2019\/12\/2019_Stadts\u00e4ule-Letmathe_Einweihung.jpg\" class=\"attachment-full size-full wp-post-image\" alt=\"\" srcset=\"https:\/\/frank-haase-design.de\/wp-content\/uploads\/2019\/12\/2019_Stadts\u00e4ule-Letmathe_Einweihung-200x100.jpg 200w, https:\/\/frank-haase-design.de\/wp-content\/uploads\/2019\/12\/2019_Stadts\u00e4ule-Letmathe_Einweihung-400x200.jpg 400w, https:\/\/frank-haase-design.de\/wp-content\/uploads\/2019\/12\/2019_Stadts\u00e4ule-Letmathe_Einweihung.jpg 600w\" sizes=\"(max-width: 800px) 100vw, 40vw\" \/><div class=\"fusion-rollover\">\n\t<div class=\"fusion-rollover-content\">\n\n\t\t\t\t\t\t\t\t\t\t\n\t\t\t\t\t\t\t\t\t\t\t\t\t\t\n\t\t\t\t\t\t\t\t\n\t\t\t\t\t\t\t\t\n\t\t\t\t\t\t\t\t\t\t\t\t\t\t\t\t\t\t<a class=\"fusion-rollover-gallery\" href=\"https:\/\/frank-haase-design.de\/wp-content\/uploads\/2019\/12\/2019_Stadts\u00e4ule-Letmathe_Einweihung.jpg\" data-id=\"2938\" data-rel=\"iLightbox[gallery]\" data-title=\"2019_Stadts\u00e4ule Letmathe_Einweihung\" data-caption=\"\">\n\t\t\t\t\t\tGallery\t\t\t\t\t<\/a>\n\t\t\t\t\t\t\t\t\t\t\t\t\t\t\n\t\t\n\t\t\t\t\t\t\t\t\n\t\t\t\t\t\t\t\t\n\t\t\n\t\t\t\t\t\t<a class=\"fusion-link-wrapper\" href=\"https:\/\/frank-haase-design.de\/en\/stadtsaeule-an-die-stadt-iserlohn-uebergeben\/\" aria-label=\"City pillar handed over to the city of Iserlohn\"><\/a>\n\t<\/div>\n<\/div>\n<\/div>\n<\/li>\n\t\t\t\n\t\t\t\n\t\t\t\t\t\t\t\t\t\t\t\t\t\t\t\t\t\t\t\t\t\t\t\t\t\t\t\t\t\t\t\t\t\t\t\t\t\t\t\t\t\t\t\t\t\t\t\t\t\t\t\t\t\t\t\t\t\t\t\t\t\t\t\t\t\t\t\t<\/ul>\n\t<\/div>\n\t<div class=\"fusion-post-content-wrapper\" style=\"padding:30px 25px 20px 25px;\"><div class=\"fusion-post-content post-content\"><div class=\"fusion-timeline-circle\" style=\"background-color:#ebeaea;\"><\/div><div class=\"fusion-timeline-arrow\" style=\"color:#ebeaea;\"><\/div><h2 class=\"blog-shortcode-post-title entry-title\">City pillar handed over to the city of Iserlohn<\/h2><div class=\"fusion-post-content-container\"><div class=\"fusion-fullwidth fullwidth-box fusion-builder-row-1-50 nonhundred-percent-fullwidth non-hundred-percent-height-scrolling\" style=\"--awb-border-radius-top-left:0px;--awb-border-radius-top-right:0px;--awb-border-radius-bottom-right:0px;--awb-border-radius-bottom-left:0px;--awb-flex-wrap:wrap;\" ><div class=\"fusion-builder-row fusion-row\"><div class=\"fusion-layout-column fusion_builder_column fusion-builder-column-50 fusion_builder_column_1_1 1_1 fusion-one-full fusion-column-first fusion-column-last\" style=\"--awb-bg-size:cover;\"><div class=\"fusion-column-wrapper fusion-flex-column-wrapper-legacy\"><div class=\"fusion-text fusion-text-50\"><p>On November 18, the Letmathe city pillar was ceremoniously handed over to the city of Iserlohn. Michael Scheffler, Deputy Mayor of the city of Iserlohn, emphasized in his speech the great importance of art in public space as an enrichment of life. From now on, illuminated reliefs show the way to the Letmathe sights and a locomotive and an airship circle in the wind around the top of the mast. They commemorate the commissioning of the Ruhr-Sieg route in 1859 and the legendary landing of the Parseval airship Charlotte in Letmathe in 1912.<\/p>\n<\/div><div class=\"fusion-clearfix\"><\/div><\/div><\/div><\/div><\/div>\n<\/div><\/div><\/div><div class=\"fusion-clearfix\"><\/div><\/div>\n<\/article>\n<article id=\"blog-1-post-2940\" style=\"border-color:#ebeaea;\" class=\"fusion-post-timeline fusion-clearfix fusion-left-column post-2940 post type-post status-publish format-standard has-post-thumbnail hentry category-news-en\">\n<div class=\"fusion-post-wrapper\" style=\"background-color:rgba(255,255,255,0);\">\n\n\t\t\t<div class=\"fusion-flexslider flexslider fusion-flexslider-loading fusion-post-slideshow\" style=\"border-color:#ebeaea;\">\n\t\t<ul class=\"slides\">\n\t\t\t\n\t\t\t\t\t\t\t\t\t\t\t\t\t\t<li><div  class=\"fusion-image-wrapper\" aria-haspopup=\"true\">\n\t\t\t\t<img decoding=\"async\" width=\"600\" height=\"300\" src=\"https:\/\/frank-haase-design.de\/wp-content\/uploads\/2019\/12\/2019_Aufbau-Stadts\u00e4ule-Letmathe.jpg\" class=\"attachment-full size-full wp-post-image\" alt=\"\" srcset=\"https:\/\/frank-haase-design.de\/wp-content\/uploads\/2019\/12\/2019_Aufbau-Stadts\u00e4ule-Letmathe-200x100.jpg 200w, https:\/\/frank-haase-design.de\/wp-content\/uploads\/2019\/12\/2019_Aufbau-Stadts\u00e4ule-Letmathe-400x200.jpg 400w, https:\/\/frank-haase-design.de\/wp-content\/uploads\/2019\/12\/2019_Aufbau-Stadts\u00e4ule-Letmathe.jpg 600w\" sizes=\"(max-width: 800px) 100vw, 40vw\" \/><div class=\"fusion-rollover\">\n\t<div class=\"fusion-rollover-content\">\n\n\t\t\t\t\t\t\t\t\t\t\n\t\t\t\t\t\t\t\t\t\t\t\t\t\t\n\t\t\t\t\t\t\t\t\n\t\t\t\t\t\t\t\t\n\t\t\t\t\t\t\t\t\t\t\t\t\t\t\t\t\t\t<a class=\"fusion-rollover-gallery\" href=\"https:\/\/frank-haase-design.de\/wp-content\/uploads\/2019\/12\/2019_Aufbau-Stadts\u00e4ule-Letmathe.jpg\" data-id=\"2940\" data-rel=\"iLightbox[gallery]\" data-title=\"2019_Aufbau Stadts\u00e4ule Letmathe\" data-caption=\"\">\n\t\t\t\t\t\tGallery\t\t\t\t\t<\/a>\n\t\t\t\t\t\t\t\t\t\t\t\t\t\t\n\t\t\n\t\t\t\t\t\t\t\t\n\t\t\t\t\t\t\t\t\n\t\t\n\t\t\t\t\t\t<a class=\"fusion-link-wrapper\" href=\"https:\/\/frank-haase-design.de\/en\/stadtsaeule-aufgestellt\/\" aria-label=\"City pillar erected\"><\/a>\n\t<\/div>\n<\/div>\n<\/div>\n<\/li>\n\t\t\t\n\t\t\t\n\t\t\t\t\t\t\t\t\t\t\t\t\t\t\t\t\t\t\t\t\t\t\t\t\t\t\t\t\t\t\t\t\t\t\t\t\t\t\t\t\t\t\t\t\t\t\t\t\t\t\t\t\t\t\t\t\t\t\t\t\t\t\t\t\t\t\t\t<\/ul>\n\t<\/div>\n\t<div class=\"fusion-post-content-wrapper\" style=\"padding:30px 25px 20px 25px;\"><div class=\"fusion-post-content post-content\"><div class=\"fusion-timeline-circle\" style=\"background-color:#ebeaea;\"><\/div><div class=\"fusion-timeline-arrow\" style=\"color:#ebeaea;\"><\/div><h2 class=\"blog-shortcode-post-title entry-title\">City pillar erected<\/h2><div class=\"fusion-post-content-container\"><div class=\"fusion-fullwidth fullwidth-box fusion-builder-row-1-51 nonhundred-percent-fullwidth non-hundred-percent-height-scrolling\" style=\"--awb-border-radius-top-left:0px;--awb-border-radius-top-right:0px;--awb-border-radius-bottom-right:0px;--awb-border-radius-bottom-left:0px;--awb-flex-wrap:wrap;\" ><div class=\"fusion-builder-row fusion-row\"><div class=\"fusion-layout-column fusion_builder_column fusion-builder-column-51 fusion_builder_column_1_1 1_1 fusion-one-full fusion-column-first fusion-column-last\" style=\"--awb-bg-size:cover;\"><div class=\"fusion-column-wrapper fusion-flex-column-wrapper-legacy\"><div class=\"fusion-text fusion-text-51\"><p>That was a lot of work. The installation took a good 18 hours, and the truck-mounted crane was on site from 12 p.m. to 8 p.m. The installation took place partly in complete darkness. Luckily the weather played along: It stayed dry and calm. The Letmathe city pillar has been in its place on the Westspange in Iserlohn-Letmathe since November 15th.<\/p>\n<\/div><div class=\"fusion-clearfix\"><\/div><\/div><\/div><\/div><\/div>\n<\/div><\/div><\/div><div class=\"fusion-clearfix\"><\/div><\/div>\n<\/article>\n<\/div><h3 class=\"fusion-timeline-date\" style=\"background-color:#ebeaea;\">September 2019<\/h3><div class=\"fusion-collapse-month\"><article id=\"blog-1-post-2942\" style=\"border-color:#ebeaea;\" class=\"fusion-post-timeline fusion-clearfix fusion-right-column post-2942 post type-post status-publish format-standard has-post-thumbnail hentry category-news-en\">\n<div class=\"fusion-post-wrapper\" style=\"background-color:rgba(255,255,255,0);\">\n\n\t\t\t<div class=\"fusion-flexslider flexslider fusion-flexslider-loading fusion-post-slideshow\" style=\"border-color:#ebeaea;\">\n\t\t<ul class=\"slides\">\n\t\t\t\n\t\t\t\t\t\t\t\t\t\t\t\t\t\t<li><div  class=\"fusion-image-wrapper\" aria-haspopup=\"true\">\n\t\t\t\t<img decoding=\"async\" width=\"600\" height=\"300\" src=\"https:\/\/frank-haase-design.de\/wp-content\/uploads\/2019\/09\/Genezareth-Kirche_Aachen_Leuchter.jpg\" class=\"attachment-full size-full wp-post-image\" alt=\"\" srcset=\"https:\/\/frank-haase-design.de\/wp-content\/uploads\/2019\/09\/Genezareth-Kirche_Aachen_Leuchter-200x100.jpg 200w, https:\/\/frank-haase-design.de\/wp-content\/uploads\/2019\/09\/Genezareth-Kirche_Aachen_Leuchter-400x200.jpg 400w, https:\/\/frank-haase-design.de\/wp-content\/uploads\/2019\/09\/Genezareth-Kirche_Aachen_Leuchter.jpg 600w\" sizes=\"(max-width: 800px) 100vw, 40vw\" \/><div class=\"fusion-rollover\">\n\t<div class=\"fusion-rollover-content\">\n\n\t\t\t\t\t\t\t\t\t\t\n\t\t\t\t\t\t\t\t\t\t\t\t\t\t\n\t\t\t\t\t\t\t\t\n\t\t\t\t\t\t\t\t\n\t\t\t\t\t\t\t\t\t\t\t\t\t\t\t\t\t\t<a class=\"fusion-rollover-gallery\" href=\"https:\/\/frank-haase-design.de\/wp-content\/uploads\/2019\/09\/Genezareth-Kirche_Aachen_Leuchter.jpg\" data-id=\"2942\" data-rel=\"iLightbox[gallery]\" data-title=\"Genezareth-Kirche_Aachen_Leuchter\" data-caption=\"\">\n\t\t\t\t\t\tGallery\t\t\t\t\t<\/a>\n\t\t\t\t\t\t\t\t\t\t\t\t\t\t\n\t\t\n\t\t\t\t\t\t\t\t\n\t\t\t\t\t\t\t\t\n\t\t\n\t\t\t\t\t\t<a class=\"fusion-link-wrapper\" href=\"https:\/\/frank-haase-design.de\/en\/weltkugelleuchter-fuer-aachen\/\" aria-label=\"Globe candlestick for Aachen\"><\/a>\n\t<\/div>\n<\/div>\n<\/div>\n<\/li>\n\t\t\t\n\t\t\t\n\t\t\t\t\t\t\t\t\t\t\t\t\t\t\t\t\t\t\t\t\t\t\t\t\t\t\t\t\t\t\t\t\t\t\t\t\t\t\t\t\t\t\t\t\t\t\t\t\t\t\t\t\t\t\t\t\t\t\t\t\t\t\t\t\t\t\t\t<\/ul>\n\t<\/div>\n\t<div class=\"fusion-post-content-wrapper\" style=\"padding:30px 25px 20px 25px;\"><div class=\"fusion-post-content post-content\"><div class=\"fusion-timeline-circle\" style=\"background-color:#ebeaea;\"><\/div><div class=\"fusion-timeline-arrow\" style=\"color:#ebeaea;\"><\/div><h2 class=\"blog-shortcode-post-title entry-title\">Globe candlestick for Aachen<\/h2><div class=\"fusion-post-content-container\"><div class=\"fusion-fullwidth fullwidth-box fusion-builder-row-1-52 nonhundred-percent-fullwidth non-hundred-percent-height-scrolling\" style=\"--awb-border-radius-top-left:0px;--awb-border-radius-top-right:0px;--awb-border-radius-bottom-right:0px;--awb-border-radius-bottom-left:0px;--awb-flex-wrap:wrap;\" ><div class=\"fusion-builder-row fusion-row\"><div class=\"fusion-layout-column fusion_builder_column fusion-builder-column-52 fusion_builder_column_1_1 1_1 fusion-one-full fusion-column-first fusion-column-last\" style=\"--awb-bg-size:cover;\"><div class=\"fusion-column-wrapper fusion-flex-column-wrapper-legacy\"><div class=\"fusion-text fusion-text-52\"><p>Since September 8th, the globe candlestick has been an important part of the establishment of the Genezareth-Kirche in Aachen. With its stand made of European maple, it adapts to the form of the altar, ambo and baptismal font. The steel globe with its continents made of hand-formed aluminum offers space for 68 lights. I am happy to have designed such an important element for this outstanding sacred building.<\/p>\n<\/div><div class=\"fusion-clearfix\"><\/div><\/div><\/div><\/div><\/div>\n<\/div><\/div><\/div><div class=\"fusion-clearfix\"><\/div><\/div>\n<\/article>\n<\/div><h3 class=\"fusion-timeline-date\" style=\"background-color:#ebeaea;\">July 2019<\/h3><div class=\"fusion-collapse-month\"><article id=\"blog-1-post-2944\" style=\"border-color:#ebeaea;\" class=\"fusion-post-timeline fusion-clearfix fusion-left-column post-2944 post type-post status-publish format-standard has-post-thumbnail hentry category-news-en tag-frank-en tag-haase-en tag-iserlohn-en tag-kunstverein-en\">\n<div class=\"fusion-post-wrapper\" style=\"background-color:rgba(255,255,255,0);\">\n\n\t\t\t<div class=\"fusion-flexslider flexslider fusion-flexslider-loading fusion-post-slideshow\" style=\"border-color:#ebeaea;\">\n\t\t<ul class=\"slides\">\n\t\t\t\n\t\t\t\t\t\t\t\t\t\t\t\t\t\t<li><div  class=\"fusion-image-wrapper\" aria-haspopup=\"true\">\n\t\t\t\t<img decoding=\"async\" width=\"600\" height=\"300\" src=\"https:\/\/frank-haase-design.de\/wp-content\/uploads\/2019\/12\/2019_Kunstverein-Iserlohn.jpg\" class=\"attachment-full size-full wp-post-image\" alt=\"\" srcset=\"https:\/\/frank-haase-design.de\/wp-content\/uploads\/2019\/12\/2019_Kunstverein-Iserlohn-200x100.jpg 200w, https:\/\/frank-haase-design.de\/wp-content\/uploads\/2019\/12\/2019_Kunstverein-Iserlohn-400x200.jpg 400w, https:\/\/frank-haase-design.de\/wp-content\/uploads\/2019\/12\/2019_Kunstverein-Iserlohn.jpg 600w\" sizes=\"(max-width: 800px) 100vw, 40vw\" \/><div class=\"fusion-rollover\">\n\t<div class=\"fusion-rollover-content\">\n\n\t\t\t\t\t\t\t\t\t\t\n\t\t\t\t\t\t\t\t\t\t\t\t\t\t\n\t\t\t\t\t\t\t\t\n\t\t\t\t\t\t\t\t\n\t\t\t\t\t\t\t\t\t\t\t\t\t\t\t\t\t\t<a class=\"fusion-rollover-gallery\" href=\"https:\/\/frank-haase-design.de\/wp-content\/uploads\/2019\/12\/2019_Kunstverein-Iserlohn.jpg\" data-id=\"2944\" data-rel=\"iLightbox[gallery]\" data-title=\"2019_Kunstverein Iserlohn\" data-caption=\"\">\n\t\t\t\t\t\tGallery\t\t\t\t\t<\/a>\n\t\t\t\t\t\t\t\t\t\t\t\t\t\t\n\t\t\n\t\t\t\t\t\t\t\t\n\t\t\t\t\t\t\t\t\n\t\t\n\t\t\t\t\t\t<a class=\"fusion-link-wrapper\" href=\"https:\/\/frank-haase-design.de\/en\/mitgliedschaft-im-kunstverein-iserlohn\/\" aria-label=\"Membership in the Kunstverein Iserlohn\"><\/a>\n\t<\/div>\n<\/div>\n<\/div>\n<\/li>\n\t\t\t\n\t\t\t\n\t\t\t\t\t\t\t\t\t\t\t\t\t\t\t\t\t\t\t\t\t\t\t\t\t\t\t\t\t\t\t\t\t\t\t\t\t\t\t\t\t\t\t\t\t\t\t\t\t\t\t\t\t\t\t\t\t\t\t\t\t\t\t\t\t\t\t\t<\/ul>\n\t<\/div>\n\t<div class=\"fusion-post-content-wrapper\" style=\"padding:30px 25px 20px 25px;\"><div class=\"fusion-post-content post-content\"><div class=\"fusion-timeline-circle\" style=\"background-color:#ebeaea;\"><\/div><div class=\"fusion-timeline-arrow\" style=\"color:#ebeaea;\"><\/div><h2 class=\"blog-shortcode-post-title entry-title\">Membership in the Kunstverein Iserlohn<\/h2><div class=\"fusion-post-content-container\"><div class=\"fusion-fullwidth fullwidth-box fusion-builder-row-1-53 nonhundred-percent-fullwidth non-hundred-percent-height-scrolling\" style=\"--awb-border-radius-top-left:0px;--awb-border-radius-top-right:0px;--awb-border-radius-bottom-right:0px;--awb-border-radius-bottom-left:0px;--awb-flex-wrap:wrap;\" ><div class=\"fusion-builder-row fusion-row\"><div class=\"fusion-layout-column fusion_builder_column fusion-builder-column-53 fusion_builder_column_1_1 1_1 fusion-one-full fusion-column-first fusion-column-last\" style=\"--awb-bg-size:cover;\"><div class=\"fusion-column-wrapper fusion-flex-column-wrapper-legacy\"><div class=\"fusion-text fusion-text-53\"><p>I have been a member of the Kunstverein Iserlohn since July 1, 2019. I would like to thank my friend Adolf Gottwald for this recommendation and look forward to a constructive contribution with the aim of being able to additionally promote art and culture in Iserlohn and the surrounding area through my membership.<\/p>\n<\/div><div class=\"fusion-clearfix\"><\/div><\/div><\/div><\/div><\/div>\n<\/div><\/div><\/div><div class=\"fusion-clearfix\"><\/div><\/div>\n<\/article>\n<\/div><h3 class=\"fusion-timeline-date\" style=\"background-color:#ebeaea;\">April 2019<\/h3><div class=\"fusion-collapse-month\"><article id=\"blog-1-post-2946\" style=\"border-color:#ebeaea;\" class=\"fusion-post-timeline fusion-clearfix fusion-right-column post-2946 post type-post status-publish format-standard has-post-thumbnail hentry category-news-en\">\n<div class=\"fusion-post-wrapper\" style=\"background-color:rgba(255,255,255,0);\">\n\n\t\t\t<div class=\"fusion-flexslider flexslider fusion-flexslider-loading fusion-post-slideshow\" style=\"border-color:#ebeaea;\">\n\t\t<ul class=\"slides\">\n\t\t\t\n\t\t\t\t\t\t\t\t\t\t\t\t\t\t<li><div  class=\"fusion-image-wrapper\" aria-haspopup=\"true\">\n\t\t\t\t<img decoding=\"async\" width=\"600\" height=\"300\" src=\"https:\/\/frank-haase-design.de\/wp-content\/uploads\/2019\/04\/2019_Stadts\u00e4ule-Letmathe_Frank-Haase.jpg\" class=\"attachment-full size-full wp-post-image\" alt=\"\" srcset=\"https:\/\/frank-haase-design.de\/wp-content\/uploads\/2019\/04\/2019_Stadts\u00e4ule-Letmathe_Frank-Haase-200x100.jpg 200w, https:\/\/frank-haase-design.de\/wp-content\/uploads\/2019\/04\/2019_Stadts\u00e4ule-Letmathe_Frank-Haase-400x200.jpg 400w, https:\/\/frank-haase-design.de\/wp-content\/uploads\/2019\/04\/2019_Stadts\u00e4ule-Letmathe_Frank-Haase.jpg 600w\" sizes=\"(max-width: 800px) 100vw, 40vw\" \/><div class=\"fusion-rollover\">\n\t<div class=\"fusion-rollover-content\">\n\n\t\t\t\t\t\t\t\t\t\t\n\t\t\t\t\t\t\t\t\t\t\t\t\t\t\n\t\t\t\t\t\t\t\t\n\t\t\t\t\t\t\t\t\n\t\t\t\t\t\t\t\t\t\t\t\t\t\t\t\t\t\t<a class=\"fusion-rollover-gallery\" href=\"https:\/\/frank-haase-design.de\/wp-content\/uploads\/2019\/04\/2019_Stadts\u00e4ule-Letmathe_Frank-Haase.jpg\" data-id=\"2946\" data-rel=\"iLightbox[gallery]\" data-title=\"2019_Stadts\u00e4ule Letmathe_Frank Haase\" data-caption=\"\">\n\t\t\t\t\t\tGallery\t\t\t\t\t<\/a>\n\t\t\t\t\t\t\t\t\t\t\t\t\t\t\n\t\t\n\t\t\t\t\t\t\t\t\n\t\t\t\t\t\t\t\t\n\t\t\n\t\t\t\t\t\t<a class=\"fusion-link-wrapper\" href=\"https:\/\/frank-haase-design.de\/en\/arbeiten-an-der-stadtsaeule-letmathe-schreiten-voran\/\" aria-label=\"Work on the Letmathe city pillar is progressing\"><\/a>\n\t<\/div>\n<\/div>\n<\/div>\n<\/li>\n\t\t\t\n\t\t\t\n\t\t\t\t\t\t\t\t\t\t\t\t\t\t\t\t\t\t\t\t\t\t\t\t\t\t\t\t\t\t\t\t\t\t\t\t\t\t\t\t\t\t\t\t\t\t\t\t\t\t\t\t\t\t\t\t\t\t\t\t\t\t\t\t\t\t\t\t<\/ul>\n\t<\/div>\n\t<div class=\"fusion-post-content-wrapper\" style=\"padding:30px 25px 20px 25px;\"><div class=\"fusion-post-content post-content\"><div class=\"fusion-timeline-circle\" style=\"background-color:#ebeaea;\"><\/div><div class=\"fusion-timeline-arrow\" style=\"color:#ebeaea;\"><\/div><h2 class=\"blog-shortcode-post-title entry-title\">Work on the Letmathe city pillar is progressing<\/h2><div class=\"fusion-post-content-container\"><div class=\"fusion-fullwidth fullwidth-box fusion-builder-row-1-54 nonhundred-percent-fullwidth non-hundred-percent-height-scrolling\" style=\"--awb-border-radius-top-left:0px;--awb-border-radius-top-right:0px;--awb-border-radius-bottom-right:0px;--awb-border-radius-bottom-left:0px;--awb-flex-wrap:wrap;\" ><div class=\"fusion-builder-row fusion-row\"><div class=\"fusion-layout-column fusion_builder_column fusion-builder-column-54 fusion_builder_column_1_1 1_1 fusion-one-full fusion-column-first fusion-column-last\" style=\"--awb-bg-size:cover;\"><div class=\"fusion-column-wrapper fusion-flex-column-wrapper-legacy\"><div class=\"fusion-text fusion-text-54\"><p>After cutting out the steel components for the Letmathe city pillar, the assembly and welding work has now been completed. The image shows the coupling with which the lower part and the upper part of the two-part sculpture will later be connected on the construction site. The next production steps are hot-dip galvanising and the powder coating.<\/p>\n<\/div><div class=\"fusion-clearfix\"><\/div><\/div><\/div><\/div><\/div>\n<\/div><\/div><\/div><div class=\"fusion-clearfix\"><\/div><\/div>\n<\/article>\n<article id=\"blog-1-post-2948\" style=\"border-color:#ebeaea;\" class=\"fusion-post-timeline fusion-clearfix fusion-left-column post-2948 post type-post status-publish format-standard has-post-thumbnail hentry category-news-en\">\n<div class=\"fusion-post-wrapper\" style=\"background-color:rgba(255,255,255,0);\">\n\n\t\t\t<div class=\"fusion-flexslider flexslider fusion-flexslider-loading fusion-post-slideshow\" style=\"border-color:#ebeaea;\">\n\t\t<ul class=\"slides\">\n\t\t\t\n\t\t\t\t\t\t\t\t\t\t\t\t\t\t<li><div  class=\"fusion-image-wrapper\" aria-haspopup=\"true\">\n\t\t\t\t<img decoding=\"async\" width=\"600\" height=\"300\" src=\"https:\/\/frank-haase-design.de\/wp-content\/uploads\/2019\/04\/2019_Friedenskirche-Letmathe_Frank-Haase.jpg\" class=\"attachment-full size-full wp-post-image\" alt=\"\" srcset=\"https:\/\/frank-haase-design.de\/wp-content\/uploads\/2019\/04\/2019_Friedenskirche-Letmathe_Frank-Haase-200x100.jpg 200w, https:\/\/frank-haase-design.de\/wp-content\/uploads\/2019\/04\/2019_Friedenskirche-Letmathe_Frank-Haase-400x200.jpg 400w, https:\/\/frank-haase-design.de\/wp-content\/uploads\/2019\/04\/2019_Friedenskirche-Letmathe_Frank-Haase.jpg 600w\" sizes=\"(max-width: 800px) 100vw, 40vw\" \/><div class=\"fusion-rollover\">\n\t<div class=\"fusion-rollover-content\">\n\n\t\t\t\t\t\t\t\t\t\t\n\t\t\t\t\t\t\t\t\t\t\t\t\t\t\n\t\t\t\t\t\t\t\t\n\t\t\t\t\t\t\t\t\n\t\t\t\t\t\t\t\t\t\t\t\t\t\t\t\t\t\t<a class=\"fusion-rollover-gallery\" href=\"https:\/\/frank-haase-design.de\/wp-content\/uploads\/2019\/04\/2019_Friedenskirche-Letmathe_Frank-Haase.jpg\" data-id=\"2948\" data-rel=\"iLightbox[gallery]\" data-title=\"2019_Friedenskirche Letmathe_Frank Haase\" data-caption=\"\">\n\t\t\t\t\t\tGallery\t\t\t\t\t<\/a>\n\t\t\t\t\t\t\t\t\t\t\t\t\t\t\n\t\t\n\t\t\t\t\t\t\t\t\n\t\t\t\t\t\t\t\t\n\t\t\n\t\t\t\t\t\t<a class=\"fusion-link-wrapper\" href=\"https:\/\/frank-haase-design.de\/en\/fischrelief-in-der-friedenskirche-erweitert\/\" aria-label=\"Fish relief in the Friedenskirche extended\"><\/a>\n\t<\/div>\n<\/div>\n<\/div>\n<\/li>\n\t\t\t\n\t\t\t\n\t\t\t\t\t\t\t\t\t\t\t\t\t\t\t\t\t\t\t\t\t\t\t\t\t\t\t\t\t\t\t\t\t\t\t\t\t\t\t\t\t\t\t\t\t\t\t\t\t\t\t\t\t\t\t\t\t\t\t\t\t\t\t\t\t\t\t\t<\/ul>\n\t<\/div>\n\t<div class=\"fusion-post-content-wrapper\" style=\"padding:30px 25px 20px 25px;\"><div class=\"fusion-post-content post-content\"><div class=\"fusion-timeline-circle\" style=\"background-color:#ebeaea;\"><\/div><div class=\"fusion-timeline-arrow\" style=\"color:#ebeaea;\"><\/div><h2 class=\"blog-shortcode-post-title entry-title\">Fish relief in the Friedenskirche extended<\/h2><div class=\"fusion-post-content-container\"><div class=\"fusion-fullwidth fullwidth-box fusion-builder-row-1-55 nonhundred-percent-fullwidth non-hundred-percent-height-scrolling\" style=\"--awb-border-radius-top-left:0px;--awb-border-radius-top-right:0px;--awb-border-radius-bottom-right:0px;--awb-border-radius-bottom-left:0px;--awb-flex-wrap:wrap;\" ><div class=\"fusion-builder-row fusion-row\"><div class=\"fusion-layout-column fusion_builder_column fusion-builder-column-55 fusion_builder_column_1_1 1_1 fusion-one-full fusion-column-first fusion-column-last\" style=\"--awb-bg-size:cover;\"><div class=\"fusion-column-wrapper fusion-flex-column-wrapper-legacy\"><div class=\"fusion-text fusion-text-55\"><p>I was inserted further stones from the European Meeting of November 2018 into the &#8220;fish relief with peace stones&#8221; on the west wall of the Friedenskirche in Iserlohn-Letmathe. The second row is now formed by finds from Almelo (NL), Biel (CH), Chorz\u00f3w (PL), Glauchau (D), Hall (A), Novocherkassk (RU), Ny\u00edregyh\u00e1za (HU) and T\u00e2rgu Mure\u0219 (RO).<\/p>\n<\/div><div class=\"fusion-clearfix\"><\/div><\/div><\/div><\/div><\/div>\n<\/div><\/div><\/div><div class=\"fusion-clearfix\"><\/div><\/div>\n<\/article>\n<\/div><h3 class=\"fusion-timeline-date\" style=\"background-color:#ebeaea;\">March 2019<\/h3><div class=\"fusion-collapse-month\"><article id=\"blog-1-post-2950\" style=\"border-color:#ebeaea;\" class=\"fusion-post-timeline fusion-clearfix fusion-right-column post-2950 post type-post status-publish format-standard has-post-thumbnail hentry category-news-en tag-artist-en tag-frank-en tag-hemer-en\">\n<div class=\"fusion-post-wrapper\" style=\"background-color:rgba(255,255,255,0);\">\n\n\t\t\t<div class=\"fusion-flexslider flexslider fusion-flexslider-loading fusion-post-slideshow\" style=\"border-color:#ebeaea;\">\n\t\t<ul class=\"slides\">\n\t\t\t\n\t\t\t\t\t\t\t\t\t\t\t\t\t\t<li><div  class=\"fusion-image-wrapper\" aria-haspopup=\"true\">\n\t\t\t\t<img decoding=\"async\" width=\"600\" height=\"300\" src=\"https:\/\/frank-haase-design.de\/wp-content\/uploads\/2019\/03\/Artist-Hemer-Frank.jpg\" class=\"attachment-full size-full wp-post-image\" alt=\"\" srcset=\"https:\/\/frank-haase-design.de\/wp-content\/uploads\/2019\/03\/Artist-Hemer-Frank-200x100.jpg 200w, https:\/\/frank-haase-design.de\/wp-content\/uploads\/2019\/03\/Artist-Hemer-Frank-400x200.jpg 400w, https:\/\/frank-haase-design.de\/wp-content\/uploads\/2019\/03\/Artist-Hemer-Frank.jpg 600w\" sizes=\"(max-width: 800px) 100vw, 40vw\" \/><div class=\"fusion-rollover\">\n\t<div class=\"fusion-rollover-content\">\n\n\t\t\t\t\t\t\t\t\t\t\n\t\t\t\t\t\t\t\t\t\t\t\t\t\t\n\t\t\t\t\t\t\t\t\n\t\t\t\t\t\t\t\t\n\t\t\t\t\t\t\t\t\t\t\t\t\t\t\t\t\t\t<a class=\"fusion-rollover-gallery\" href=\"https:\/\/frank-haase-design.de\/wp-content\/uploads\/2019\/03\/Artist-Hemer-Frank.jpg\" data-id=\"2950\" data-rel=\"iLightbox[gallery]\" data-title=\"Artist Hemer Frank\" data-caption=\"\">\n\t\t\t\t\t\tGallery\t\t\t\t\t<\/a>\n\t\t\t\t\t\t\t\t\t\t\t\t\t\t\n\t\t\n\t\t\t\t\t\t\t\t\n\t\t\t\t\t\t\t\t\n\t\t\n\t\t\t\t\t\t<a class=\"fusion-link-wrapper\" href=\"https:\/\/frank-haase-design.de\/en\/neue-bilder-fuer-die-ausstellung-2020\/\" aria-label=\"New paintings for the exhibition 2020\"><\/a>\n\t<\/div>\n<\/div>\n<\/div>\n<\/li>\n\t\t\t\n\t\t\t\n\t\t\t\t\t\t\t\t\t\t\t\t\t\t\t\t\t\t\t\t\t\t\t\t\t\t\t\t\t\t\t\t\t\t\t\t\t\t\t\t\t\t\t\t\t\t\t\t\t\t\t\t\t\t\t\t\t\t\t\t\t\t\t\t\t\t\t\t<\/ul>\n\t<\/div>\n\t<div class=\"fusion-post-content-wrapper\" style=\"padding:30px 25px 20px 25px;\"><div class=\"fusion-post-content post-content\"><div class=\"fusion-timeline-circle\" style=\"background-color:#ebeaea;\"><\/div><div class=\"fusion-timeline-arrow\" style=\"color:#ebeaea;\"><\/div><h2 class=\"blog-shortcode-post-title entry-title\">New paintings for the exhibition 2020<\/h2><div class=\"fusion-post-content-container\"><div class=\"fusion-fullwidth fullwidth-box fusion-builder-row-1-56 nonhundred-percent-fullwidth non-hundred-percent-height-scrolling\" style=\"--awb-border-radius-top-left:0px;--awb-border-radius-top-right:0px;--awb-border-radius-bottom-right:0px;--awb-border-radius-bottom-left:0px;--awb-flex-wrap:wrap;\" ><div class=\"fusion-builder-row fusion-row\"><div class=\"fusion-layout-column fusion_builder_column fusion-builder-column-56 fusion_builder_column_1_1 1_1 fusion-one-full fusion-column-first fusion-column-last\" style=\"--awb-bg-size:cover;\"><div class=\"fusion-column-wrapper fusion-flex-column-wrapper-legacy\"><div class=\"fusion-text fusion-text-56\"><p>The first paintings for my portrait exhibition in the gallery of HAGENRING e. V. arise. A lot of new work is to be added by the opening on September 13, 2020.<\/p>\n<\/div><div class=\"fusion-clearfix\"><\/div><\/div><\/div><\/div><\/div>\n<\/div><\/div><\/div><div class=\"fusion-clearfix\"><\/div><\/div>\n<\/article>\n<article id=\"blog-1-post-2952\" style=\"border-color:#ebeaea;\" class=\"fusion-post-timeline fusion-clearfix fusion-left-column post-2952 post type-post status-publish format-standard has-post-thumbnail hentry category-news-en\">\n<div class=\"fusion-post-wrapper\" style=\"background-color:rgba(255,255,255,0);\">\n\n\t\t\t<div class=\"fusion-flexslider flexslider fusion-flexslider-loading fusion-post-slideshow\" style=\"border-color:#ebeaea;\">\n\t\t<ul class=\"slides\">\n\t\t\t\n\t\t\t\t\t\t\t\t\t\t\t\t\t\t<li><div  class=\"fusion-image-wrapper\" aria-haspopup=\"true\">\n\t\t\t\t<img decoding=\"async\" width=\"600\" height=\"300\" src=\"https:\/\/frank-haase-design.de\/wp-content\/uploads\/2019\/04\/2019_Mahnmal-Wasserburg_Frank-Haase.jpg\" class=\"attachment-full size-full wp-post-image\" alt=\"\" srcset=\"https:\/\/frank-haase-design.de\/wp-content\/uploads\/2019\/04\/2019_Mahnmal-Wasserburg_Frank-Haase-200x100.jpg 200w, https:\/\/frank-haase-design.de\/wp-content\/uploads\/2019\/04\/2019_Mahnmal-Wasserburg_Frank-Haase-400x200.jpg 400w, https:\/\/frank-haase-design.de\/wp-content\/uploads\/2019\/04\/2019_Mahnmal-Wasserburg_Frank-Haase.jpg 600w\" sizes=\"(max-width: 800px) 100vw, 40vw\" \/><div class=\"fusion-rollover\">\n\t<div class=\"fusion-rollover-content\">\n\n\t\t\t\t\t\t\t\t\t\t\n\t\t\t\t\t\t\t\t\t\t\t\t\t\t\n\t\t\t\t\t\t\t\t\n\t\t\t\t\t\t\t\t\n\t\t\t\t\t\t\t\t\t\t\t\t\t\t\t\t\t\t<a class=\"fusion-rollover-gallery\" href=\"https:\/\/frank-haase-design.de\/wp-content\/uploads\/2019\/04\/2019_Mahnmal-Wasserburg_Frank-Haase.jpg\" data-id=\"2952\" data-rel=\"iLightbox[gallery]\" data-title=\"Ganzseitiges Foto\" data-caption=\"\">\n\t\t\t\t\t\tGallery\t\t\t\t\t<\/a>\n\t\t\t\t\t\t\t\t\t\t\t\t\t\t\n\t\t\n\t\t\t\t\t\t\t\t\n\t\t\t\t\t\t\t\t\n\t\t\n\t\t\t\t\t\t<a class=\"fusion-link-wrapper\" href=\"https:\/\/frank-haase-design.de\/en\/platz-4-von-95\/\" aria-label=\"4th place out of 95\"><\/a>\n\t<\/div>\n<\/div>\n<\/div>\n<\/li>\n\t\t\t\n\t\t\t\n\t\t\t\t\t\t\t\t\t\t\t\t\t\t\t\t\t\t\t\t\t\t\t\t\t\t\t\t\t\t\t\t\t\t\t\t\t\t\t\t\t\t\t\t\t\t\t\t\t\t\t\t\t\t\t\t\t\t\t\t\t\t\t\t\t\t\t\t<\/ul>\n\t<\/div>\n\t<div class=\"fusion-post-content-wrapper\" style=\"padding:30px 25px 20px 25px;\"><div class=\"fusion-post-content post-content\"><div class=\"fusion-timeline-circle\" style=\"background-color:#ebeaea;\"><\/div><div class=\"fusion-timeline-arrow\" style=\"color:#ebeaea;\"><\/div><h2 class=\"blog-shortcode-post-title entry-title\">4th place out of 95<\/h2><div class=\"fusion-post-content-container\"><div class=\"fusion-fullwidth fullwidth-box fusion-builder-row-1-57 nonhundred-percent-fullwidth non-hundred-percent-height-scrolling\" style=\"--awb-border-radius-top-left:0px;--awb-border-radius-top-right:0px;--awb-border-radius-bottom-right:0px;--awb-border-radius-bottom-left:0px;--awb-flex-wrap:wrap;\" ><div class=\"fusion-builder-row fusion-row\"><div class=\"fusion-layout-column fusion_builder_column fusion-builder-column-57 fusion_builder_column_1_1 1_1 fusion-one-full fusion-column-first fusion-column-last\" style=\"--awb-bg-size:cover;\"><div class=\"fusion-column-wrapper fusion-flex-column-wrapper-legacy\"><div class=\"fusion-text fusion-text-57\"><p>In the design competition for a memorial for the \u2018Wasserburg victims\u2019 of National Socialism on Heisererplatz in Wasserburg am Inn, my design came in fourth out of 95 competition entries. The models of the five finalists from the two-stage competition will be presented to the citizens of Wasserburg in an exhibition. The first place went to Dagmar Korintenberg and Wolf Kipper from Stuttgart.<\/p>\n<\/div><div class=\"fusion-clearfix\"><\/div><\/div><\/div><\/div><\/div>\n<\/div><\/div><\/div><div class=\"fusion-clearfix\"><\/div><\/div>\n<\/article>\n<\/div><h3 class=\"fusion-timeline-date\" style=\"background-color:#ebeaea;\">February 2019<\/h3><div class=\"fusion-collapse-month\"><article id=\"blog-1-post-2954\" style=\"border-color:#ebeaea;\" class=\"fusion-post-timeline fusion-clearfix fusion-right-column post-2954 post type-post status-publish format-standard has-post-thumbnail hentry category-news-en\">\n<div class=\"fusion-post-wrapper\" style=\"background-color:rgba(255,255,255,0);\">\n\n\t\t\t<div class=\"fusion-flexslider flexslider fusion-flexslider-loading fusion-post-slideshow\" style=\"border-color:#ebeaea;\">\n\t\t<ul class=\"slides\">\n\t\t\t\n\t\t\t\t\t\t\t\t\t\t\t\t\t\t<li><div  class=\"fusion-image-wrapper\" aria-haspopup=\"true\">\n\t\t\t\t<img decoding=\"async\" width=\"600\" height=\"300\" src=\"https:\/\/frank-haase-design.de\/wp-content\/uploads\/2019\/03\/Genezareth-Kirche_Aachen.jpg\" class=\"attachment-full size-full wp-post-image\" alt=\"\" srcset=\"https:\/\/frank-haase-design.de\/wp-content\/uploads\/2019\/03\/Genezareth-Kirche_Aachen-200x100.jpg 200w, https:\/\/frank-haase-design.de\/wp-content\/uploads\/2019\/03\/Genezareth-Kirche_Aachen-400x200.jpg 400w, https:\/\/frank-haase-design.de\/wp-content\/uploads\/2019\/03\/Genezareth-Kirche_Aachen.jpg 600w\" sizes=\"(max-width: 800px) 100vw, 40vw\" \/><div class=\"fusion-rollover\">\n\t<div class=\"fusion-rollover-content\">\n\n\t\t\t\t\t\t\t\t\t\t\n\t\t\t\t\t\t\t\t\t\t\t\t\t\t\n\t\t\t\t\t\t\t\t\n\t\t\t\t\t\t\t\t\n\t\t\t\t\t\t\t\t\t\t\t\t\t\t\t\t\t\t<a class=\"fusion-rollover-gallery\" href=\"https:\/\/frank-haase-design.de\/wp-content\/uploads\/2019\/03\/Genezareth-Kirche_Aachen.jpg\" data-id=\"2954\" data-rel=\"iLightbox[gallery]\" data-title=\"Genezareth-Kirche_Aachen\" data-caption=\"\">\n\t\t\t\t\t\tGallery\t\t\t\t\t<\/a>\n\t\t\t\t\t\t\t\t\t\t\t\t\t\t\n\t\t\n\t\t\t\t\t\t\t\t\n\t\t\t\t\t\t\t\t\n\t\t\n\t\t\t\t\t\t<a class=\"fusion-link-wrapper\" href=\"https:\/\/frank-haase-design.de\/en\/auftrag-aus-aachen\/\" aria-label=\"Order from Aachen\"><\/a>\n\t<\/div>\n<\/div>\n<\/div>\n<\/li>\n\t\t\t\n\t\t\t\n\t\t\t\t\t\t\t\t\t\t\t\t\t\t\t\t\t\t\t\t\t\t\t\t\t\t\t\t\t\t\t\t\t\t\t\t\t\t\t\t\t\t\t\t\t\t\t\t\t\t\t\t\t\t\t\t\t\t\t\t\t\t\t\t\t\t\t\t<\/ul>\n\t<\/div>\n\t<div class=\"fusion-post-content-wrapper\" style=\"padding:30px 25px 20px 25px;\"><div class=\"fusion-post-content post-content\"><div class=\"fusion-timeline-circle\" style=\"background-color:#ebeaea;\"><\/div><div class=\"fusion-timeline-arrow\" style=\"color:#ebeaea;\"><\/div><h2 class=\"blog-shortcode-post-title entry-title\">Order from Aachen<\/h2><div class=\"fusion-post-content-container\"><div class=\"fusion-fullwidth fullwidth-box fusion-builder-row-1-58 nonhundred-percent-fullwidth non-hundred-percent-height-scrolling\" style=\"--awb-border-radius-top-left:0px;--awb-border-radius-top-right:0px;--awb-border-radius-bottom-right:0px;--awb-border-radius-bottom-left:0px;--awb-flex-wrap:wrap;\" ><div class=\"fusion-builder-row fusion-row\"><div class=\"fusion-layout-column fusion_builder_column fusion-builder-column-58 fusion_builder_column_1_1 1_1 fusion-one-full fusion-column-first fusion-column-last\" style=\"--awb-bg-size:cover;\"><div class=\"fusion-column-wrapper fusion-flex-column-wrapper-legacy\"><div class=\"fusion-text fusion-text-58\"><p>I am happy to design and manufacture a globe candlestick for the Genezareth-Kirche in Aachen. The outstanding ensemble of sacred buildings and community rooms was completed and inaugurated in 2018.<\/p>\n<\/div><div class=\"fusion-clearfix\"><\/div><\/div><\/div><\/div><\/div>\n<\/div><\/div><\/div><div class=\"fusion-clearfix\"><\/div><\/div>\n<\/article>\n<\/div><\/div><\/div><\/div><div class=\"fusion-clearfix\"><\/div><\/div><\/div><\/div><\/div>\n","protected":false},"excerpt":{"rendered":"","protected":false},"author":2,"featured_media":0,"parent":0,"menu_order":0,"comment_status":"closed","ping_status":"closed","template":"","meta":{"footnotes":""},"class_list":["post-425","page","type-page","status-publish","hentry"],"yoast_head":"<!-- This site is optimized with the Yoast SEO plugin v24.3 - https:\/\/yoast.com\/wordpress\/plugins\/seo\/ -->\n<title>News - Frank Haase Design<\/title>\n<meta name=\"robots\" content=\"index, follow, max-snippet:-1, max-image-preview:large, max-video-preview:-1\" \/>\n<link rel=\"canonical\" href=\"https:\/\/frank-haase-design.de\/en\/news\/\" \/>\n<meta property=\"og:locale\" content=\"en_US\" \/>\n<meta property=\"og:type\" content=\"article\" \/>\n<meta property=\"og:title\" content=\"News - Frank Haase Design\" \/>\n<meta property=\"og:url\" content=\"https:\/\/frank-haase-design.de\/en\/news\/\" \/>\n<meta property=\"og:site_name\" content=\"Frank Haase Design\" \/>\n<meta property=\"article:modified_time\" content=\"2020-04-08T07:25:59+00:00\" \/>\n<meta name=\"twitter:card\" content=\"summary_large_image\" \/>\n<meta name=\"twitter:label1\" content=\"Est. reading time\" \/>\n\t<meta name=\"twitter:data1\" content=\"1 minute\" \/>\n<script type=\"application\/ld+json\" class=\"yoast-schema-graph\">{\"@context\":\"https:\/\/schema.org\",\"@graph\":[{\"@type\":\"WebPage\",\"@id\":\"https:\/\/frank-haase-design.de\/en\/news\/\",\"url\":\"https:\/\/frank-haase-design.de\/en\/news\/\",\"name\":\"News - Frank Haase Design\",\"isPartOf\":{\"@id\":\"https:\/\/frank-haase-design.de\/#website\"},\"datePublished\":\"2015-09-10T17:01:40+00:00\",\"dateModified\":\"2020-04-08T07:25:59+00:00\",\"breadcrumb\":{\"@id\":\"https:\/\/frank-haase-design.de\/en\/news\/#breadcrumb\"},\"inLanguage\":\"en-US\",\"potentialAction\":[{\"@type\":\"ReadAction\",\"target\":[\"https:\/\/frank-haase-design.de\/en\/news\/\"]}]},{\"@type\":\"BreadcrumbList\",\"@id\":\"https:\/\/frank-haase-design.de\/en\/news\/#breadcrumb\",\"itemListElement\":[{\"@type\":\"ListItem\",\"position\":1,\"name\":\"Home\",\"item\":\"https:\/\/frank-haase-design.de\/en\/\"},{\"@type\":\"ListItem\",\"position\":2,\"name\":\"News\"}]},{\"@type\":\"WebSite\",\"@id\":\"https:\/\/frank-haase-design.de\/#website\",\"url\":\"https:\/\/frank-haase-design.de\/\",\"name\":\"Frank Haase Design\",\"description\":\"\",\"potentialAction\":[{\"@type\":\"SearchAction\",\"target\":{\"@type\":\"EntryPoint\",\"urlTemplate\":\"https:\/\/frank-haase-design.de\/?s={search_term_string}\"},\"query-input\":{\"@type\":\"PropertyValueSpecification\",\"valueRequired\":true,\"valueName\":\"search_term_string\"}}],\"inLanguage\":\"en-US\"}]}<\/script>\n<!-- \/ Yoast SEO plugin. -->","yoast_head_json":{"title":"News - Frank Haase Design","robots":{"index":"index","follow":"follow","max-snippet":"max-snippet:-1","max-image-preview":"max-image-preview:large","max-video-preview":"max-video-preview:-1"},"canonical":"https:\/\/frank-haase-design.de\/en\/news\/","og_locale":"en_US","og_type":"article","og_title":"News - Frank Haase Design","og_url":"https:\/\/frank-haase-design.de\/en\/news\/","og_site_name":"Frank Haase Design","article_modified_time":"2020-04-08T07:25:59+00:00","twitter_card":"summary_large_image","twitter_misc":{"Est. reading time":"1 minute"},"schema":{"@context":"https:\/\/schema.org","@graph":[{"@type":"WebPage","@id":"https:\/\/frank-haase-design.de\/en\/news\/","url":"https:\/\/frank-haase-design.de\/en\/news\/","name":"News - Frank Haase Design","isPartOf":{"@id":"https:\/\/frank-haase-design.de\/#website"},"datePublished":"2015-09-10T17:01:40+00:00","dateModified":"2020-04-08T07:25:59+00:00","breadcrumb":{"@id":"https:\/\/frank-haase-design.de\/en\/news\/#breadcrumb"},"inLanguage":"en-US","potentialAction":[{"@type":"ReadAction","target":["https:\/\/frank-haase-design.de\/en\/news\/"]}]},{"@type":"BreadcrumbList","@id":"https:\/\/frank-haase-design.de\/en\/news\/#breadcrumb","itemListElement":[{"@type":"ListItem","position":1,"name":"Home","item":"https:\/\/frank-haase-design.de\/en\/"},{"@type":"ListItem","position":2,"name":"News"}]},{"@type":"WebSite","@id":"https:\/\/frank-haase-design.de\/#website","url":"https:\/\/frank-haase-design.de\/","name":"Frank Haase Design","description":"","potentialAction":[{"@type":"SearchAction","target":{"@type":"EntryPoint","urlTemplate":"https:\/\/frank-haase-design.de\/?s={search_term_string}"},"query-input":{"@type":"PropertyValueSpecification","valueRequired":true,"valueName":"search_term_string"}}],"inLanguage":"en-US"}]}},"_links":{"self":[{"href":"https:\/\/frank-haase-design.de\/en\/wp-json\/wp\/v2\/pages\/425","targetHints":{"allow":["GET"]}}],"collection":[{"href":"https:\/\/frank-haase-design.de\/en\/wp-json\/wp\/v2\/pages"}],"about":[{"href":"https:\/\/frank-haase-design.de\/en\/wp-json\/wp\/v2\/types\/page"}],"author":[{"embeddable":true,"href":"https:\/\/frank-haase-design.de\/en\/wp-json\/wp\/v2\/users\/2"}],"replies":[{"embeddable":true,"href":"https:\/\/frank-haase-design.de\/en\/wp-json\/wp\/v2\/comments?post=425"}],"version-history":[{"count":3,"href":"https:\/\/frank-haase-design.de\/en\/wp-json\/wp\/v2\/pages\/425\/revisions"}],"predecessor-version":[{"id":2435,"href":"https:\/\/frank-haase-design.de\/en\/wp-json\/wp\/v2\/pages\/425\/revisions\/2435"}],"wp:attachment":[{"href":"https:\/\/frank-haase-design.de\/en\/wp-json\/wp\/v2\/media?parent=425"}],"curies":[{"name":"wp","href":"https:\/\/api.w.org\/{rel}","templated":true}]}}